{"id":287,"date":"2021-11-12T11:52:02","date_gmt":"2021-11-12T10:52:02","guid":{"rendered":"https:\/\/www.obudainyar.hu\/2022\/?page_id=287"},"modified":"2022-06-20T18:30:11","modified_gmt":"2022-06-20T16:30:11","slug":"mainpage","status":"publish","type":"page","link":"https:\/\/www.obudainyar.hu\/2022\/","title":{"rendered":"Kezd\u0151lap"},"content":{"rendered":"\t\t<div data-elementor-type=\"wp-page\" data-elementor-id=\"287\" class=\"elementor elementor-287\" data-elementor-settings=\"[]\">\n\t\t\t\t\t\t<div class=\"elementor-inner\">\n\t\t\t\t\t\t\t<div class=\"elementor-section-wrap\">\n\t\t\t\t\t\t\t<section class=\"elementor-section elementor-top-section elementor-element elementor-element-f295001 elementor-section-boxed elementor-section-height-default elementor-section-height-default\" data-id=\"f295001\" data-element_type=\"section\" id=\"useBG\" data-settings=\"{&quot;background_background&quot;:&quot;gradient&quot;}\">\n\t\t\t\t\t\t<div class=\"elementor-container elementor-column-gap-default\">\n\t\t\t\t\t\t\t<div class=\"elementor-row\">\n\t\t\t\t\t<div class=\"elementor-column elementor-col-50 elementor-top-column elementor-element elementor-element-0c2368a\" data-id=\"0c2368a\" data-element_type=\"column\">\n\t\t\t<div class=\"elementor-column-wrap elementor-element-populated\">\n\t\t\t\t\t\t\t<div class=\"elementor-widget-wrap\">\n\t\t\t\t\t\t<div class=\"elementor-element elementor-element-77d609f elementor-widget elementor-widget-image\" data-id=\"77d609f\" data-element_type=\"widget\" data-widget_type=\"image.default\">\n\t\t\t\t<div class=\"elementor-widget-container\">\n\t\t\t\t\t\t\t\t<div class=\"elementor-image\">\n\t\t\t\t\t\t\t\t\t\t\t\t<img decoding=\"async\" width=\"800\" height=\"800\" src=\"https:\/\/www.obudainyar.hu\/2022\/wp-content\/uploads\/2022\/05\/obudai_nyar_2022-1024x1024.png\" class=\"attachment-large size-large\" alt=\"\" loading=\"lazy\" srcset=\"https:\/\/www.obudainyar.hu\/2022\/wp-content\/uploads\/2022\/05\/obudai_nyar_2022-1024x1024.png 1024w, https:\/\/www.obudainyar.hu\/2022\/wp-content\/uploads\/2022\/05\/obudai_nyar_2022-300x300.png 300w, https:\/\/www.obudainyar.hu\/2022\/wp-content\/uploads\/2022\/05\/obudai_nyar_2022-150x150.png 150w, https:\/\/www.obudainyar.hu\/2022\/wp-content\/uploads\/2022\/05\/obudai_nyar_2022-768x767.png 768w, https:\/\/www.obudainyar.hu\/2022\/wp-content\/uploads\/2022\/05\/obudai_nyar_2022.png 1072w\" sizes=\"(max-width: 800px) 100vw, 800px\" \/>\t\t\t\t\t\t\t\t\t\t\t\t\t\t<\/div>\n\t\t\t\t\t\t<\/div>\n\t\t\t\t<\/div>\n\t\t\t\t\t\t<\/div>\n\t\t\t\t\t<\/div>\n\t\t<\/div>\n\t\t\t\t<div class=\"elementor-column elementor-col-50 elementor-top-column elementor-element elementor-element-138b087\" data-id=\"138b087\" data-element_type=\"column\">\n\t\t\t<div class=\"elementor-column-wrap elementor-element-populated\">\n\t\t\t\t\t\t\t<div class=\"elementor-widget-wrap\">\n\t\t\t\t\t\t<div class=\"elementor-element elementor-element-ee77fc6 elementor-widget elementor-widget-heading\" data-id=\"ee77fc6\" data-element_type=\"widget\" data-widget_type=\"heading.default\">\n\t\t\t\t<div class=\"elementor-widget-container\">\n\t\t\t<h2 class=\"elementor-heading-title elementor-size-default\">Ny\u00e1r van \u00e9s semmi baj<\/h2>\t\t<\/div>\n\t\t\t\t<\/div>\n\t\t\t\t<div class=\"elementor-element elementor-element-eca43f5 elementor-widget elementor-widget-text-editor\" data-id=\"eca43f5\" data-element_type=\"widget\" data-widget_type=\"text-editor.default\">\n\t\t\t\t<div class=\"elementor-widget-container\">\n\t\t\t\t\t\t\t\t<div class=\"elementor-text-editor elementor-clearfix\">\n\t\t\t\t<p><strong>Tartsanak vel\u00fcnk az \u00d3budai Ny\u00e1r 2022 programjain<\/strong><\/p><p>A t\u00f6bb, mint k\u00e9t h\u00f3napos rendezv\u00e9nysorozat j\u00fanius 24-\u00e9vel veszi kezdet\u00e9t, \u00e9s eg\u00e9szen augusztus v\u00e9g\u00e9ig sz\u00ednes, izgalmas programokkal, koncertekkel, s\u00f6rfesztiv\u00e1llal, \u00e9s hangulatos Piknik Mozi el\u0151ad\u00e1sokkal kedvesked\u00fcnk \u00d6n\u00f6knek. Ism\u00e9t lesz ingyenes Lupa nap \u00e9s \u00fajra nyit a R\u00f3mai-parti Pl\u00e1zs is! \u00c9rdemes az \u00f3budai kultur\u00e1lis int\u00e9zm\u00e9nyek programjai k\u00f6z\u00f6tt is sz\u00e9tn\u00e9zni, hiszen a m\u00e1r megszokott, sz\u00ednvonalas programokkal v\u00e1rj\u00e1k \u00d6n\u00f6ket.<\/p><p>T\u00f6lts\u00fck egy\u00fctt a nyarat &#8211; tartsanak vel\u00fcnk min\u00e9l t\u00f6bben, v\u00e1rjuk \u00d6n\u00f6ket szeretettel!<\/p>\t\t\t\t\t<\/div>\n\t\t\t\t\t\t<\/div>\n\t\t\t\t<\/div>\n\t\t\t\t<div class=\"elementor-element elementor-element-6c4c790 elementor-align-left elementor-mobile-align-center elementor-widget elementor-widget-button\" data-id=\"6c4c790\" data-element_type=\"widget\" data-widget_type=\"button.default\">\n\t\t\t\t<div class=\"elementor-widget-container\">\n\t\t\t\t\t<div class=\"elementor-button-wrapper\">\n\t\t\t<a href=\"https:\/\/www.obudainyar.hu\/2022\/programok\/\" class=\"elementor-button-link elementor-button elementor-size-lg\" role=\"button\">\n\t\t\t\t\t\t<span class=\"elementor-button-content-wrapper\">\n\t\t\t\t\t\t<span class=\"elementor-button-text\">Programok<\/span>\n\t\t<\/span>\n\t\t\t\t\t<\/a>\n\t\t<\/div>\n\t\t\t\t<\/div>\n\t\t\t\t<\/div>\n\t\t\t\t\t\t<\/div>\n\t\t\t\t\t<\/div>\n\t\t<\/div>\n\t\t\t\t\t\t\t\t<\/div>\n\t\t\t\t\t<\/div>\n\t\t<\/section>\n\t\t\t\t<section class=\"elementor-section elementor-top-section elementor-element elementor-element-fad1d3c elementor-section-boxed elementor-section-height-default elementor-section-height-default\" data-id=\"fad1d3c\" data-element_type=\"section\" id=\"useBG\" data-settings=\"{&quot;background_background&quot;:&quot;classic&quot;}\">\n\t\t\t\t\t\t\t<div class=\"elementor-background-overlay\"><\/div>\n\t\t\t\t\t\t\t<div class=\"elementor-container elementor-column-gap-default\">\n\t\t\t\t\t\t\t<div class=\"elementor-row\">\n\t\t\t\t\t<div class=\"elementor-column elementor-col-100 elementor-top-column elementor-element elementor-element-f2dc282\" data-id=\"f2dc282\" data-element_type=\"column\">\n\t\t\t<div class=\"elementor-column-wrap elementor-element-populated\">\n\t\t\t\t\t\t\t<div class=\"elementor-widget-wrap\">\n\t\t\t\t\t\t<div class=\"elementor-element elementor-element-1974fcb elementor-widget elementor-widget-heading\" data-id=\"1974fcb\" data-element_type=\"widget\" data-widget_type=\"heading.default\">\n\t\t\t\t<div class=\"elementor-widget-container\">\n\t\t\t<h2 class=\"elementor-heading-title elementor-size-default\">H\u00edrek<\/h2>\t\t<\/div>\n\t\t\t\t<\/div>\n\t\t\t\t<div class=\"elementor-element elementor-element-09b7869 elementor-grid-3 elementor-grid-tablet-2 elementor-grid-mobile-1 elementor-posts--thumbnail-top elementor-posts__hover-gradient elementor-widget elementor-widget-posts\" data-id=\"09b7869\" data-element_type=\"widget\" data-settings=\"{&quot;cards_columns&quot;:&quot;3&quot;,&quot;cards_columns_tablet&quot;:&quot;2&quot;,&quot;cards_columns_mobile&quot;:&quot;1&quot;,&quot;cards_row_gap&quot;:{&quot;unit&quot;:&quot;px&quot;,&quot;size&quot;:35,&quot;sizes&quot;:[]},&quot;cards_row_gap_tablet&quot;:{&quot;unit&quot;:&quot;px&quot;,&quot;size&quot;:&quot;&quot;,&quot;sizes&quot;:[]},&quot;cards_row_gap_mobile&quot;:{&quot;unit&quot;:&quot;px&quot;,&quot;size&quot;:&quot;&quot;,&quot;sizes&quot;:[]}}\" data-widget_type=\"posts.cards\">\n\t\t\t\t<div class=\"elementor-widget-container\">\n\t\t\t\t\t<div class=\"elementor-posts-container elementor-posts elementor-posts--skin-cards elementor-grid\">\n\t\t\t\t<article class=\"elementor-post elementor-grid-item post-3382 post type-post status-publish format-standard has-post-thumbnail hentry category-obudai-nyar-hirek-2022 tag-csillaghegy tag-csillaghegy-tortaja tag-csillaghegyi-utcabal tag-egyboglya tag-icecream-supersession tag-irigy-honaljmirigy tag-obudai-nyar-2022\">\n\t\t\t<div class=\"elementor-post__card\">\n\t\t\t\t<a class=\"elementor-post__thumbnail__link\" href=\"https:\/\/www.obudainyar.hu\/2022\/mit-nekunk-a-huvos-ido-szombaton-minden-felhot-elzavart-a-jokedv-csillaghegyen\/\" ><div class=\"elementor-post__thumbnail\"><img width=\"768\" height=\"512\" src=\"https:\/\/www.obudainyar.hu\/2022\/wp-content\/uploads\/2022\/09\/IMG_0472-768x512.jpg\" class=\"attachment-medium_large size-medium_large\" alt=\"\" decoding=\"async\" loading=\"lazy\" srcset=\"https:\/\/www.obudainyar.hu\/2022\/wp-content\/uploads\/2022\/09\/IMG_0472-768x512.jpg 768w, https:\/\/www.obudainyar.hu\/2022\/wp-content\/uploads\/2022\/09\/IMG_0472-300x200.jpg 300w, https:\/\/www.obudainyar.hu\/2022\/wp-content\/uploads\/2022\/09\/IMG_0472-1024x683.jpg 1024w, https:\/\/www.obudainyar.hu\/2022\/wp-content\/uploads\/2022\/09\/IMG_0472-1536x1024.jpg 1536w, https:\/\/www.obudainyar.hu\/2022\/wp-content\/uploads\/2022\/09\/IMG_0472-2048x1365.jpg 2048w\" sizes=\"(max-width: 768px) 100vw, 768px\" \/><\/div><\/a>\n\t\t\t\t<div class=\"elementor-post__text\">\n\t\t\t\t<h3 class=\"elementor-post__title\">\n\t\t\t<a href=\"https:\/\/www.obudainyar.hu\/2022\/mit-nekunk-a-huvos-ido-szombaton-minden-felhot-elzavart-a-jokedv-csillaghegyen\/\" >\n\t\t\t\tCsillaghegy a mi kis falunk &#8211; Nagyszer\u0171 hangulat, szuper buli a Csillaghegyi utcab\u00e1lon\t\t\t<\/a>\n\t\t<\/h3>\n\t\t\t\t<div class=\"elementor-post__excerpt\">\n\t\t\t<p>A kiss\u00e9 h\u0171v\u00f6s id\u0151j\u00e1r\u00e1s szerencs\u00e9re nem t\u00e1ntor\u00edtotta el a Csillaghegyieket \u00e9s a Csillaghegyi utcab\u00e1lra \u00e9rkez\u0151 vend\u00e9geiket. Az eg\u00e9sz napos gazdag programk\u00edn\u00e1lat, a kitelep\u00fcl\u0151 \u00e1rusok,a sok-sok finoms\u00e1g \u00e9s persze a csod\u00e1s koncertek is garant\u00e1lt\u00e1k, hogy mindenki remek\u00fcl \u00e9rezze mag\u00e1t. Fogadj\u00e1k szeretettel k\u00e9pes besz\u00e1mol\u00f3nkat az esem\u00e9nyr\u0151l. <\/p>\n\t\t<\/div>\n\t\t\t\t<\/div>\n\t\t\t\t\t<\/div>\n\t\t<\/article>\n\t\t\t\t<article class=\"elementor-post elementor-grid-item post-3337 post type-post status-publish format-standard has-post-thumbnail hentry category-obudai-nyar-hirek-2022 tag-bon-bon tag-hekas-bekas-csaladi-nap tag-kiraly-viktor tag-obudai-nyar-2022 tag-tnt tag-tolvai-reni\">\n\t\t\t<div class=\"elementor-post__card\">\n\t\t\t\t<a class=\"elementor-post__thumbnail__link\" href=\"https:\/\/www.obudainyar.hu\/2022\/fantasztikus-bulival-zartuk-az-augusztust-ilyen-volt-a-hekas-bekas-csaladi-nap\/\" ><div class=\"elementor-post__thumbnail\"><img width=\"768\" height=\"512\" src=\"https:\/\/www.obudainyar.hu\/2022\/wp-content\/uploads\/2022\/08\/tnttomeg1-768x512.jpg\" class=\"attachment-medium_large size-medium_large\" alt=\"\" decoding=\"async\" loading=\"lazy\" srcset=\"https:\/\/www.obudainyar.hu\/2022\/wp-content\/uploads\/2022\/08\/tnttomeg1-768x512.jpg 768w, https:\/\/www.obudainyar.hu\/2022\/wp-content\/uploads\/2022\/08\/tnttomeg1-300x200.jpg 300w, https:\/\/www.obudainyar.hu\/2022\/wp-content\/uploads\/2022\/08\/tnttomeg1-1024x682.jpg 1024w, https:\/\/www.obudainyar.hu\/2022\/wp-content\/uploads\/2022\/08\/tnttomeg1-1536x1024.jpg 1536w, https:\/\/www.obudainyar.hu\/2022\/wp-content\/uploads\/2022\/08\/tnttomeg1-2048x1365.jpg 2048w\" sizes=\"(max-width: 768px) 100vw, 768px\" \/><\/div><\/a>\n\t\t\t\t<div class=\"elementor-post__text\">\n\t\t\t\t<h3 class=\"elementor-post__title\">\n\t\t\t<a href=\"https:\/\/www.obudainyar.hu\/2022\/fantasztikus-bulival-zartuk-az-augusztust-ilyen-volt-a-hekas-bekas-csaladi-nap\/\" >\n\t\t\t\tFantasztikus bulival z\u00e1rtuk az augusztust \u2013 Ilyen volt a H\u00e9k\u00e1s B\u00e9k\u00e1s Csal\u00e1di Nap\t\t\t<\/a>\n\t\t<\/h3>\n\t\t\t\t<div class=\"elementor-post__excerpt\">\n\t\t\t<p>Augusztus 27-\u00e9n megtelt a Csob\u00e1nka t\u00e9r, a H\u00e9k\u00e1s B\u00e9k\u00e1s Csal\u00e1di Nap programjai ezreket vonzottak, hogy egy remek szombati napot t\u00f6lts\u00fcnk el egy\u00fctt. <\/p>\n\t\t<\/div>\n\t\t\t\t<\/div>\n\t\t\t\t\t<\/div>\n\t\t<\/article>\n\t\t\t\t<article class=\"elementor-post elementor-grid-item post-3322 post type-post status-publish format-standard has-post-thumbnail hentry category-obudai-nyar-hirek-2022 tag-csillaghegy tag-csillaghegyi-utcabal tag-harsanyi-levente tag-icecream tag-irigy-honaljmirigy tag-nemcsak-berry tag-obudai-nyar-2022 tag-weisz-viktor\">\n\t\t\t<div class=\"elementor-post__card\">\n\t\t\t\t<a class=\"elementor-post__thumbnail__link\" href=\"https:\/\/www.obudainyar.hu\/2022\/meg-nincs-vege-a-nyarnak-jon-a-csillaghegyi-utcabal\/\" ><div class=\"elementor-post__thumbnail\"><img width=\"768\" height=\"540\" src=\"https:\/\/www.obudainyar.hu\/2022\/wp-content\/uploads\/2022\/08\/csillaghegy-768x540.png\" class=\"attachment-medium_large size-medium_large\" alt=\"\" decoding=\"async\" loading=\"lazy\" srcset=\"https:\/\/www.obudainyar.hu\/2022\/wp-content\/uploads\/2022\/08\/csillaghegy-768x540.png 768w, https:\/\/www.obudainyar.hu\/2022\/wp-content\/uploads\/2022\/08\/csillaghegy-300x211.png 300w, https:\/\/www.obudainyar.hu\/2022\/wp-content\/uploads\/2022\/08\/csillaghegy-1024x721.png 1024w, https:\/\/www.obudainyar.hu\/2022\/wp-content\/uploads\/2022\/08\/csillaghegy.png 1063w\" sizes=\"(max-width: 768px) 100vw, 768px\" \/><\/div><\/a>\n\t\t\t\t<div class=\"elementor-post__text\">\n\t\t\t\t<h3 class=\"elementor-post__title\">\n\t\t\t<a href=\"https:\/\/www.obudainyar.hu\/2022\/meg-nincs-vege-a-nyarnak-jon-a-csillaghegyi-utcabal\/\" >\n\t\t\t\tM\u00e9g nincs v\u00e9ge a ny\u00e1rnak &#8211; J\u00f6n a Csillaghegyi utcab\u00e1l!\t\t\t<\/a>\n\t\t<\/h3>\n\t\t\t\t<div class=\"elementor-post__excerpt\">\n\t\t\t<p>A csillag\u00e1szati ny\u00e1r szeptember 23-\u00e1ig tart, ez\u00e9t \u00fagy gondoltuk mi\u00e9rt is ne tolhatn\u00e1nk ki az \u00d3budai Ny\u00e1r rendezv\u00e9nyeit szeptember k\u00f6zep\u00e9ig. Ez\u00fattal Csillaghegyen k\u00e9sz\u00fcl\u00fcnk szuper programmal, v\u00e1s\u00e1rral, l\u00e1tv\u00e1nyoss\u00e1gokkal \u00e9s term\u00e9szetesen koncertekkel. M\u00e1r most jegyezz\u00e9k fel: szeptember 17., szombat 10.00 \u00e9s 21.00 \u00f3ra k\u00f6z\u00f6tt, Csillaghegyi utcab\u00e1l a M\u00e1ty\u00e1s kir\u00e1ly \u00faton. <\/p>\n\t\t<\/div>\n\t\t\t\t<\/div>\n\t\t\t\t\t<\/div>\n\t\t<\/article>\n\t\t\t\t<article class=\"elementor-post elementor-grid-item post-3312 post type-post status-publish format-standard has-post-thumbnail hentry category-obudai-nyar-hirek-2022 tag-hekas-bekas tag-hekas-bekas-csaladi-nap tag-kiraly-viktor tag-koncert tag-obudai-nyar-2022\">\n\t\t\t<div class=\"elementor-post__card\">\n\t\t\t\t<a class=\"elementor-post__thumbnail__link\" href=\"https:\/\/www.obudainyar.hu\/2022\/uj-program-a-hekas-bekason-kiraly-viktor-koncert\/\" ><div class=\"elementor-post__thumbnail\"><img width=\"768\" height=\"432\" src=\"https:\/\/www.obudainyar.hu\/2022\/wp-content\/uploads\/2022\/08\/kiraly_viktor_hero-01-768x432.png\" class=\"attachment-medium_large size-medium_large\" alt=\"\" decoding=\"async\" loading=\"lazy\" srcset=\"https:\/\/www.obudainyar.hu\/2022\/wp-content\/uploads\/2022\/08\/kiraly_viktor_hero-01-768x432.png 768w, https:\/\/www.obudainyar.hu\/2022\/wp-content\/uploads\/2022\/08\/kiraly_viktor_hero-01-300x169.png 300w, https:\/\/www.obudainyar.hu\/2022\/wp-content\/uploads\/2022\/08\/kiraly_viktor_hero-01-1024x576.png 1024w, https:\/\/www.obudainyar.hu\/2022\/wp-content\/uploads\/2022\/08\/kiraly_viktor_hero-01-1536x864.png 1536w, https:\/\/www.obudainyar.hu\/2022\/wp-content\/uploads\/2022\/08\/kiraly_viktor_hero-01-2048x1152.png 2048w\" sizes=\"(max-width: 768px) 100vw, 768px\" \/><\/div><\/a>\n\t\t\t\t<div class=\"elementor-post__text\">\n\t\t\t\t<h3 class=\"elementor-post__title\">\n\t\t\t<a href=\"https:\/\/www.obudainyar.hu\/2022\/uj-program-a-hekas-bekason-kiraly-viktor-koncert\/\" >\n\t\t\t\t\u00daj program a H\u00e9k\u00e1s B\u00e9k\u00e1son &#8211; Kir\u00e1ly Viktor koncert\t\t\t<\/a>\n\t\t<\/h3>\n\t\t\t\t<div class=\"elementor-post__excerpt\">\n\t\t\t<p>A Bon Bon Zenekar, Tolvai Reni \u00e9s a TNT mellett \u00fajabb szuper fell\u00e9p\u0151vel b\u0151v\u00fclt a H\u00e9k\u00e1s B\u00e9k\u00e1s Csal\u00e1di Nap koncertpalett\u00e1ja, hiszen 17 \u00f3rakor Kir\u00e1ly Viktor nagyszer\u0171 el\u0151ad\u00e1s\u00e1t \u00e9lvezhetik a Csob\u00e1nka t\u00e9rre l\u00e1togat\u00f3k.<\/p>\n\t\t<\/div>\n\t\t\t\t<\/div>\n\t\t\t\t\t<\/div>\n\t\t<\/article>\n\t\t\t\t<article class=\"elementor-post elementor-grid-item post-3295 post type-post status-publish format-standard has-post-thumbnail hentry category-obudai-nyar-hirek-2022 tag-berka-egyuttes tag-erdofu-nepi-kamarazenekar tag-kincso-neptancegyuttes tag-mosoczi-istvan tag-obudai-nyar-2022\">\n\t\t\t<div class=\"elementor-post__card\">\n\t\t\t\t<a class=\"elementor-post__thumbnail__link\" href=\"https:\/\/www.obudainyar.hu\/2022\/tancbemutato-es-tanchaz-a-kincso-neptancegyuttes-musoran\/\" ><div class=\"elementor-post__thumbnail\"><img width=\"768\" height=\"512\" src=\"https:\/\/www.obudainyar.hu\/2022\/wp-content\/uploads\/2022\/08\/20220508-2O4A1991-1-768x512.jpg\" class=\"attachment-medium_large size-medium_large\" alt=\"\" decoding=\"async\" loading=\"lazy\" srcset=\"https:\/\/www.obudainyar.hu\/2022\/wp-content\/uploads\/2022\/08\/20220508-2O4A1991-1-768x512.jpg 768w, https:\/\/www.obudainyar.hu\/2022\/wp-content\/uploads\/2022\/08\/20220508-2O4A1991-1-300x200.jpg 300w, https:\/\/www.obudainyar.hu\/2022\/wp-content\/uploads\/2022\/08\/20220508-2O4A1991-1-1024x683.jpg 1024w, https:\/\/www.obudainyar.hu\/2022\/wp-content\/uploads\/2022\/08\/20220508-2O4A1991-1-1536x1024.jpg 1536w, https:\/\/www.obudainyar.hu\/2022\/wp-content\/uploads\/2022\/08\/20220508-2O4A1991-1.jpg 1800w\" sizes=\"(max-width: 768px) 100vw, 768px\" \/><\/div><\/a>\n\t\t\t\t<div class=\"elementor-post__text\">\n\t\t\t\t<h3 class=\"elementor-post__title\">\n\t\t\t<a href=\"https:\/\/www.obudainyar.hu\/2022\/tancbemutato-es-tanchaz-a-kincso-neptancegyuttes-musoran\/\" >\n\t\t\t\tT\u00e1ncbemutat\u00f3 \u00e9s t\u00e1nch\u00e1z a Kincs\u0151 N\u00e9pt\u00e1ncegy\u00fcttes m\u0171sor\u00e1n\t\t\t<\/a>\n\t\t<\/h3>\n\t\t\t\t<div class=\"elementor-post__excerpt\">\n\t\t\t<p>R\u00e9gi igazs\u00e1g, hogy a j\u00f3 zene \u00e9s a t\u00e1nc meg\u00faj\u00edtj\u00e1k a testet \u00e9s a lelket. A b\u00e9k\u00e1smegyeri Kincs\u0151 N\u00e9pt\u00e1ncegy\u00fcttes Szabad p\u00e9ntek, szabad szombat t\u00e1nch\u00e1zsorozat\u00e1nak keretein bel\u00fcl fergeteges n\u00e9pzenei koncerteket l\u00e1thatnak, hallgathatnak \u00e9s ami a legjobb: a remek zen\u00e9re egy\u00fctt is t\u00e1ncolhatnak. <\/p>\n\t\t<\/div>\n\t\t\t\t<\/div>\n\t\t\t\t\t<\/div>\n\t\t<\/article>\n\t\t\t\t<article class=\"elementor-post elementor-grid-item post-3281 post type-post status-publish format-standard has-post-thumbnail hentry category-obudai-nyar-hirek-2022 tag-fenntarthato tag-fenntarthatosagi-strategia tag-klimabaratabb tag-obudai-nyar-2022 tag-repohar tag-zold\">\n\t\t\t<div class=\"elementor-post__card\">\n\t\t\t\t<a class=\"elementor-post__thumbnail__link\" href=\"https:\/\/www.obudainyar.hu\/2022\/repoharral-a-fenntarthatosagert\/\" ><div class=\"elementor-post__thumbnail\"><img width=\"768\" height=\"512\" src=\"https:\/\/www.obudainyar.hu\/2022\/wp-content\/uploads\/2022\/08\/repohar_02-1-768x512.jpg\" class=\"attachment-medium_large size-medium_large\" alt=\"\" decoding=\"async\" loading=\"lazy\" srcset=\"https:\/\/www.obudainyar.hu\/2022\/wp-content\/uploads\/2022\/08\/repohar_02-1-768x512.jpg 768w, https:\/\/www.obudainyar.hu\/2022\/wp-content\/uploads\/2022\/08\/repohar_02-1-300x200.jpg 300w, https:\/\/www.obudainyar.hu\/2022\/wp-content\/uploads\/2022\/08\/repohar_02-1-1024x683.jpg 1024w, https:\/\/www.obudainyar.hu\/2022\/wp-content\/uploads\/2022\/08\/repohar_02-1-1536x1024.jpg 1536w, https:\/\/www.obudainyar.hu\/2022\/wp-content\/uploads\/2022\/08\/repohar_02-1-2048x1365.jpg 2048w\" sizes=\"(max-width: 768px) 100vw, 768px\" \/><\/div><\/a>\n\t\t\t\t<div class=\"elementor-post__text\">\n\t\t\t\t<h3 class=\"elementor-post__title\">\n\t\t\t<a href=\"https:\/\/www.obudainyar.hu\/2022\/repoharral-a-fenntarthatosagert\/\" >\n\t\t\t\tRepoh\u00e1rral a fenntarthat\u00f3s\u00e1g\u00e9rt\t\t\t<\/a>\n\t\t<\/h3>\n\t\t\t\t<div class=\"elementor-post__excerpt\">\n\t\t\t<p>Hasonl\u00f3an eddigi rendezv\u00e9nyeinkhez az \u00d3budai Ny\u00e1r programjain is kiemelt figyelmet ford\u00edtunk a fenntarthat\u00f3s\u00e1gra, a k\u00f6rnyezeti terhel\u00e9s min\u00e9l alacsonyabb szinten tart\u00e1s\u00e1ra. <\/p>\n\t\t<\/div>\n\t\t\t\t<\/div>\n\t\t\t\t\t<\/div>\n\t\t<\/article>\n\t\t\t\t<\/div>\n\n\n\t\t\n\t\t\t\t<\/div>\n\t\t\t\t<\/div>\n\t\t\t\t<div class=\"elementor-element elementor-element-b686abf elementor-align-center elementor-widget elementor-widget-button\" data-id=\"b686abf\" data-element_type=\"widget\" data-widget_type=\"button.default\">\n\t\t\t\t<div class=\"elementor-widget-container\">\n\t\t\t\t\t<div class=\"elementor-button-wrapper\">\n\t\t\t<a href=\"https:\/\/www.obudainyar.hu\/2022\/obuda-napja-hirek\/\" class=\"elementor-button-link elementor-button elementor-size-lg\" role=\"button\">\n\t\t\t\t\t\t<span class=\"elementor-button-content-wrapper\">\n\t\t\t\t\t\t<span class=\"elementor-button-text\">Tov\u00e1bbi h\u00edrek<\/span>\n\t\t<\/span>\n\t\t\t\t\t<\/a>\n\t\t<\/div>\n\t\t\t\t<\/div>\n\t\t\t\t<\/div>\n\t\t\t\t\t\t<\/div>\n\t\t\t\t\t<\/div>\n\t\t<\/div>\n\t\t\t\t\t\t\t\t<\/div>\n\t\t\t\t\t<\/div>\n\t\t<\/section>\n\t\t\t\t<section class=\"elementor-section elementor-top-section elementor-element elementor-element-7e754ae elementor-hidden-desktop elementor-hidden-tablet elementor-hidden-mobile elementor-section-boxed elementor-section-height-default elementor-section-height-default\" data-id=\"7e754ae\" data-element_type=\"section\" data-settings=\"{&quot;background_background&quot;:&quot;classic&quot;}\">\n\t\t\t\t\t\t<div class=\"elementor-container elementor-column-gap-default\">\n\t\t\t\t\t\t\t<div class=\"elementor-row\">\n\t\t\t\t\t<div class=\"elementor-column elementor-col-100 elementor-top-column elementor-element elementor-element-fd2d94e\" data-id=\"fd2d94e\" data-element_type=\"column\">\n\t\t\t<div class=\"elementor-column-wrap elementor-element-populated\">\n\t\t\t\t\t\t\t<div class=\"elementor-widget-wrap\">\n\t\t\t\t\t\t<div class=\"elementor-element elementor-element-1127453 elementor-widget elementor-widget-heading\" data-id=\"1127453\" data-element_type=\"widget\" data-widget_type=\"heading.default\">\n\t\t\t\t<div class=\"elementor-widget-container\">\n\t\t\t<h2 class=\"elementor-heading-title elementor-size-default\">Progrmaok<\/h2>\t\t<\/div>\n\t\t\t\t<\/div>\n\t\t\t\t<div class=\"elementor-element elementor-element-846a279 elementor-grid-3 elementor-grid-tablet-2 elementor-grid-mobile-1 elementor-posts--thumbnail-top elementor-posts__hover-gradient elementor-widget elementor-widget-posts\" data-id=\"846a279\" data-element_type=\"widget\" data-settings=\"{&quot;cards_columns&quot;:&quot;3&quot;,&quot;cards_columns_tablet&quot;:&quot;2&quot;,&quot;cards_columns_mobile&quot;:&quot;1&quot;,&quot;cards_row_gap&quot;:{&quot;unit&quot;:&quot;px&quot;,&quot;size&quot;:35,&quot;sizes&quot;:[]},&quot;cards_row_gap_tablet&quot;:{&quot;unit&quot;:&quot;px&quot;,&quot;size&quot;:&quot;&quot;,&quot;sizes&quot;:[]},&quot;cards_row_gap_mobile&quot;:{&quot;unit&quot;:&quot;px&quot;,&quot;size&quot;:&quot;&quot;,&quot;sizes&quot;:[]}}\" data-widget_type=\"posts.cards\">\n\t\t\t\t<div class=\"elementor-widget-container\">\n\t\t\t\t\t<div class=\"elementor-posts-container elementor-posts elementor-posts--skin-cards elementor-grid\">\n\t\t\t\t<article class=\"elementor-post elementor-grid-item post-3361 tribe_events type-tribe_events status-publish has-post-thumbnail hentry tag-csillaghegy tag-csillaghegyi-utcabal tag-irigy-honaljmirigy tag-nemcsak-berry tag-obudai-nyar-2022 tag-piroch-gabor-kaszkadorshow tag-weisz-viktor tribe_events_cat-obudai-nyar-2022 cat_obudai-nyar-2022\">\n\t\t\t<div class=\"elementor-post__card\">\n\t\t\t\t<a class=\"elementor-post__thumbnail__link\" href=\"https:\/\/www.obudainyar.hu\/2022\/esemeny\/csillaghegy-a-mi-kis-falunk-csillaghegyi-utcabal\/\" ><div class=\"elementor-post__thumbnail\"><img width=\"300\" height=\"175\" src=\"https:\/\/www.obudainyar.hu\/2022\/wp-content\/uploads\/2022\/08\/Csillaghegy-1-300x175.png\" class=\"attachment-medium size-medium\" alt=\"\" decoding=\"async\" loading=\"lazy\" srcset=\"https:\/\/www.obudainyar.hu\/2022\/wp-content\/uploads\/2022\/08\/Csillaghegy-1-300x175.png 300w, https:\/\/www.obudainyar.hu\/2022\/wp-content\/uploads\/2022\/08\/Csillaghegy-1.png 747w\" sizes=\"(max-width: 300px) 100vw, 300px\" \/><\/div><\/a>\n\t\t\t\t<div class=\"elementor-post__text\">\n\t\t\t\t<h3 class=\"elementor-post__title\">\n\t\t\t<a href=\"https:\/\/www.obudainyar.hu\/2022\/esemeny\/csillaghegy-a-mi-kis-falunk-csillaghegyi-utcabal\/\" >\n\t\t\t\tCsillaghegy a mi kis falunk &#8211; Csillaghegyi utcab\u00e1l\t\t\t<\/a>\n\t\t<\/h3>\n\t\t\t\t<div class=\"elementor-post__excerpt\">\n\t\t\t<p>Szeptember k\u00f6zep\u00e9n vid\u00e1ms\u00e1ggal, j\u00f3 hangulattal, izgalommal telik meg a M\u00e1ty\u00e1s kir\u00e1ly \u00fat. Igazi ny\u00e1rb\u00facs\u00faztat\u00f3 utcab\u00e1lra k\u00e9sz\u00fcl\u00fcnk, amelyen gazdag gyerekprogramokat, remek koncerteket, k\u00e9zm\u0171ves kirakod\u00f3v\u00e1s\u00e1rt \u00e9s sok-sok finoms\u00e1gok k\u00edn\u00e1lunk \u00d6n\u00f6knek.<\/p>\n\t\t<\/div>\n\t\t\t\t<\/div>\n\t\t\t\t\t<\/div>\n\t\t<\/article>\n\t\t\t\t<article class=\"elementor-post elementor-grid-item post-3302 tribe_events type-tribe_events status-publish has-post-thumbnail hentry tag-hekas-bekas-csaladi-nap tag-kiraly-viktor tag-koncert tag-megasztar tag-obudai-nyar-2022\">\n\t\t\t<div class=\"elementor-post__card\">\n\t\t\t\t<a class=\"elementor-post__thumbnail__link\" href=\"https:\/\/www.obudainyar.hu\/2022\/esemeny\/kiraly-viktor-koncert\/\" ><div class=\"elementor-post__thumbnail\"><img width=\"300\" height=\"169\" src=\"https:\/\/www.obudainyar.hu\/2022\/wp-content\/uploads\/2022\/08\/kiraly_viktor_hero-01-300x169.png\" class=\"attachment-medium size-medium\" alt=\"\" decoding=\"async\" loading=\"lazy\" srcset=\"https:\/\/www.obudainyar.hu\/2022\/wp-content\/uploads\/2022\/08\/kiraly_viktor_hero-01-300x169.png 300w, https:\/\/www.obudainyar.hu\/2022\/wp-content\/uploads\/2022\/08\/kiraly_viktor_hero-01-1024x576.png 1024w, https:\/\/www.obudainyar.hu\/2022\/wp-content\/uploads\/2022\/08\/kiraly_viktor_hero-01-768x432.png 768w, https:\/\/www.obudainyar.hu\/2022\/wp-content\/uploads\/2022\/08\/kiraly_viktor_hero-01-1536x864.png 1536w, https:\/\/www.obudainyar.hu\/2022\/wp-content\/uploads\/2022\/08\/kiraly_viktor_hero-01-2048x1152.png 2048w\" sizes=\"(max-width: 300px) 100vw, 300px\" \/><\/div><\/a>\n\t\t\t\t<div class=\"elementor-post__text\">\n\t\t\t\t<h3 class=\"elementor-post__title\">\n\t\t\t<a href=\"https:\/\/www.obudainyar.hu\/2022\/esemeny\/kiraly-viktor-koncert\/\" >\n\t\t\t\tKir\u00e1ly Viktor koncert\t\t\t<\/a>\n\t\t<\/h3>\n\t\t\t\t<div class=\"elementor-post__excerpt\">\n\t\t\t<p>A Bon Bon Zenekar, Tolvai Reni \u00e9s a TNT mellett 17 \u00f3rakor Kir\u00e1ly Viktor nagyszer\u0171 el\u0151ad\u00e1s\u00e1t \u00e9lvezhetik a Csob\u00e1nka t\u00e9rre l\u00e1togat\u00f3k. <\/p>\n\t\t<\/div>\n\t\t\t\t<\/div>\n\t\t\t\t\t<\/div>\n\t\t<\/article>\n\t\t\t\t<article class=\"elementor-post elementor-grid-item post-3252 tribe_events type-tribe_events status-publish has-post-thumbnail hentry tag-frenk tag-kisuzem tag-los-orangutanes tag-obudai tag-obudai-nyar-2022 tag-sor tag-sorfesztival tribe_events_cat-obudai-nyar-2022 cat_obudai-nyar-2022\">\n\t\t\t<div class=\"elementor-post__card\">\n\t\t\t\t<a class=\"elementor-post__thumbnail__link\" href=\"https:\/\/www.obudainyar.hu\/2022\/esemeny\/kisuzem-2022-obudai-kezmuves-sorok-fesztivalja\/\" ><div class=\"elementor-post__thumbnail\"><img width=\"300\" height=\"212\" src=\"https:\/\/www.obudainyar.hu\/2022\/wp-content\/uploads\/2022\/08\/292297035_3286754024928840_1396530351691928088_n-300x212.jpg\" class=\"attachment-medium size-medium\" alt=\"\" decoding=\"async\" loading=\"lazy\" srcset=\"https:\/\/www.obudainyar.hu\/2022\/wp-content\/uploads\/2022\/08\/292297035_3286754024928840_1396530351691928088_n-300x212.jpg 300w, https:\/\/www.obudainyar.hu\/2022\/wp-content\/uploads\/2022\/08\/292297035_3286754024928840_1396530351691928088_n-1024x724.jpg 1024w, https:\/\/www.obudainyar.hu\/2022\/wp-content\/uploads\/2022\/08\/292297035_3286754024928840_1396530351691928088_n-768x543.jpg 768w, https:\/\/www.obudainyar.hu\/2022\/wp-content\/uploads\/2022\/08\/292297035_3286754024928840_1396530351691928088_n-1536x1086.jpg 1536w, https:\/\/www.obudainyar.hu\/2022\/wp-content\/uploads\/2022\/08\/292297035_3286754024928840_1396530351691928088_n.jpg 2048w\" sizes=\"(max-width: 300px) 100vw, 300px\" \/><\/div><\/a>\n\t\t\t\t<div class=\"elementor-post__text\">\n\t\t\t\t<h3 class=\"elementor-post__title\">\n\t\t\t<a href=\"https:\/\/www.obudainyar.hu\/2022\/esemeny\/kisuzem-2022-obudai-kezmuves-sorok-fesztivalja\/\" >\n\t\t\t\tKis\u00fczem 2022 &#8211; \u00d3budai K\u00e9zm\u0171ves S\u00f6r\u00f6k Fesztiv\u00e1lja\t\t\t<\/a>\n\t\t<\/h3>\n\t\t\t\t<div class=\"elementor-post__excerpt\">\n\t\t\t<p>H\u00e1rom \u00e9v kihagy\u00e1s ut\u00e1n \u00fajra Kis\u00fczem a F\u0151 t\u00e9ren! <\/p>\n\t\t<\/div>\n\t\t\t\t<\/div>\n\t\t\t\t\t<\/div>\n\t\t<\/article>\n\t\t\t\t<\/div>\n\n\n\t\t\n\t\t\t\t<\/div>\n\t\t\t\t<\/div>\n\t\t\t\t<div class=\"elementor-element elementor-element-d9eaadc elementor-align-center elementor-widget elementor-widget-button\" data-id=\"d9eaadc\" data-element_type=\"widget\" data-widget_type=\"button.default\">\n\t\t\t\t<div class=\"elementor-widget-container\">\n\t\t\t\t\t<div class=\"elementor-button-wrapper\">\n\t\t\t<a href=\"https:\/\/www.obudainyar.hu\/2022\/programok\/\" class=\"elementor-button-link elementor-button elementor-size-lg\" role=\"button\">\n\t\t\t\t\t\t<span class=\"elementor-button-content-wrapper\">\n\t\t\t\t\t\t<span class=\"elementor-button-text\">Tov\u00e1bbi programok<\/span>\n\t\t<\/span>\n\t\t\t\t\t<\/a>\n\t\t<\/div>\n\t\t\t\t<\/div>\n\t\t\t\t<\/div>\n\t\t\t\t\t\t<\/div>\n\t\t\t\t\t<\/div>\n\t\t<\/div>\n\t\t\t\t\t\t\t\t<\/div>\n\t\t\t\t\t<\/div>\n\t\t<\/section>\n\t\t\t\t\t\t<\/div>\n\t\t\t\t\t\t<\/div>\n\t\t\t\t\t<\/div>\n\t\t","protected":false},"excerpt":{"rendered":"<p>Ny\u00e1r van \u00e9s semmi baj Tartsanak vel\u00fcnk az \u00d3budai Ny\u00e1r 2022 programjain A t\u00f6bb, mint k\u00e9t h\u00f3napos rendezv\u00e9nysorozat j\u00fanius 24-\u00e9vel veszi kezdet\u00e9t, \u00e9s eg\u00e9szen augusztus v\u00e9g\u00e9ig sz\u00ednes, izgalmas programokkal, koncertekkel, [&hellip;]<\/p>\n","protected":false},"author":1,"featured_media":0,"parent":0,"menu_order":0,"comment_status":"closed","ping_status":"closed","template":"elementor_header_footer","meta":[],"yoast_head":"<!-- This site is optimized with the Yoast SEO plugin v17.5 - https:\/\/yoast.com\/wordpress\/plugins\/seo\/ -->\n<title>Kezd\u0151lap - \u00d3budai Ny\u00e1r 2022 | obuda.hu<\/title>\n<meta name=\"robots\" content=\"index, follow, max-snippet:-1, max-image-preview:large, max-video-preview:-1\" \/>\n<link rel=\"canonical\" href=\"https:\/\/www.obudainyar.hu\/2022\/\" \/>\n<meta property=\"og:locale\" content=\"hu_HU\" \/>\n<meta property=\"og:type\" content=\"article\" \/>\n<meta property=\"og:title\" content=\"Kezd\u0151lap - \u00d3budai Ny\u00e1r 2022 | obuda.hu\" \/>\n<meta property=\"og:description\" content=\"Ny\u00e1r van \u00e9s semmi baj Tartsanak vel\u00fcnk az \u00d3budai Ny\u00e1r 2022 programjain A t\u00f6bb, mint k\u00e9t h\u00f3napos rendezv\u00e9nysorozat j\u00fanius 24-\u00e9vel veszi kezdet\u00e9t, \u00e9s eg\u00e9szen augusztus v\u00e9g\u00e9ig sz\u00ednes, izgalmas programokkal, koncertekkel, [&hellip;]\" \/>\n<meta property=\"og:url\" content=\"https:\/\/www.obudainyar.hu\/2022\/\" \/>\n<meta property=\"og:site_name\" content=\"\u00d3budai Ny\u00e1r 2022 | obuda.hu\" \/>\n<meta property=\"article:modified_time\" content=\"2022-06-20T16:30:11+00:00\" \/>\n<meta property=\"og:image\" content=\"https:\/\/www.obudainyar.hu\/2022\/wp-content\/uploads\/2021\/11\/ONY22_hero2-01.jpg\" \/>\n\t<meta property=\"og:image:width\" content=\"1600\" \/>\n\t<meta property=\"og:image:height\" content=\"900\" \/>\n<meta name=\"twitter:card\" content=\"summary_large_image\" \/>\n<meta name=\"twitter:label1\" content=\"Becs\u00fclt olvas\u00e1si id\u0151\" \/>\n\t<meta name=\"twitter:data1\" content=\"2 perc\" \/>\n<script type=\"application\/ld+json\" class=\"yoast-schema-graph\">{\"@context\":\"https:\/\/schema.org\",\"@graph\":[{\"@type\":\"WebSite\",\"@id\":\"https:\/\/www.obudainyar.hu\/2022\/#website\",\"url\":\"https:\/\/www.obudainyar.hu\/2022\/\",\"name\":\"\\u00d3budai Ny\\u00e1r 2022 | obuda.hu\",\"description\":\"\",\"potentialAction\":[{\"@type\":\"SearchAction\",\"target\":{\"@type\":\"EntryPoint\",\"urlTemplate\":\"https:\/\/www.obudainyar.hu\/2022\/?s={search_term_string}\"},\"query-input\":\"required name=search_term_string\"}],\"inLanguage\":\"hu\"},{\"@type\":\"ImageObject\",\"@id\":\"https:\/\/www.obudainyar.hu\/2022\/#primaryimage\",\"inLanguage\":\"hu\",\"url\":\"https:\/\/www.obudainyar.hu\/2022\/wp-content\/uploads\/2021\/11\/ONY22_hero2-01.jpg\",\"contentUrl\":\"https:\/\/www.obudainyar.hu\/2022\/wp-content\/uploads\/2021\/11\/ONY22_hero2-01.jpg\",\"width\":1600,\"height\":900},{\"@type\":\"WebPage\",\"@id\":\"https:\/\/www.obudainyar.hu\/2022\/#webpage\",\"url\":\"https:\/\/www.obudainyar.hu\/2022\/\",\"name\":\"Kezd\\u0151lap - \\u00d3budai Ny\\u00e1r 2022 | obuda.hu\",\"isPartOf\":{\"@id\":\"https:\/\/www.obudainyar.hu\/2022\/#website\"},\"primaryImageOfPage\":{\"@id\":\"https:\/\/www.obudainyar.hu\/2022\/#primaryimage\"},\"datePublished\":\"2021-11-12T10:52:02+00:00\",\"dateModified\":\"2022-06-20T16:30:11+00:00\",\"breadcrumb\":{\"@id\":\"https:\/\/www.obudainyar.hu\/2022\/#breadcrumb\"},\"inLanguage\":\"hu\",\"potentialAction\":[{\"@type\":\"ReadAction\",\"target\":[\"https:\/\/www.obudainyar.hu\/2022\/\"]}]},{\"@type\":\"BreadcrumbList\",\"@id\":\"https:\/\/www.obudainyar.hu\/2022\/#breadcrumb\",\"itemListElement\":[{\"@type\":\"ListItem\",\"position\":1,\"name\":\"Kezd\\u0151lap\",\"item\":\"https:\/\/www.obudainyar.hu\/2022\/\"},{\"@type\":\"ListItem\",\"position\":2,\"name\":\"Kezd\\u0151lap\"}]}]}<\/script>\n<!-- \/ Yoast SEO plugin. -->","yoast_head_json":{"title":"Kezd\u0151lap - \u00d3budai Ny\u00e1r 2022 | obuda.hu","robots":{"index":"index","follow":"follow","max-snippet":"max-snippet:-1","max-image-preview":"max-image-preview:large","max-video-preview":"max-video-preview:-1"},"canonical":"https:\/\/www.obudainyar.hu\/2022\/","og_locale":"hu_HU","og_type":"article","og_title":"Kezd\u0151lap - \u00d3budai Ny\u00e1r 2022 | obuda.hu","og_description":"Ny\u00e1r van \u00e9s semmi baj Tartsanak vel\u00fcnk az \u00d3budai Ny\u00e1r 2022 programjain A t\u00f6bb, mint k\u00e9t h\u00f3napos rendezv\u00e9nysorozat j\u00fanius 24-\u00e9vel veszi kezdet\u00e9t, \u00e9s eg\u00e9szen augusztus v\u00e9g\u00e9ig sz\u00ednes, izgalmas programokkal, koncertekkel, [&hellip;]","og_url":"https:\/\/www.obudainyar.hu\/2022\/","og_site_name":"\u00d3budai Ny\u00e1r 2022 | obuda.hu","article_modified_time":"2022-06-20T16:30:11+00:00","og_image":[{"width":1600,"height":900,"url":"https:\/\/www.obudainyar.hu\/2022\/wp-content\/uploads\/2021\/11\/ONY22_hero2-01.jpg","type":"image\/jpeg"}],"twitter_card":"summary_large_image","twitter_misc":{"Becs\u00fclt olvas\u00e1si id\u0151":"2 perc"},"schema":{"@context":"https:\/\/schema.org","@graph":[{"@type":"WebSite","@id":"https:\/\/www.obudainyar.hu\/2022\/#website","url":"https:\/\/www.obudainyar.hu\/2022\/","name":"\u00d3budai Ny\u00e1r 2022 | obuda.hu","description":"","potentialAction":[{"@type":"SearchAction","target":{"@type":"EntryPoint","urlTemplate":"https:\/\/www.obudainyar.hu\/2022\/?s={search_term_string}"},"query-input":"required name=search_term_string"}],"inLanguage":"hu"},{"@type":"ImageObject","@id":"https:\/\/www.obudainyar.hu\/2022\/#primaryimage","inLanguage":"hu","url":"https:\/\/www.obudainyar.hu\/2022\/wp-content\/uploads\/2021\/11\/ONY22_hero2-01.jpg","contentUrl":"https:\/\/www.obudainyar.hu\/2022\/wp-content\/uploads\/2021\/11\/ONY22_hero2-01.jpg","width":1600,"height":900},{"@type":"WebPage","@id":"https:\/\/www.obudainyar.hu\/2022\/#webpage","url":"https:\/\/www.obudainyar.hu\/2022\/","name":"Kezd\u0151lap - \u00d3budai Ny\u00e1r 2022 | obuda.hu","isPartOf":{"@id":"https:\/\/www.obudainyar.hu\/2022\/#website"},"primaryImageOfPage":{"@id":"https:\/\/www.obudainyar.hu\/2022\/#primaryimage"},"datePublished":"2021-11-12T10:52:02+00:00","dateModified":"2022-06-20T16:30:11+00:00","breadcrumb":{"@id":"https:\/\/www.obudainyar.hu\/2022\/#breadcrumb"},"inLanguage":"hu","potentialAction":[{"@type":"ReadAction","target":["https:\/\/www.obudainyar.hu\/2022\/"]}]},{"@type":"BreadcrumbList","@id":"https:\/\/www.obudainyar.hu\/2022\/#breadcrumb","itemListElement":[{"@type":"ListItem","position":1,"name":"Kezd\u0151lap","item":"https:\/\/www.obudainyar.hu\/2022\/"},{"@type":"ListItem","position":2,"name":"Kezd\u0151lap"}]}]}},"_links":{"self":[{"href":"https:\/\/www.obudainyar.hu\/2022\/wp-json\/wp\/v2\/pages\/287"}],"collection":[{"href":"https:\/\/www.obudainyar.hu\/2022\/wp-json\/wp\/v2\/pages"}],"about":[{"href":"https:\/\/www.obudainyar.hu\/2022\/wp-json\/wp\/v2\/types\/page"}],"author":[{"embeddable":true,"href":"https:\/\/www.obudainyar.hu\/2022\/wp-json\/wp\/v2\/users\/1"}],"replies":[{"embeddable":true,"href":"https:\/\/www.obudainyar.hu\/2022\/wp-json\/wp\/v2\/comments?post=287"}],"version-history":[{"count":93,"href":"https:\/\/www.obudainyar.hu\/2022\/wp-json\/wp\/v2\/pages\/287\/revisions"}],"predecessor-version":[{"id":3009,"href":"https:\/\/www.obudainyar.hu\/2022\/wp-json\/wp\/v2\/pages\/287\/revisions\/3009"}],"wp:attachment":[{"href":"https:\/\/www.obudainyar.hu\/2022\/wp-json\/wp\/v2\/media?parent=287"}],"curies":[{"name":"wp","href":"https:\/\/api.w.org\/{rel}","templated":true}]}}