{"id":2488,"date":"2022-06-16T15:06:58","date_gmt":"2022-06-16T13:06:58","guid":{"rendered":"https:\/\/www.obudainyar.hu\/2022\/?post_type=tribe_events&#038;p=2488"},"modified":"2022-06-16T15:06:58","modified_gmt":"2022-06-16T13:06:58","slug":"pincetura-kicsit-maskepp","status":"publish","type":"tribe_events","link":"https:\/\/www.obudainyar.hu\/2022\/esemeny\/pincetura-kicsit-maskepp\/","title":{"rendered":"Pincet\u00fara, kicsit m\u00e1sk\u00e9pp"},"content":{"rendered":"<p><span style=\"font-weight: 400;\">Az \u00d3budai M\u00fazeum pinc\u00e9j\u00e9ben l\u00e1that\u00f3 ki\u00e1ll\u00edt\u00e1s a mai F\u0151 t\u00e9ren \u00e1ll\u00f3 k\u00e9t k\u00f6z\u00e9pkori templom t\u00f6rt\u00e9net\u00e9t mutatja be. A t\u00e1rlatvezet\u00e9s ingyenes, maxim\u00e1lis l\u00e9tsz\u00e1m: 15 f\u0151.\u00a0Regisztr\u00e1ci\u00f3: <\/span><a href=\"mailto:programok@obudaimuzeum.hu\" target=\"_blank\" rel=\"noopener\"><span style=\"font-weight: 400;\">programok@obudaimuzeum.hu<\/span><\/a><\/p>\n","protected":false},"excerpt":{"rendered":"<p>T\u00e1rlatvezet\u00e9s a f\u00f6ld alatt<\/p>\n","protected":false},"author":7,"featured_media":0,"comment_status":"open","ping_status":"closed","template":"","meta":[],"tags":[52,8,340,23],"tribe_events_cat":[338],"yoast_head":"<!-- This site is optimized with the Yoast SEO plugin v17.5 - https:\/\/yoast.com\/wordpress\/plugins\/seo\/ -->\n<title>Pincet\u00fara, kicsit m\u00e1sk\u00e9pp - \u00d3budai Ny\u00e1r 2022 | obuda.hu<\/title>\n<meta name=\"robots\" content=\"index, follow, max-snippet:-1, max-image-preview:large, max-video-preview:-1\" \/>\n<link rel=\"canonical\" href=\"https:\/\/www.obudainyar.hu\/2022\/esemeny\/pincetura-kicsit-maskepp\/\" \/>\n<meta property=\"og:locale\" content=\"hu_HU\" \/>\n<meta property=\"og:type\" content=\"article\" \/>\n<meta property=\"og:title\" content=\"Pincet\u00fara, kicsit m\u00e1sk\u00e9pp - \u00d3budai Ny\u00e1r 2022 | obuda.hu\" \/>\n<meta property=\"og:description\" content=\"T\u00e1rlatvezet\u00e9s a f\u00f6ld alatt\" \/>\n<meta property=\"og:url\" content=\"https:\/\/www.obudainyar.hu\/2022\/esemeny\/pincetura-kicsit-maskepp\/\" \/>\n<meta property=\"og:site_name\" content=\"\u00d3budai Ny\u00e1r 2022 | obuda.hu\" \/>\n<meta property=\"og:image\" content=\"https:\/\/www.obudainyar.hu\/2022\/wp-content\/uploads\/2021\/11\/ONY22_hero2-01.jpg\" \/>\n\t<meta property=\"og:image:width\" content=\"1600\" \/>\n\t<meta property=\"og:image:height\" content=\"900\" \/>\n<meta name=\"twitter:card\" content=\"summary_large_image\" \/>\n<meta name=\"twitter:label1\" content=\"Becs\u00fclt olvas\u00e1si id\u0151\" \/>\n\t<meta name=\"twitter:data1\" content=\"1 perc\" \/>\n<script type=\"application\/ld+json\" class=\"yoast-schema-graph\">{\"@context\":\"https:\/\/schema.org\",\"@graph\":[{\"@type\":\"WebSite\",\"@id\":\"https:\/\/www.obudainyar.hu\/2022\/#website\",\"url\":\"https:\/\/www.obudainyar.hu\/2022\/\",\"name\":\"\\u00d3budai Ny\\u00e1r 2022 | obuda.hu\",\"description\":\"\",\"potentialAction\":[{\"@type\":\"SearchAction\",\"target\":{\"@type\":\"EntryPoint\",\"urlTemplate\":\"https:\/\/www.obudainyar.hu\/2022\/?s={search_term_string}\"},\"query-input\":\"required name=search_term_string\"}],\"inLanguage\":\"hu\"},{\"@type\":\"WebPage\",\"@id\":\"https:\/\/www.obudainyar.hu\/2022\/esemeny\/pincetura-kicsit-maskepp\/#webpage\",\"url\":\"https:\/\/www.obudainyar.hu\/2022\/esemeny\/pincetura-kicsit-maskepp\/\",\"name\":\"Pincet\\u00fara, kicsit m\\u00e1sk\\u00e9pp - \\u00d3budai Ny\\u00e1r 2022 | obuda.hu\",\"isPartOf\":{\"@id\":\"https:\/\/www.obudainyar.hu\/2022\/#website\"},\"datePublished\":\"2022-06-16T13:06:58+00:00\",\"dateModified\":\"2022-06-16T13:06:58+00:00\",\"breadcrumb\":{\"@id\":\"https:\/\/www.obudainyar.hu\/2022\/esemeny\/pincetura-kicsit-maskepp\/#breadcrumb\"},\"inLanguage\":\"hu\",\"potentialAction\":[{\"@type\":\"ReadAction\",\"target\":[\"https:\/\/www.obudainyar.hu\/2022\/esemeny\/pincetura-kicsit-maskepp\/\"]}]},{\"@type\":\"BreadcrumbList\",\"@id\":\"https:\/\/www.obudainyar.hu\/2022\/esemeny\/pincetura-kicsit-maskepp\/#breadcrumb\",\"itemListElement\":[{\"@type\":\"ListItem\",\"position\":1,\"name\":\"Kezd\\u0151lap\",\"item\":\"https:\/\/www.obudainyar.hu\/2022\/\"},{\"@type\":\"ListItem\",\"position\":2,\"name\":\"Esem\\u00e9nyek\",\"item\":\"https:\/\/www.obudainyar.hu\/2022\/esemenyek\/\"},{\"@type\":\"ListItem\",\"position\":3,\"name\":\"Pincet\\u00fara, kicsit m\\u00e1sk\\u00e9pp\"}]}]}<\/script>\n<!-- \/ Yoast SEO plugin. -->","yoast_head_json":{"title":"Pincet\u00fara, kicsit m\u00e1sk\u00e9pp - \u00d3budai Ny\u00e1r 2022 | obuda.hu","robots":{"index":"index","follow":"follow","max-snippet":"max-snippet:-1","max-image-preview":"max-image-preview:large","max-video-preview":"max-video-preview:-1"},"canonical":"https:\/\/www.obudainyar.hu\/2022\/esemeny\/pincetura-kicsit-maskepp\/","og_locale":"hu_HU","og_type":"article","og_title":"Pincet\u00fara, kicsit m\u00e1sk\u00e9pp - \u00d3budai Ny\u00e1r 2022 | obuda.hu","og_description":"T\u00e1rlatvezet\u00e9s a f\u00f6ld alatt","og_url":"https:\/\/www.obudainyar.hu\/2022\/esemeny\/pincetura-kicsit-maskepp\/","og_site_name":"\u00d3budai Ny\u00e1r 2022 | obuda.hu","og_image":[{"width":1600,"height":900,"url":"https:\/\/www.obudainyar.hu\/2022\/wp-content\/uploads\/2021\/11\/ONY22_hero2-01.jpg","type":"image\/jpeg"}],"twitter_card":"summary_large_image","twitter_misc":{"Becs\u00fclt olvas\u00e1si id\u0151":"1 perc"},"schema":{"@context":"https:\/\/schema.org","@graph":[{"@type":"WebSite","@id":"https:\/\/www.obudainyar.hu\/2022\/#website","url":"https:\/\/www.obudainyar.hu\/2022\/","name":"\u00d3budai Ny\u00e1r 2022 | obuda.hu","description":"","potentialAction":[{"@type":"SearchAction","target":{"@type":"EntryPoint","urlTemplate":"https:\/\/www.obudainyar.hu\/2022\/?s={search_term_string}"},"query-input":"required name=search_term_string"}],"inLanguage":"hu"},{"@type":"WebPage","@id":"https:\/\/www.obudainyar.hu\/2022\/esemeny\/pincetura-kicsit-maskepp\/#webpage","url":"https:\/\/www.obudainyar.hu\/2022\/esemeny\/pincetura-kicsit-maskepp\/","name":"Pincet\u00fara, kicsit m\u00e1sk\u00e9pp - \u00d3budai Ny\u00e1r 2022 | obuda.hu","isPartOf":{"@id":"https:\/\/www.obudainyar.hu\/2022\/#website"},"datePublished":"2022-06-16T13:06:58+00:00","dateModified":"2022-06-16T13:06:58+00:00","breadcrumb":{"@id":"https:\/\/www.obudainyar.hu\/2022\/esemeny\/pincetura-kicsit-maskepp\/#breadcrumb"},"inLanguage":"hu","potentialAction":[{"@type":"ReadAction","target":["https:\/\/www.obudainyar.hu\/2022\/esemeny\/pincetura-kicsit-maskepp\/"]}]},{"@type":"BreadcrumbList","@id":"https:\/\/www.obudainyar.hu\/2022\/esemeny\/pincetura-kicsit-maskepp\/#breadcrumb","itemListElement":[{"@type":"ListItem","position":1,"name":"Kezd\u0151lap","item":"https:\/\/www.obudainyar.hu\/2022\/"},{"@type":"ListItem","position":2,"name":"Esem\u00e9nyek","item":"https:\/\/www.obudainyar.hu\/2022\/esemenyek\/"},{"@type":"ListItem","position":3,"name":"Pincet\u00fara, kicsit m\u00e1sk\u00e9pp"}]}]}},"_links":{"self":[{"href":"https:\/\/www.obudainyar.hu\/2022\/wp-json\/wp\/v2\/tribe_events\/2488"}],"collection":[{"href":"https:\/\/www.obudainyar.hu\/2022\/wp-json\/wp\/v2\/tribe_events"}],"about":[{"href":"https:\/\/www.obudainyar.hu\/2022\/wp-json\/wp\/v2\/types\/tribe_events"}],"author":[{"embeddable":true,"href":"https:\/\/www.obudainyar.hu\/2022\/wp-json\/wp\/v2\/users\/7"}],"replies":[{"embeddable":true,"href":"https:\/\/www.obudainyar.hu\/2022\/wp-json\/wp\/v2\/comments?post=2488"}],"version-history":[{"count":1,"href":"https:\/\/www.obudainyar.hu\/2022\/wp-json\/wp\/v2\/tribe_events\/2488\/revisions"}],"predecessor-version":[{"id":2489,"href":"https:\/\/www.obudainyar.hu\/2022\/wp-json\/wp\/v2\/tribe_events\/2488\/revisions\/2489"}],"wp:attachment":[{"href":"https:\/\/www.obudainyar.hu\/2022\/wp-json\/wp\/v2\/media?parent=2488"}],"wp:term":[{"taxonomy":"post_tag","embeddable":true,"href":"https:\/\/www.obudainyar.hu\/2022\/wp-json\/wp\/v2\/tags?post=2488"},{"taxonomy":"tribe_events_cat","embeddable":true,"href":"https:\/\/www.obudainyar.hu\/2022\/wp-json\/wp\/v2\/tribe_events_cat?post=2488"}],"curies":[{"name":"wp","href":"https:\/\/api.w.org\/{rel}","templated":true}]}}