{"id":2562,"date":"2022-06-16T18:08:09","date_gmt":"2022-06-16T16:08:09","guid":{"rendered":"https:\/\/www.obudainyar.hu\/2022\/?post_type=tribe_events&#038;p=2562"},"modified":"2022-06-16T18:08:09","modified_gmt":"2022-06-16T16:08:09","slug":"minden-ut-aquincumba-vezet","status":"publish","type":"tribe_events","link":"https:\/\/www.obudainyar.hu\/2022\/esemeny\/minden-ut-aquincumba-vezet\/","title":{"rendered":"Minden \u00fat Aquincumba vezet"},"content":{"rendered":"<p>\u201eMinden \u00fat R\u00f3m\u00e1ba vezet\u201d szoktuk hallani, olvasni manaps\u00e1g is az \u2013 egy\u00e9bk\u00e9nt k\u00f6z\u00e9pkori \u2013 mond\u00e1st. \u00c9s val\u00f3ban: az \u00f3kori R\u00f3mai Birodalom \u00fath\u00e1l\u00f3zat\u00e1nak sz\u00edve, orig\u00f3ja a f\u0151v\u00e1ros, R\u00f3ma volt, a f\u0151\u00fatvonalak kiindul\u00f3pontja. Ugyanakkor azonban a provinci\u00e1k mindegyik\u00e9t s\u0171r\u0171n beh\u00e1l\u00f3zt\u00e1k az alacsonyabb, vagy magasabb rend\u0171 utak, amelyek az el\u0151bb eml\u00edtett f\u0151\u00fatvonalakb\u00f3l \u00e1gaztak le. Az alaposan meg\u00e9p\u00edtett, j\u00f3l karbantartott \u00fat volt a kulcs a hadsereg mozgat\u00e1s\u00e1hoz, a birodalmi posta g\u00f6rd\u00fcl\u00e9keny m\u0171k\u00f6d\u00e9s\u00e9hez (azaz a hat\u00e9kony \u00fcgyint\u00e9z\u00e9shez Britanni\u00e1t\u00f3l Sz\u00edri\u00e1ig), de a kereskedelem akad\u00e1lytalan menet\u00e9hez is, s\u0151t: ez tette lehet\u0151v\u00e9 az \u00f3kori turizmust is.<\/p>\n<p>Ki\u00e1ll\u00edt\u00e1sunkon ezeken a sz\u00e1razf\u00f6ldi \u00e9s v\u00edzi utakon kalauzoljuk v\u00e9gig l\u00e1togat\u00f3inkat. Megn\u00e9zz\u00fck hol futottak, milyen m\u00f3don alakultak ki, mivel \u00e9s kik utaztak rajtuk \u00e9s arra is v\u00e1laszt kaphatunk, hogy mi maradt r\u00e1nk az \u00f3kori R\u00f3ma h\u00edres \u00fatjaib\u00f3l. A t\u00e1rlatvezet\u00e9st dr. L\u00e1ng Orsolya, az Aquincumi M\u00fazeum igazgat\u00f3ja \u00e9s a ki\u00e1ll\u00edt\u00e1s kur\u00e1tora tartja.<\/p>\n","protected":false},"excerpt":{"rendered":"<p>T\u00e1rlatvezet\u00e9s<\/p>\n","protected":false},"author":7,"featured_media":0,"comment_status":"open","ping_status":"closed","template":"","meta":[],"tags":[52,373,340,23,18],"tribe_events_cat":[338],"yoast_head":"<!-- This site is optimized with the Yoast SEO plugin v17.5 - https:\/\/yoast.com\/wordpress\/plugins\/seo\/ -->\n<title>Minden \u00fat Aquincumba vezet - \u00d3budai Ny\u00e1r 2022 | obuda.hu<\/title>\n<meta name=\"robots\" content=\"index, follow, max-snippet:-1, max-image-preview:large, max-video-preview:-1\" \/>\n<link rel=\"canonical\" href=\"https:\/\/www.obudainyar.hu\/2022\/esemeny\/minden-ut-aquincumba-vezet\/\" \/>\n<meta property=\"og:locale\" content=\"hu_HU\" \/>\n<meta property=\"og:type\" content=\"article\" \/>\n<meta property=\"og:title\" content=\"Minden \u00fat Aquincumba vezet - \u00d3budai Ny\u00e1r 2022 | obuda.hu\" \/>\n<meta property=\"og:description\" content=\"T\u00e1rlatvezet\u00e9s\" \/>\n<meta property=\"og:url\" content=\"https:\/\/www.obudainyar.hu\/2022\/esemeny\/minden-ut-aquincumba-vezet\/\" \/>\n<meta property=\"og:site_name\" content=\"\u00d3budai Ny\u00e1r 2022 | obuda.hu\" \/>\n<meta property=\"og:image\" content=\"https:\/\/www.obudainyar.hu\/2022\/wp-content\/uploads\/2021\/11\/ONY22_hero2-01.jpg\" \/>\n\t<meta property=\"og:image:width\" content=\"1600\" \/>\n\t<meta property=\"og:image:height\" content=\"900\" \/>\n<meta name=\"twitter:card\" content=\"summary_large_image\" \/>\n<meta name=\"twitter:label1\" content=\"Becs\u00fclt olvas\u00e1si id\u0151\" \/>\n\t<meta name=\"twitter:data1\" content=\"1 perc\" \/>\n<script type=\"application\/ld+json\" class=\"yoast-schema-graph\">{\"@context\":\"https:\/\/schema.org\",\"@graph\":[{\"@type\":\"WebSite\",\"@id\":\"https:\/\/www.obudainyar.hu\/2022\/#website\",\"url\":\"https:\/\/www.obudainyar.hu\/2022\/\",\"name\":\"\\u00d3budai Ny\\u00e1r 2022 | obuda.hu\",\"description\":\"\",\"potentialAction\":[{\"@type\":\"SearchAction\",\"target\":{\"@type\":\"EntryPoint\",\"urlTemplate\":\"https:\/\/www.obudainyar.hu\/2022\/?s={search_term_string}\"},\"query-input\":\"required name=search_term_string\"}],\"inLanguage\":\"hu\"},{\"@type\":\"WebPage\",\"@id\":\"https:\/\/www.obudainyar.hu\/2022\/esemeny\/minden-ut-aquincumba-vezet\/#webpage\",\"url\":\"https:\/\/www.obudainyar.hu\/2022\/esemeny\/minden-ut-aquincumba-vezet\/\",\"name\":\"Minden \\u00fat Aquincumba vezet - \\u00d3budai Ny\\u00e1r 2022 | obuda.hu\",\"isPartOf\":{\"@id\":\"https:\/\/www.obudainyar.hu\/2022\/#website\"},\"datePublished\":\"2022-06-16T16:08:09+00:00\",\"dateModified\":\"2022-06-16T16:08:09+00:00\",\"breadcrumb\":{\"@id\":\"https:\/\/www.obudainyar.hu\/2022\/esemeny\/minden-ut-aquincumba-vezet\/#breadcrumb\"},\"inLanguage\":\"hu\",\"potentialAction\":[{\"@type\":\"ReadAction\",\"target\":[\"https:\/\/www.obudainyar.hu\/2022\/esemeny\/minden-ut-aquincumba-vezet\/\"]}]},{\"@type\":\"BreadcrumbList\",\"@id\":\"https:\/\/www.obudainyar.hu\/2022\/esemeny\/minden-ut-aquincumba-vezet\/#breadcrumb\",\"itemListElement\":[{\"@type\":\"ListItem\",\"position\":1,\"name\":\"Kezd\\u0151lap\",\"item\":\"https:\/\/www.obudainyar.hu\/2022\/\"},{\"@type\":\"ListItem\",\"position\":2,\"name\":\"Esem\\u00e9nyek\",\"item\":\"https:\/\/www.obudainyar.hu\/2022\/esemenyek\/\"},{\"@type\":\"ListItem\",\"position\":3,\"name\":\"Minden \\u00fat Aquincumba vezet\"}]}]}<\/script>\n<!-- \/ Yoast SEO plugin. -->","yoast_head_json":{"title":"Minden \u00fat Aquincumba vezet - \u00d3budai Ny\u00e1r 2022 | obuda.hu","robots":{"index":"index","follow":"follow","max-snippet":"max-snippet:-1","max-image-preview":"max-image-preview:large","max-video-preview":"max-video-preview:-1"},"canonical":"https:\/\/www.obudainyar.hu\/2022\/esemeny\/minden-ut-aquincumba-vezet\/","og_locale":"hu_HU","og_type":"article","og_title":"Minden \u00fat Aquincumba vezet - \u00d3budai Ny\u00e1r 2022 | obuda.hu","og_description":"T\u00e1rlatvezet\u00e9s","og_url":"https:\/\/www.obudainyar.hu\/2022\/esemeny\/minden-ut-aquincumba-vezet\/","og_site_name":"\u00d3budai Ny\u00e1r 2022 | obuda.hu","og_image":[{"width":1600,"height":900,"url":"https:\/\/www.obudainyar.hu\/2022\/wp-content\/uploads\/2021\/11\/ONY22_hero2-01.jpg","type":"image\/jpeg"}],"twitter_card":"summary_large_image","twitter_misc":{"Becs\u00fclt olvas\u00e1si id\u0151":"1 perc"},"schema":{"@context":"https:\/\/schema.org","@graph":[{"@type":"WebSite","@id":"https:\/\/www.obudainyar.hu\/2022\/#website","url":"https:\/\/www.obudainyar.hu\/2022\/","name":"\u00d3budai Ny\u00e1r 2022 | obuda.hu","description":"","potentialAction":[{"@type":"SearchAction","target":{"@type":"EntryPoint","urlTemplate":"https:\/\/www.obudainyar.hu\/2022\/?s={search_term_string}"},"query-input":"required name=search_term_string"}],"inLanguage":"hu"},{"@type":"WebPage","@id":"https:\/\/www.obudainyar.hu\/2022\/esemeny\/minden-ut-aquincumba-vezet\/#webpage","url":"https:\/\/www.obudainyar.hu\/2022\/esemeny\/minden-ut-aquincumba-vezet\/","name":"Minden \u00fat Aquincumba vezet - \u00d3budai Ny\u00e1r 2022 | obuda.hu","isPartOf":{"@id":"https:\/\/www.obudainyar.hu\/2022\/#website"},"datePublished":"2022-06-16T16:08:09+00:00","dateModified":"2022-06-16T16:08:09+00:00","breadcrumb":{"@id":"https:\/\/www.obudainyar.hu\/2022\/esemeny\/minden-ut-aquincumba-vezet\/#breadcrumb"},"inLanguage":"hu","potentialAction":[{"@type":"ReadAction","target":["https:\/\/www.obudainyar.hu\/2022\/esemeny\/minden-ut-aquincumba-vezet\/"]}]},{"@type":"BreadcrumbList","@id":"https:\/\/www.obudainyar.hu\/2022\/esemeny\/minden-ut-aquincumba-vezet\/#breadcrumb","itemListElement":[{"@type":"ListItem","position":1,"name":"Kezd\u0151lap","item":"https:\/\/www.obudainyar.hu\/2022\/"},{"@type":"ListItem","position":2,"name":"Esem\u00e9nyek","item":"https:\/\/www.obudainyar.hu\/2022\/esemenyek\/"},{"@type":"ListItem","position":3,"name":"Minden \u00fat Aquincumba vezet"}]}]}},"_links":{"self":[{"href":"https:\/\/www.obudainyar.hu\/2022\/wp-json\/wp\/v2\/tribe_events\/2562"}],"collection":[{"href":"https:\/\/www.obudainyar.hu\/2022\/wp-json\/wp\/v2\/tribe_events"}],"about":[{"href":"https:\/\/www.obudainyar.hu\/2022\/wp-json\/wp\/v2\/types\/tribe_events"}],"author":[{"embeddable":true,"href":"https:\/\/www.obudainyar.hu\/2022\/wp-json\/wp\/v2\/users\/7"}],"replies":[{"embeddable":true,"href":"https:\/\/www.obudainyar.hu\/2022\/wp-json\/wp\/v2\/comments?post=2562"}],"version-history":[{"count":1,"href":"https:\/\/www.obudainyar.hu\/2022\/wp-json\/wp\/v2\/tribe_events\/2562\/revisions"}],"predecessor-version":[{"id":2563,"href":"https:\/\/www.obudainyar.hu\/2022\/wp-json\/wp\/v2\/tribe_events\/2562\/revisions\/2563"}],"wp:attachment":[{"href":"https:\/\/www.obudainyar.hu\/2022\/wp-json\/wp\/v2\/media?parent=2562"}],"wp:term":[{"taxonomy":"post_tag","embeddable":true,"href":"https:\/\/www.obudainyar.hu\/2022\/wp-json\/wp\/v2\/tags?post=2562"},{"taxonomy":"tribe_events_cat","embeddable":true,"href":"https:\/\/www.obudainyar.hu\/2022\/wp-json\/wp\/v2\/tribe_events_cat?post=2562"}],"curies":[{"name":"wp","href":"https:\/\/api.w.org\/{rel}","templated":true}]}}