{"id":2575,"date":"2022-06-16T18:19:40","date_gmt":"2022-06-16T16:19:40","guid":{"rendered":"https:\/\/www.obudainyar.hu\/2022\/?post_type=tribe_events&#038;p=2575"},"modified":"2022-06-16T18:19:40","modified_gmt":"2022-06-16T16:19:40","slug":"romai-szepsegszalon","status":"publish","type":"tribe_events","link":"https:\/\/www.obudainyar.hu\/2022\/esemeny\/romai-szepsegszalon\/","title":{"rendered":"R\u00f3mai sz\u00e9ps\u00e9gszalon"},"content":{"rendered":"<p>A sz\u00e9ps\u00e9g\u00e1pol\u00e1s nem csak a jelenkor embere sz\u00e1m\u00e1ra kiemelten fontos, de m\u00e1r a r\u00f3mai korban is foglalkoztatta a f\u00e9rfiakat \u00e9s n\u0151ket egyar\u00e1nt. Hogyan sminkeltek, milyen volt a frizur\u00e1juk, milyen sz\u00e9p\u00e9szeti tr\u00fckk\u00f6ket tal\u00e1ltak ki a sug\u00e1rz\u00f3 megjelen\u00e9s \u00e9rdek\u00e9ben? Na \u00e9s mennyiben hasonl\u00edtanak ezek a technik\u00e1k a mai kozmetikai elj\u00e1r\u00e1sokhoz? A r\u00f3mai sz\u00e9ps\u00e9gs\u00e1torban ez is kider\u00fcl.<\/p>\n","protected":false},"excerpt":{"rendered":"<p>A sz\u00e9ps\u00e9g\u00e1pol\u00e1s t\u00f6rt\u00e9nelme<\/p>\n","protected":false},"author":7,"featured_media":0,"comment_status":"open","ping_status":"closed","template":"","meta":[],"tags":[52,28,340,20],"tribe_events_cat":[338],"yoast_head":"<!-- This site is optimized with the Yoast SEO plugin v17.5 - https:\/\/yoast.com\/wordpress\/plugins\/seo\/ -->\n<title>R\u00f3mai sz\u00e9ps\u00e9gszalon - \u00d3budai Ny\u00e1r 2022 | obuda.hu<\/title>\n<meta name=\"robots\" content=\"index, follow, max-snippet:-1, max-image-preview:large, max-video-preview:-1\" \/>\n<link rel=\"canonical\" href=\"https:\/\/www.obudainyar.hu\/2022\/esemeny\/romai-szepsegszalon\/\" \/>\n<meta property=\"og:locale\" content=\"hu_HU\" \/>\n<meta property=\"og:type\" content=\"article\" \/>\n<meta property=\"og:title\" content=\"R\u00f3mai sz\u00e9ps\u00e9gszalon - \u00d3budai Ny\u00e1r 2022 | obuda.hu\" \/>\n<meta property=\"og:description\" content=\"A sz\u00e9ps\u00e9g\u00e1pol\u00e1s t\u00f6rt\u00e9nelme\" \/>\n<meta property=\"og:url\" content=\"https:\/\/www.obudainyar.hu\/2022\/esemeny\/romai-szepsegszalon\/\" \/>\n<meta property=\"og:site_name\" content=\"\u00d3budai Ny\u00e1r 2022 | obuda.hu\" \/>\n<meta property=\"og:image\" content=\"https:\/\/www.obudainyar.hu\/2022\/wp-content\/uploads\/2021\/11\/ONY22_hero2-01.jpg\" \/>\n\t<meta property=\"og:image:width\" content=\"1600\" \/>\n\t<meta property=\"og:image:height\" content=\"900\" \/>\n<meta name=\"twitter:card\" content=\"summary_large_image\" \/>\n<meta name=\"twitter:label1\" content=\"Becs\u00fclt olvas\u00e1si id\u0151\" \/>\n\t<meta name=\"twitter:data1\" content=\"1 perc\" \/>\n<script type=\"application\/ld+json\" class=\"yoast-schema-graph\">{\"@context\":\"https:\/\/schema.org\",\"@graph\":[{\"@type\":\"WebSite\",\"@id\":\"https:\/\/www.obudainyar.hu\/2022\/#website\",\"url\":\"https:\/\/www.obudainyar.hu\/2022\/\",\"name\":\"\\u00d3budai Ny\\u00e1r 2022 | obuda.hu\",\"description\":\"\",\"potentialAction\":[{\"@type\":\"SearchAction\",\"target\":{\"@type\":\"EntryPoint\",\"urlTemplate\":\"https:\/\/www.obudainyar.hu\/2022\/?s={search_term_string}\"},\"query-input\":\"required name=search_term_string\"}],\"inLanguage\":\"hu\"},{\"@type\":\"WebPage\",\"@id\":\"https:\/\/www.obudainyar.hu\/2022\/esemeny\/romai-szepsegszalon\/#webpage\",\"url\":\"https:\/\/www.obudainyar.hu\/2022\/esemeny\/romai-szepsegszalon\/\",\"name\":\"R\\u00f3mai sz\\u00e9ps\\u00e9gszalon - \\u00d3budai Ny\\u00e1r 2022 | obuda.hu\",\"isPartOf\":{\"@id\":\"https:\/\/www.obudainyar.hu\/2022\/#website\"},\"datePublished\":\"2022-06-16T16:19:40+00:00\",\"dateModified\":\"2022-06-16T16:19:40+00:00\",\"breadcrumb\":{\"@id\":\"https:\/\/www.obudainyar.hu\/2022\/esemeny\/romai-szepsegszalon\/#breadcrumb\"},\"inLanguage\":\"hu\",\"potentialAction\":[{\"@type\":\"ReadAction\",\"target\":[\"https:\/\/www.obudainyar.hu\/2022\/esemeny\/romai-szepsegszalon\/\"]}]},{\"@type\":\"BreadcrumbList\",\"@id\":\"https:\/\/www.obudainyar.hu\/2022\/esemeny\/romai-szepsegszalon\/#breadcrumb\",\"itemListElement\":[{\"@type\":\"ListItem\",\"position\":1,\"name\":\"Kezd\\u0151lap\",\"item\":\"https:\/\/www.obudainyar.hu\/2022\/\"},{\"@type\":\"ListItem\",\"position\":2,\"name\":\"Esem\\u00e9nyek\",\"item\":\"https:\/\/www.obudainyar.hu\/2022\/esemenyek\/\"},{\"@type\":\"ListItem\",\"position\":3,\"name\":\"R\\u00f3mai sz\\u00e9ps\\u00e9gszalon\"}]}]}<\/script>\n<!-- \/ Yoast SEO plugin. -->","yoast_head_json":{"title":"R\u00f3mai sz\u00e9ps\u00e9gszalon - \u00d3budai Ny\u00e1r 2022 | obuda.hu","robots":{"index":"index","follow":"follow","max-snippet":"max-snippet:-1","max-image-preview":"max-image-preview:large","max-video-preview":"max-video-preview:-1"},"canonical":"https:\/\/www.obudainyar.hu\/2022\/esemeny\/romai-szepsegszalon\/","og_locale":"hu_HU","og_type":"article","og_title":"R\u00f3mai sz\u00e9ps\u00e9gszalon - \u00d3budai Ny\u00e1r 2022 | obuda.hu","og_description":"A sz\u00e9ps\u00e9g\u00e1pol\u00e1s t\u00f6rt\u00e9nelme","og_url":"https:\/\/www.obudainyar.hu\/2022\/esemeny\/romai-szepsegszalon\/","og_site_name":"\u00d3budai Ny\u00e1r 2022 | obuda.hu","og_image":[{"width":1600,"height":900,"url":"https:\/\/www.obudainyar.hu\/2022\/wp-content\/uploads\/2021\/11\/ONY22_hero2-01.jpg","type":"image\/jpeg"}],"twitter_card":"summary_large_image","twitter_misc":{"Becs\u00fclt olvas\u00e1si id\u0151":"1 perc"},"schema":{"@context":"https:\/\/schema.org","@graph":[{"@type":"WebSite","@id":"https:\/\/www.obudainyar.hu\/2022\/#website","url":"https:\/\/www.obudainyar.hu\/2022\/","name":"\u00d3budai Ny\u00e1r 2022 | obuda.hu","description":"","potentialAction":[{"@type":"SearchAction","target":{"@type":"EntryPoint","urlTemplate":"https:\/\/www.obudainyar.hu\/2022\/?s={search_term_string}"},"query-input":"required name=search_term_string"}],"inLanguage":"hu"},{"@type":"WebPage","@id":"https:\/\/www.obudainyar.hu\/2022\/esemeny\/romai-szepsegszalon\/#webpage","url":"https:\/\/www.obudainyar.hu\/2022\/esemeny\/romai-szepsegszalon\/","name":"R\u00f3mai sz\u00e9ps\u00e9gszalon - \u00d3budai Ny\u00e1r 2022 | obuda.hu","isPartOf":{"@id":"https:\/\/www.obudainyar.hu\/2022\/#website"},"datePublished":"2022-06-16T16:19:40+00:00","dateModified":"2022-06-16T16:19:40+00:00","breadcrumb":{"@id":"https:\/\/www.obudainyar.hu\/2022\/esemeny\/romai-szepsegszalon\/#breadcrumb"},"inLanguage":"hu","potentialAction":[{"@type":"ReadAction","target":["https:\/\/www.obudainyar.hu\/2022\/esemeny\/romai-szepsegszalon\/"]}]},{"@type":"BreadcrumbList","@id":"https:\/\/www.obudainyar.hu\/2022\/esemeny\/romai-szepsegszalon\/#breadcrumb","itemListElement":[{"@type":"ListItem","position":1,"name":"Kezd\u0151lap","item":"https:\/\/www.obudainyar.hu\/2022\/"},{"@type":"ListItem","position":2,"name":"Esem\u00e9nyek","item":"https:\/\/www.obudainyar.hu\/2022\/esemenyek\/"},{"@type":"ListItem","position":3,"name":"R\u00f3mai sz\u00e9ps\u00e9gszalon"}]}]}},"_links":{"self":[{"href":"https:\/\/www.obudainyar.hu\/2022\/wp-json\/wp\/v2\/tribe_events\/2575"}],"collection":[{"href":"https:\/\/www.obudainyar.hu\/2022\/wp-json\/wp\/v2\/tribe_events"}],"about":[{"href":"https:\/\/www.obudainyar.hu\/2022\/wp-json\/wp\/v2\/types\/tribe_events"}],"author":[{"embeddable":true,"href":"https:\/\/www.obudainyar.hu\/2022\/wp-json\/wp\/v2\/users\/7"}],"replies":[{"embeddable":true,"href":"https:\/\/www.obudainyar.hu\/2022\/wp-json\/wp\/v2\/comments?post=2575"}],"version-history":[{"count":1,"href":"https:\/\/www.obudainyar.hu\/2022\/wp-json\/wp\/v2\/tribe_events\/2575\/revisions"}],"predecessor-version":[{"id":2576,"href":"https:\/\/www.obudainyar.hu\/2022\/wp-json\/wp\/v2\/tribe_events\/2575\/revisions\/2576"}],"wp:attachment":[{"href":"https:\/\/www.obudainyar.hu\/2022\/wp-json\/wp\/v2\/media?parent=2575"}],"wp:term":[{"taxonomy":"post_tag","embeddable":true,"href":"https:\/\/www.obudainyar.hu\/2022\/wp-json\/wp\/v2\/tags?post=2575"},{"taxonomy":"tribe_events_cat","embeddable":true,"href":"https:\/\/www.obudainyar.hu\/2022\/wp-json\/wp\/v2\/tribe_events_cat?post=2575"}],"curies":[{"name":"wp","href":"https:\/\/api.w.org\/{rel}","templated":true}]}}