{"id":2641,"date":"2022-06-17T10:20:58","date_gmt":"2022-06-17T08:20:58","guid":{"rendered":"https:\/\/www.obudainyar.hu\/2022\/?post_type=tribe_events&#038;p=2641"},"modified":"2022-06-17T10:20:58","modified_gmt":"2022-06-17T08:20:58","slug":"tarlatvezetes-gaspar-annamaria-changes-are-coming-cimu-kiallitasan","status":"publish","type":"tribe_events","link":"https:\/\/www.obudainyar.hu\/2022\/esemeny\/tarlatvezetes-gaspar-annamaria-changes-are-coming-cimu-kiallitasan\/","title":{"rendered":"T\u00e1rlatvezet\u00e9s G\u00e1sp\u00e1r Annam\u00e1ria Changes are coming c\u00edm\u0171 ki\u00e1ll\u00edt\u00e1s\u00e1n"},"content":{"rendered":"<p style=\"margin-top: 0cm; line-height: 115%; background: white;\">M\u0171v\u00e9szeti p\u00e1ly\u00e1j\u00e1nak kezdete \u00f3ta a n\u0151k helyzet\u00e9re f\u00f3kusz\u00e1lva alak\u00edtja egyedi fest\u0151i vil\u00e1g\u00e1t, amely a Changes Are Coming c\u00edm\u0171 t\u00e1rlaton install\u00e1ci\u00f3kkal eg\u00e9sz\u00fcl ki. A most bemutat\u00e1sra ker\u00fcl\u0151 leg\u00fajabb m\u0171vek azokra a korunkat meghat\u00e1roz\u00f3 gondolati folyamatokra helyezik a hangs\u00falyt, amelyekkel megpr\u00f3b\u00e1ljuk val\u00f3s \u00e9rtelemmel \u00e9s m\u00e9lys\u00e9ggel megt\u00f6lteni \u00e9let\u00fcnket, hogy el\u00e9rhess\u00fcnk a bels\u0151 harm\u00f3ni\u00e1nak egy kiel\u00e9g\u00edt\u0151bb fok\u00e1ra. Ezzel \u00f6sszekapcsol\u00f3dva olyan kultur\u00e1lisan n\u0151inek tartott tulajdons\u00e1gok szerepe \u00e9rt\u00e9kel\u0151d\u00f6tt \u00e1t, mint az intuit\u00edv gondolkod\u00e1s, emp\u00e1tia, nyitott be\u00e1ll\u00edt\u00f3d\u00e1s, befel\u00e9 fordul\u00e1s, passz\u00edv szeml\u00e9l\u0151d\u00e9s, vagy \u00e9rzelmi vil\u00e1gunk szabadabb meg\u00e9l\u00e9se.<\/p>\n<p style=\"margin-top: 0cm; line-height: 115%; background: white;\">G\u00e1sp\u00e1r Annam\u00e1ria k\u00e9pein megjelen\u0151 n\u0151alakok inkognit\u00f3ban maradnak, szem\u00e9lyis\u00e9g\u00fck nem fontos, hanem a gener\u00e1ci\u00f3kon \u00e1t\u00edvel\u0151 kapcsolat v\u00e1lik hangs\u00falyos elemm\u00e9 \u00e1ltaluk. A festm\u00e9nyeket \u00f6sszek\u00f6t\u0151 r\u00f3zsasz\u00edn dominancia egy \u00e1lomszer\u0171, b\u00e9k\u00e9s hely benyom\u00e1s\u00e1t kelti, festm\u00e9nyei m\u00e9gis gyakran keltenek nyugtalan\u00edt\u00f3 hat\u00e1st. A k\u00e9peken megjelen\u0151 kiragadott r\u00e9szletek \u00e9s jelenetek kett\u0151s \u00fczenettel b\u00edrnak: a m\u00falt \u00e9s a jelen momentumai reflexi\u00f3t ig\u00e9nyelnek, tudatos hozz\u00e1\u00e1ll\u00e1st, de ahogy a ki\u00e1ll\u00edt\u00e1s c\u00edme is jelzi, a gy\u00f3gyul\u00e1s folyamatai m\u00e1r elkezd\u0151dtek.<\/p>\n","protected":false},"excerpt":{"rendered":"<p>G\u00e1sp\u00e1r Annam\u00e1ria a jelen gener\u00e1ci\u00f3j\u00e1nak egyik leg\u00edg\u00e9retesebb \u00e9s legizgalmasabb alakja szem\u00e9lyesen tart t\u00e1rlatvezet\u00e9st \u00f6n\u00e1ll\u00f3 ki\u00e1ll\u00edt\u00e1s\u00e1n. <\/p>\n","protected":false},"author":7,"featured_media":0,"comment_status":"open","ping_status":"closed","template":"","meta":[],"tags":[25,353,340,23,18],"tribe_events_cat":[338],"yoast_head":"<!-- This site is optimized with the Yoast SEO plugin v17.5 - https:\/\/yoast.com\/wordpress\/plugins\/seo\/ -->\n<title>T\u00e1rlatvezet\u00e9s G\u00e1sp\u00e1r Annam\u00e1ria Changes are coming c\u00edm\u0171 ki\u00e1ll\u00edt\u00e1s\u00e1n - \u00d3budai Ny\u00e1r 2022 | obuda.hu<\/title>\n<meta name=\"robots\" content=\"index, follow, max-snippet:-1, max-image-preview:large, max-video-preview:-1\" \/>\n<link rel=\"canonical\" href=\"https:\/\/www.obudainyar.hu\/2022\/esemeny\/tarlatvezetes-gaspar-annamaria-changes-are-coming-cimu-kiallitasan\/\" \/>\n<meta property=\"og:locale\" content=\"hu_HU\" \/>\n<meta property=\"og:type\" content=\"article\" \/>\n<meta property=\"og:title\" content=\"T\u00e1rlatvezet\u00e9s G\u00e1sp\u00e1r Annam\u00e1ria Changes are coming c\u00edm\u0171 ki\u00e1ll\u00edt\u00e1s\u00e1n - \u00d3budai Ny\u00e1r 2022 | obuda.hu\" \/>\n<meta property=\"og:description\" content=\"G\u00e1sp\u00e1r Annam\u00e1ria a jelen gener\u00e1ci\u00f3j\u00e1nak egyik leg\u00edg\u00e9retesebb \u00e9s legizgalmasabb alakja szem\u00e9lyesen tart t\u00e1rlatvezet\u00e9st \u00f6n\u00e1ll\u00f3 ki\u00e1ll\u00edt\u00e1s\u00e1n.\" \/>\n<meta property=\"og:url\" content=\"https:\/\/www.obudainyar.hu\/2022\/esemeny\/tarlatvezetes-gaspar-annamaria-changes-are-coming-cimu-kiallitasan\/\" \/>\n<meta property=\"og:site_name\" content=\"\u00d3budai Ny\u00e1r 2022 | obuda.hu\" \/>\n<meta property=\"og:image\" content=\"https:\/\/www.obudainyar.hu\/2022\/wp-content\/uploads\/2021\/11\/ONY22_hero2-01.jpg\" \/>\n\t<meta property=\"og:image:width\" content=\"1600\" \/>\n\t<meta property=\"og:image:height\" content=\"900\" \/>\n<meta name=\"twitter:card\" content=\"summary_large_image\" \/>\n<meta name=\"twitter:label1\" content=\"Becs\u00fclt olvas\u00e1si id\u0151\" \/>\n\t<meta name=\"twitter:data1\" content=\"1 perc\" \/>\n<script type=\"application\/ld+json\" class=\"yoast-schema-graph\">{\"@context\":\"https:\/\/schema.org\",\"@graph\":[{\"@type\":\"WebSite\",\"@id\":\"https:\/\/www.obudainyar.hu\/2022\/#website\",\"url\":\"https:\/\/www.obudainyar.hu\/2022\/\",\"name\":\"\\u00d3budai Ny\\u00e1r 2022 | obuda.hu\",\"description\":\"\",\"potentialAction\":[{\"@type\":\"SearchAction\",\"target\":{\"@type\":\"EntryPoint\",\"urlTemplate\":\"https:\/\/www.obudainyar.hu\/2022\/?s={search_term_string}\"},\"query-input\":\"required name=search_term_string\"}],\"inLanguage\":\"hu\"},{\"@type\":\"WebPage\",\"@id\":\"https:\/\/www.obudainyar.hu\/2022\/esemeny\/tarlatvezetes-gaspar-annamaria-changes-are-coming-cimu-kiallitasan\/#webpage\",\"url\":\"https:\/\/www.obudainyar.hu\/2022\/esemeny\/tarlatvezetes-gaspar-annamaria-changes-are-coming-cimu-kiallitasan\/\",\"name\":\"T\\u00e1rlatvezet\\u00e9s G\\u00e1sp\\u00e1r Annam\\u00e1ria Changes are coming c\\u00edm\\u0171 ki\\u00e1ll\\u00edt\\u00e1s\\u00e1n - \\u00d3budai Ny\\u00e1r 2022 | obuda.hu\",\"isPartOf\":{\"@id\":\"https:\/\/www.obudainyar.hu\/2022\/#website\"},\"datePublished\":\"2022-06-17T08:20:58+00:00\",\"dateModified\":\"2022-06-17T08:20:58+00:00\",\"breadcrumb\":{\"@id\":\"https:\/\/www.obudainyar.hu\/2022\/esemeny\/tarlatvezetes-gaspar-annamaria-changes-are-coming-cimu-kiallitasan\/#breadcrumb\"},\"inLanguage\":\"hu\",\"potentialAction\":[{\"@type\":\"ReadAction\",\"target\":[\"https:\/\/www.obudainyar.hu\/2022\/esemeny\/tarlatvezetes-gaspar-annamaria-changes-are-coming-cimu-kiallitasan\/\"]}]},{\"@type\":\"BreadcrumbList\",\"@id\":\"https:\/\/www.obudainyar.hu\/2022\/esemeny\/tarlatvezetes-gaspar-annamaria-changes-are-coming-cimu-kiallitasan\/#breadcrumb\",\"itemListElement\":[{\"@type\":\"ListItem\",\"position\":1,\"name\":\"Kezd\\u0151lap\",\"item\":\"https:\/\/www.obudainyar.hu\/2022\/\"},{\"@type\":\"ListItem\",\"position\":2,\"name\":\"Esem\\u00e9nyek\",\"item\":\"https:\/\/www.obudainyar.hu\/2022\/esemenyek\/\"},{\"@type\":\"ListItem\",\"position\":3,\"name\":\"T\\u00e1rlatvezet\\u00e9s G\\u00e1sp\\u00e1r Annam\\u00e1ria Changes are coming c\\u00edm\\u0171 ki\\u00e1ll\\u00edt\\u00e1s\\u00e1n\"}]}]}<\/script>\n<!-- \/ Yoast SEO plugin. -->","yoast_head_json":{"title":"T\u00e1rlatvezet\u00e9s G\u00e1sp\u00e1r Annam\u00e1ria Changes are coming c\u00edm\u0171 ki\u00e1ll\u00edt\u00e1s\u00e1n - \u00d3budai Ny\u00e1r 2022 | obuda.hu","robots":{"index":"index","follow":"follow","max-snippet":"max-snippet:-1","max-image-preview":"max-image-preview:large","max-video-preview":"max-video-preview:-1"},"canonical":"https:\/\/www.obudainyar.hu\/2022\/esemeny\/tarlatvezetes-gaspar-annamaria-changes-are-coming-cimu-kiallitasan\/","og_locale":"hu_HU","og_type":"article","og_title":"T\u00e1rlatvezet\u00e9s G\u00e1sp\u00e1r Annam\u00e1ria Changes are coming c\u00edm\u0171 ki\u00e1ll\u00edt\u00e1s\u00e1n - \u00d3budai Ny\u00e1r 2022 | obuda.hu","og_description":"G\u00e1sp\u00e1r Annam\u00e1ria a jelen gener\u00e1ci\u00f3j\u00e1nak egyik leg\u00edg\u00e9retesebb \u00e9s legizgalmasabb alakja szem\u00e9lyesen tart t\u00e1rlatvezet\u00e9st \u00f6n\u00e1ll\u00f3 ki\u00e1ll\u00edt\u00e1s\u00e1n.","og_url":"https:\/\/www.obudainyar.hu\/2022\/esemeny\/tarlatvezetes-gaspar-annamaria-changes-are-coming-cimu-kiallitasan\/","og_site_name":"\u00d3budai Ny\u00e1r 2022 | obuda.hu","og_image":[{"width":1600,"height":900,"url":"https:\/\/www.obudainyar.hu\/2022\/wp-content\/uploads\/2021\/11\/ONY22_hero2-01.jpg","type":"image\/jpeg"}],"twitter_card":"summary_large_image","twitter_misc":{"Becs\u00fclt olvas\u00e1si id\u0151":"1 perc"},"schema":{"@context":"https:\/\/schema.org","@graph":[{"@type":"WebSite","@id":"https:\/\/www.obudainyar.hu\/2022\/#website","url":"https:\/\/www.obudainyar.hu\/2022\/","name":"\u00d3budai Ny\u00e1r 2022 | obuda.hu","description":"","potentialAction":[{"@type":"SearchAction","target":{"@type":"EntryPoint","urlTemplate":"https:\/\/www.obudainyar.hu\/2022\/?s={search_term_string}"},"query-input":"required name=search_term_string"}],"inLanguage":"hu"},{"@type":"WebPage","@id":"https:\/\/www.obudainyar.hu\/2022\/esemeny\/tarlatvezetes-gaspar-annamaria-changes-are-coming-cimu-kiallitasan\/#webpage","url":"https:\/\/www.obudainyar.hu\/2022\/esemeny\/tarlatvezetes-gaspar-annamaria-changes-are-coming-cimu-kiallitasan\/","name":"T\u00e1rlatvezet\u00e9s G\u00e1sp\u00e1r Annam\u00e1ria Changes are coming c\u00edm\u0171 ki\u00e1ll\u00edt\u00e1s\u00e1n - \u00d3budai Ny\u00e1r 2022 | obuda.hu","isPartOf":{"@id":"https:\/\/www.obudainyar.hu\/2022\/#website"},"datePublished":"2022-06-17T08:20:58+00:00","dateModified":"2022-06-17T08:20:58+00:00","breadcrumb":{"@id":"https:\/\/www.obudainyar.hu\/2022\/esemeny\/tarlatvezetes-gaspar-annamaria-changes-are-coming-cimu-kiallitasan\/#breadcrumb"},"inLanguage":"hu","potentialAction":[{"@type":"ReadAction","target":["https:\/\/www.obudainyar.hu\/2022\/esemeny\/tarlatvezetes-gaspar-annamaria-changes-are-coming-cimu-kiallitasan\/"]}]},{"@type":"BreadcrumbList","@id":"https:\/\/www.obudainyar.hu\/2022\/esemeny\/tarlatvezetes-gaspar-annamaria-changes-are-coming-cimu-kiallitasan\/#breadcrumb","itemListElement":[{"@type":"ListItem","position":1,"name":"Kezd\u0151lap","item":"https:\/\/www.obudainyar.hu\/2022\/"},{"@type":"ListItem","position":2,"name":"Esem\u00e9nyek","item":"https:\/\/www.obudainyar.hu\/2022\/esemenyek\/"},{"@type":"ListItem","position":3,"name":"T\u00e1rlatvezet\u00e9s G\u00e1sp\u00e1r Annam\u00e1ria Changes are coming c\u00edm\u0171 ki\u00e1ll\u00edt\u00e1s\u00e1n"}]}]}},"_links":{"self":[{"href":"https:\/\/www.obudainyar.hu\/2022\/wp-json\/wp\/v2\/tribe_events\/2641"}],"collection":[{"href":"https:\/\/www.obudainyar.hu\/2022\/wp-json\/wp\/v2\/tribe_events"}],"about":[{"href":"https:\/\/www.obudainyar.hu\/2022\/wp-json\/wp\/v2\/types\/tribe_events"}],"author":[{"embeddable":true,"href":"https:\/\/www.obudainyar.hu\/2022\/wp-json\/wp\/v2\/users\/7"}],"replies":[{"embeddable":true,"href":"https:\/\/www.obudainyar.hu\/2022\/wp-json\/wp\/v2\/comments?post=2641"}],"version-history":[{"count":1,"href":"https:\/\/www.obudainyar.hu\/2022\/wp-json\/wp\/v2\/tribe_events\/2641\/revisions"}],"predecessor-version":[{"id":2642,"href":"https:\/\/www.obudainyar.hu\/2022\/wp-json\/wp\/v2\/tribe_events\/2641\/revisions\/2642"}],"wp:attachment":[{"href":"https:\/\/www.obudainyar.hu\/2022\/wp-json\/wp\/v2\/media?parent=2641"}],"wp:term":[{"taxonomy":"post_tag","embeddable":true,"href":"https:\/\/www.obudainyar.hu\/2022\/wp-json\/wp\/v2\/tags?post=2641"},{"taxonomy":"tribe_events_cat","embeddable":true,"href":"https:\/\/www.obudainyar.hu\/2022\/wp-json\/wp\/v2\/tribe_events_cat?post=2641"}],"curies":[{"name":"wp","href":"https:\/\/api.w.org\/{rel}","templated":true}]}}