{"id":2705,"date":"2022-06-17T11:20:56","date_gmt":"2022-06-17T09:20:56","guid":{"rendered":"https:\/\/www.obudainyar.hu\/2022\/?post_type=tribe_events&#038;p=2705"},"modified":"2022-06-17T11:20:56","modified_gmt":"2022-06-17T09:20:56","slug":"az-obuda-zsinagoga-200-eves-tortenetenek-bemutatasa-2","status":"publish","type":"tribe_events","link":"https:\/\/www.obudainyar.hu\/2022\/esemeny\/az-obuda-zsinagoga-200-eves-tortenetenek-bemutatasa-2\/","title":{"rendered":"Az \u00d3buda Zsinag\u00f3ga 200 \u00e9ves t\u00f6rt\u00e9net\u00e9nek bemutat\u00e1sa"},"content":{"rendered":"<p>El\u0151zetes regisztr\u00e1ci\u00f3 sz\u00fcks\u00e9ges: <a href=\"https:\/\/form.jotform.com\/221504462007343\" target=\"_blank\" rel=\"noopener\">https:\/\/form.jotform.com\/221504462007343<\/a><\/p>\n<p>Budapest legr\u00e9gebbi zsinag\u00f3g\u00e1ja, amely r\u00e9gebben m\u00fazeumk\u00e9nt, rakt\u00e1rk\u00e9nt, illetve t\u00e9v\u00e9st\u00fadi\u00f3k\u00e9nt is \u00fczemelt. Ma az \u00fajj\u00e1\u00e9led\u0151 magyar zsid\u00f3 k\u00f6z\u00f6ss\u00e9g szimb\u00f3luma. Az EMIH vezet\u0151 rabbija, K\u00f6ves Slom\u00f3 \u00e1ltal vezetett zsinag\u00f3ga padsorai h\u00e9tr\u0151l h\u00e9tre megtelnek ismer\u0151s\u00f6kkel \u00e9s ismeretlenekkel. A k\u00f6sz\u00f6n\u00e9sek, az egym\u00e1shoz int\u00e9zet k\u00e9rd\u00e9sek itt sohasem az idegenhez, hanem a k\u00f6z\u00f6s \u00e9lm\u00e9ny n\u00e9lk\u00fcl\u00f6zhetetlen r\u00e9szeseihez sz\u00f3lnak. Az \u00d3budai zsinag\u00f3ga nem csup\u00e1n a helyi hit\u00e9let legfontosabb helysz\u00edne, hanem egy \u00e9l\u0151, nyitott \u00e9s vir\u00e1gz\u00f3 k\u00f6z\u00f6ss\u00e9g.<\/p>\n<p>A program ut\u00e1n k\u00f3ser fl\u00f3dni k\u00f3stol\u00e1sra van lehet\u0151s\u00e9g\u00fck a vend\u00e9geknek.<\/p>\n<p>A helysz\u00ednen jegyv\u00e1s\u00e1rl\u00e1sra, \u00e9s jegy \u00e1tv\u00e9telre nincs lehet\u0151s\u00e9g!\u00a0A program regisztr\u00e1ci\u00f3hoz k\u00f6t\u00f6tt!<\/p>\n","protected":false},"excerpt":{"rendered":"<p>V\u00e1runk oda, ahol S\u00fcs\u00fc is j\u00f3l \u00e9rezte mag\u00e1t!<\/p>\n","protected":false},"author":7,"featured_media":0,"comment_status":"open","ping_status":"closed","template":"","meta":[],"tags":[28,353,340,20],"tribe_events_cat":[338],"yoast_head":"<!-- This site is optimized with the Yoast SEO plugin v17.5 - https:\/\/yoast.com\/wordpress\/plugins\/seo\/ -->\n<title>Az \u00d3buda Zsinag\u00f3ga 200 \u00e9ves t\u00f6rt\u00e9net\u00e9nek bemutat\u00e1sa - \u00d3budai Ny\u00e1r 2022 | obuda.hu<\/title>\n<meta name=\"robots\" content=\"index, follow, max-snippet:-1, max-image-preview:large, max-video-preview:-1\" \/>\n<link rel=\"canonical\" href=\"https:\/\/www.obudainyar.hu\/2022\/esemeny\/az-obuda-zsinagoga-200-eves-tortenetenek-bemutatasa-2\/\" \/>\n<meta property=\"og:locale\" content=\"hu_HU\" \/>\n<meta property=\"og:type\" content=\"article\" \/>\n<meta property=\"og:title\" content=\"Az \u00d3buda Zsinag\u00f3ga 200 \u00e9ves t\u00f6rt\u00e9net\u00e9nek bemutat\u00e1sa - \u00d3budai Ny\u00e1r 2022 | obuda.hu\" \/>\n<meta property=\"og:description\" content=\"V\u00e1runk oda, ahol S\u00fcs\u00fc is j\u00f3l \u00e9rezte mag\u00e1t!\" \/>\n<meta property=\"og:url\" content=\"https:\/\/www.obudainyar.hu\/2022\/esemeny\/az-obuda-zsinagoga-200-eves-tortenetenek-bemutatasa-2\/\" \/>\n<meta property=\"og:site_name\" content=\"\u00d3budai Ny\u00e1r 2022 | obuda.hu\" \/>\n<meta property=\"og:image\" content=\"https:\/\/www.obudainyar.hu\/2022\/wp-content\/uploads\/2021\/11\/ONY22_hero2-01.jpg\" \/>\n\t<meta property=\"og:image:width\" content=\"1600\" \/>\n\t<meta property=\"og:image:height\" content=\"900\" \/>\n<meta name=\"twitter:card\" content=\"summary_large_image\" \/>\n<meta name=\"twitter:label1\" content=\"Becs\u00fclt olvas\u00e1si id\u0151\" \/>\n\t<meta name=\"twitter:data1\" content=\"1 perc\" \/>\n<script type=\"application\/ld+json\" class=\"yoast-schema-graph\">{\"@context\":\"https:\/\/schema.org\",\"@graph\":[{\"@type\":\"WebSite\",\"@id\":\"https:\/\/www.obudainyar.hu\/2022\/#website\",\"url\":\"https:\/\/www.obudainyar.hu\/2022\/\",\"name\":\"\\u00d3budai Ny\\u00e1r 2022 | obuda.hu\",\"description\":\"\",\"potentialAction\":[{\"@type\":\"SearchAction\",\"target\":{\"@type\":\"EntryPoint\",\"urlTemplate\":\"https:\/\/www.obudainyar.hu\/2022\/?s={search_term_string}\"},\"query-input\":\"required name=search_term_string\"}],\"inLanguage\":\"hu\"},{\"@type\":\"WebPage\",\"@id\":\"https:\/\/www.obudainyar.hu\/2022\/esemeny\/az-obuda-zsinagoga-200-eves-tortenetenek-bemutatasa-2\/#webpage\",\"url\":\"https:\/\/www.obudainyar.hu\/2022\/esemeny\/az-obuda-zsinagoga-200-eves-tortenetenek-bemutatasa-2\/\",\"name\":\"Az \\u00d3buda Zsinag\\u00f3ga 200 \\u00e9ves t\\u00f6rt\\u00e9net\\u00e9nek bemutat\\u00e1sa - \\u00d3budai Ny\\u00e1r 2022 | obuda.hu\",\"isPartOf\":{\"@id\":\"https:\/\/www.obudainyar.hu\/2022\/#website\"},\"datePublished\":\"2022-06-17T09:20:56+00:00\",\"dateModified\":\"2022-06-17T09:20:56+00:00\",\"breadcrumb\":{\"@id\":\"https:\/\/www.obudainyar.hu\/2022\/esemeny\/az-obuda-zsinagoga-200-eves-tortenetenek-bemutatasa-2\/#breadcrumb\"},\"inLanguage\":\"hu\",\"potentialAction\":[{\"@type\":\"ReadAction\",\"target\":[\"https:\/\/www.obudainyar.hu\/2022\/esemeny\/az-obuda-zsinagoga-200-eves-tortenetenek-bemutatasa-2\/\"]}]},{\"@type\":\"BreadcrumbList\",\"@id\":\"https:\/\/www.obudainyar.hu\/2022\/esemeny\/az-obuda-zsinagoga-200-eves-tortenetenek-bemutatasa-2\/#breadcrumb\",\"itemListElement\":[{\"@type\":\"ListItem\",\"position\":1,\"name\":\"Kezd\\u0151lap\",\"item\":\"https:\/\/www.obudainyar.hu\/2022\/\"},{\"@type\":\"ListItem\",\"position\":2,\"name\":\"Esem\\u00e9nyek\",\"item\":\"https:\/\/www.obudainyar.hu\/2022\/esemenyek\/\"},{\"@type\":\"ListItem\",\"position\":3,\"name\":\"Az \\u00d3buda Zsinag\\u00f3ga 200 \\u00e9ves t\\u00f6rt\\u00e9net\\u00e9nek bemutat\\u00e1sa\"}]}]}<\/script>\n<!-- \/ Yoast SEO plugin. -->","yoast_head_json":{"title":"Az \u00d3buda Zsinag\u00f3ga 200 \u00e9ves t\u00f6rt\u00e9net\u00e9nek bemutat\u00e1sa - \u00d3budai Ny\u00e1r 2022 | obuda.hu","robots":{"index":"index","follow":"follow","max-snippet":"max-snippet:-1","max-image-preview":"max-image-preview:large","max-video-preview":"max-video-preview:-1"},"canonical":"https:\/\/www.obudainyar.hu\/2022\/esemeny\/az-obuda-zsinagoga-200-eves-tortenetenek-bemutatasa-2\/","og_locale":"hu_HU","og_type":"article","og_title":"Az \u00d3buda Zsinag\u00f3ga 200 \u00e9ves t\u00f6rt\u00e9net\u00e9nek bemutat\u00e1sa - \u00d3budai Ny\u00e1r 2022 | obuda.hu","og_description":"V\u00e1runk oda, ahol S\u00fcs\u00fc is j\u00f3l \u00e9rezte mag\u00e1t!","og_url":"https:\/\/www.obudainyar.hu\/2022\/esemeny\/az-obuda-zsinagoga-200-eves-tortenetenek-bemutatasa-2\/","og_site_name":"\u00d3budai Ny\u00e1r 2022 | obuda.hu","og_image":[{"width":1600,"height":900,"url":"https:\/\/www.obudainyar.hu\/2022\/wp-content\/uploads\/2021\/11\/ONY22_hero2-01.jpg","type":"image\/jpeg"}],"twitter_card":"summary_large_image","twitter_misc":{"Becs\u00fclt olvas\u00e1si id\u0151":"1 perc"},"schema":{"@context":"https:\/\/schema.org","@graph":[{"@type":"WebSite","@id":"https:\/\/www.obudainyar.hu\/2022\/#website","url":"https:\/\/www.obudainyar.hu\/2022\/","name":"\u00d3budai Ny\u00e1r 2022 | obuda.hu","description":"","potentialAction":[{"@type":"SearchAction","target":{"@type":"EntryPoint","urlTemplate":"https:\/\/www.obudainyar.hu\/2022\/?s={search_term_string}"},"query-input":"required name=search_term_string"}],"inLanguage":"hu"},{"@type":"WebPage","@id":"https:\/\/www.obudainyar.hu\/2022\/esemeny\/az-obuda-zsinagoga-200-eves-tortenetenek-bemutatasa-2\/#webpage","url":"https:\/\/www.obudainyar.hu\/2022\/esemeny\/az-obuda-zsinagoga-200-eves-tortenetenek-bemutatasa-2\/","name":"Az \u00d3buda Zsinag\u00f3ga 200 \u00e9ves t\u00f6rt\u00e9net\u00e9nek bemutat\u00e1sa - \u00d3budai Ny\u00e1r 2022 | obuda.hu","isPartOf":{"@id":"https:\/\/www.obudainyar.hu\/2022\/#website"},"datePublished":"2022-06-17T09:20:56+00:00","dateModified":"2022-06-17T09:20:56+00:00","breadcrumb":{"@id":"https:\/\/www.obudainyar.hu\/2022\/esemeny\/az-obuda-zsinagoga-200-eves-tortenetenek-bemutatasa-2\/#breadcrumb"},"inLanguage":"hu","potentialAction":[{"@type":"ReadAction","target":["https:\/\/www.obudainyar.hu\/2022\/esemeny\/az-obuda-zsinagoga-200-eves-tortenetenek-bemutatasa-2\/"]}]},{"@type":"BreadcrumbList","@id":"https:\/\/www.obudainyar.hu\/2022\/esemeny\/az-obuda-zsinagoga-200-eves-tortenetenek-bemutatasa-2\/#breadcrumb","itemListElement":[{"@type":"ListItem","position":1,"name":"Kezd\u0151lap","item":"https:\/\/www.obudainyar.hu\/2022\/"},{"@type":"ListItem","position":2,"name":"Esem\u00e9nyek","item":"https:\/\/www.obudainyar.hu\/2022\/esemenyek\/"},{"@type":"ListItem","position":3,"name":"Az \u00d3buda Zsinag\u00f3ga 200 \u00e9ves t\u00f6rt\u00e9net\u00e9nek bemutat\u00e1sa"}]}]}},"_links":{"self":[{"href":"https:\/\/www.obudainyar.hu\/2022\/wp-json\/wp\/v2\/tribe_events\/2705"}],"collection":[{"href":"https:\/\/www.obudainyar.hu\/2022\/wp-json\/wp\/v2\/tribe_events"}],"about":[{"href":"https:\/\/www.obudainyar.hu\/2022\/wp-json\/wp\/v2\/types\/tribe_events"}],"author":[{"embeddable":true,"href":"https:\/\/www.obudainyar.hu\/2022\/wp-json\/wp\/v2\/users\/7"}],"replies":[{"embeddable":true,"href":"https:\/\/www.obudainyar.hu\/2022\/wp-json\/wp\/v2\/comments?post=2705"}],"version-history":[{"count":1,"href":"https:\/\/www.obudainyar.hu\/2022\/wp-json\/wp\/v2\/tribe_events\/2705\/revisions"}],"predecessor-version":[{"id":2706,"href":"https:\/\/www.obudainyar.hu\/2022\/wp-json\/wp\/v2\/tribe_events\/2705\/revisions\/2706"}],"wp:attachment":[{"href":"https:\/\/www.obudainyar.hu\/2022\/wp-json\/wp\/v2\/media?parent=2705"}],"wp:term":[{"taxonomy":"post_tag","embeddable":true,"href":"https:\/\/www.obudainyar.hu\/2022\/wp-json\/wp\/v2\/tags?post=2705"},{"taxonomy":"tribe_events_cat","embeddable":true,"href":"https:\/\/www.obudainyar.hu\/2022\/wp-json\/wp\/v2\/tribe_events_cat?post=2705"}],"curies":[{"name":"wp","href":"https:\/\/api.w.org\/{rel}","templated":true}]}}