{"id":2893,"date":"2022-06-21T14:38:54","date_gmt":"2022-06-21T12:38:54","guid":{"rendered":"https:\/\/www.obudainyar.hu\/2022\/?post_type=tribe_events&#038;p=2893"},"modified":"2022-07-19T18:42:47","modified_gmt":"2022-07-19T16:42:47","slug":"nemzetisegi-nap-braunhaxler-dalkor","status":"publish","type":"tribe_events","link":"https:\/\/www.obudainyar.hu\/2022\/esemeny\/nemzetisegi-nap-braunhaxler-dalkor\/","title":{"rendered":"Nemzetis\u00e9gi nap &#8211; N\u00e9met Nemzetis\u00e9gi \u00d6nkorm\u00e1nyzat"},"content":{"rendered":"<p><span style=\"font-weight: 400;\">2007. janu\u00e1rj\u00e1ban alakult meg a &#8222;BRAUNHAXLER Dalk\u00f6r, melynek ma 29 tagja van. Feladatunknak tartjuk, hogy a helyi n\u00e9met hagyom\u00e1nyokat,<\/span><span style=\"font-weight: 400;\">\u00a0szok\u00e1sokat meg\u0151rizz\u00fck, terjessz\u00fck \u00e9s tov\u00e1bb adjuk a feln\u00f6vekv\u0151 nemzed\u00e9knek.\u00a0<\/span><\/p>\n<p><span style=\"font-weight: 400;\">Programunkban magyarorsz\u00e1gi n\u00e9met n\u00e9pdalok,\u00a0templomi ima\u00e9nekek,\u00a0<\/span><span style=\"font-weight: 400;\">de\u00a0magyar n\u00e9pdalok is szerepelnek. Dalk\u00f6r\u00fcnk r\u00e9szt vesz az \u00d3buda-B\u00e9k\u00e1smegyeri N\u00e9met Nemzetis\u00e9gi \u00d6nkorm\u00e1nyzat \u00e9s a &#8222;BRAUNHAXLER&#8221; Egyes\u00fclet minden rendezv\u00e9ny\u00e9n.\u00a0<\/span><\/p>\n<p><span style=\"font-weight: 400;\">Dalk\u00f6r\u00fcnk karnagya Viczi\u00e1n G\u00e1bor.<\/span><\/p>\n<p><span style=\"font-weight: 400;\">Programunkhoz j\u00f3 sz\u00f3rakoz\u00e1st k\u00edv\u00e1nunk!\u00a0<\/span><\/p>\n<p><span style=\"font-weight: 400;\">Fogadj\u00e1k m\u0171sorunkat szeretettel!<\/span><\/p>\n<p>&nbsp;<\/p>\n<p><span style=\"font-weight: 400;\">In 2007\u00a0 wurde der Braunhaxler Liederkranz gegr\u00fcndet, zurzeit haben wir\u00a0 29 Mitglieder.<\/span><\/p>\n<p><span style=\"font-weight: 400;\">Wir m\u00f6chten die noch auffindbaren Deutschen (schw\u00e4bischen) Traditionen, Sitten und Br\u00e4uchen, besonders die Lieder bewahren, pflegen und weitergeben.\u00a0 \u00a0 \u00a0 \u00a0 \u00a0 \u00a0 \u00a0 \u00a0 \u00a0 \u00a0 \u00a0 \u00a0 \u00a0 \u00a0 \u00a0 \u00a0 \u00a0 \u00a0 \u00a0 \u00a0 \u00a0 \u00a0 \u00a0 \u00a0 \u00a0 \u00a0 \u00a0 \u00a0 \u00a0 \u00a0 \u00a0 \u00a0 \u00a0 \u00a0 \u00a0 \u00a0 \u00a0 \u00a0 \u00a0 \u00a0 \u00a0 \u00a0<\/span><\/p>\n<p><span style=\"font-weight: 400;\">Unser Liederkranz singt am gr\u00f6\u00dften Teil\u00a0 ungarndeutsche Volkslieder, Kirchenlieder, singt aber auch Ungarische Lieder.\u00a0\u00a0\u00a0\u00a0<\/span><span style=\"font-weight: 400;\">\u00a0 \u00a0 \u00a0 \u00a0 \u00a0 \u00a0 \u00a0 \u00a0 \u00a0 \u00a0 \u00a0 \u00a0 \u00a0 \u00a0 \u00a0 \u00a0 <\/span><span style=\"font-weight: 400;\">Wir singen aus ganzem Herzen, und freuen uns darauf, wenn wir mit anderen Ch\u00f6ren zusammen Feste feiern k\u00f6nnen.<\/span><\/p>\n<p><span style=\"font-weight: 400;\">Der Dirigent unseres Liederkranzes ist Herr G\u00e1bor Viczi\u00e1n.<\/span><\/p>\n","protected":false},"excerpt":{"rendered":"<p>Braunhaxler Dalk\u00f6r<\/p>\n","protected":false},"author":7,"featured_media":3153,"comment_status":"open","ping_status":"closed","template":"","meta":[],"tags":[400,56,401,398,63],"tribe_events_cat":[338],"yoast_head":"<!-- This site is optimized with the Yoast SEO plugin v17.5 - https:\/\/yoast.com\/wordpress\/plugins\/seo\/ -->\n<title>Nemzetis\u00e9gi nap - N\u00e9met Nemzetis\u00e9gi \u00d6nkorm\u00e1nyzat - \u00d3budai Ny\u00e1r 2022 | obuda.hu<\/title>\n<meta name=\"robots\" content=\"index, follow, max-snippet:-1, max-image-preview:large, max-video-preview:-1\" \/>\n<link rel=\"canonical\" href=\"https:\/\/www.obudainyar.hu\/2022\/esemeny\/nemzetisegi-nap-braunhaxler-dalkor\/\" \/>\n<meta property=\"og:locale\" content=\"hu_HU\" \/>\n<meta property=\"og:type\" content=\"article\" \/>\n<meta property=\"og:title\" content=\"Nemzetis\u00e9gi nap - N\u00e9met Nemzetis\u00e9gi \u00d6nkorm\u00e1nyzat - \u00d3budai Ny\u00e1r 2022 | obuda.hu\" \/>\n<meta property=\"og:description\" content=\"Braunhaxler Dalk\u00f6r\" \/>\n<meta property=\"og:url\" content=\"https:\/\/www.obudainyar.hu\/2022\/esemeny\/nemzetisegi-nap-braunhaxler-dalkor\/\" \/>\n<meta property=\"og:site_name\" content=\"\u00d3budai Ny\u00e1r 2022 | obuda.hu\" \/>\n<meta property=\"article:modified_time\" content=\"2022-07-19T16:42:47+00:00\" \/>\n<meta property=\"og:image\" content=\"https:\/\/www.obudainyar.hu\/2022\/wp-content\/uploads\/2022\/06\/ONY_event_cover_1200x628-px_-08.png\" \/>\n\t<meta property=\"og:image:width\" content=\"5001\" \/>\n\t<meta property=\"og:image:height\" content=\"2617\" \/>\n<meta name=\"twitter:card\" content=\"summary_large_image\" \/>\n<meta name=\"twitter:label1\" content=\"Becs\u00fclt olvas\u00e1si id\u0151\" \/>\n\t<meta name=\"twitter:data1\" content=\"1 perc\" \/>\n<script type=\"application\/ld+json\" class=\"yoast-schema-graph\">{\"@context\":\"https:\/\/schema.org\",\"@graph\":[{\"@type\":\"WebSite\",\"@id\":\"https:\/\/www.obudainyar.hu\/2022\/#website\",\"url\":\"https:\/\/www.obudainyar.hu\/2022\/\",\"name\":\"\\u00d3budai Ny\\u00e1r 2022 | obuda.hu\",\"description\":\"\",\"potentialAction\":[{\"@type\":\"SearchAction\",\"target\":{\"@type\":\"EntryPoint\",\"urlTemplate\":\"https:\/\/www.obudainyar.hu\/2022\/?s={search_term_string}\"},\"query-input\":\"required name=search_term_string\"}],\"inLanguage\":\"hu\"},{\"@type\":\"ImageObject\",\"@id\":\"https:\/\/www.obudainyar.hu\/2022\/esemeny\/nemzetisegi-nap-braunhaxler-dalkor\/#primaryimage\",\"inLanguage\":\"hu\",\"url\":\"https:\/\/www.obudainyar.hu\/2022\/wp-content\/uploads\/2022\/06\/ONY_event_cover_1200x628-px_-08.png\",\"contentUrl\":\"https:\/\/www.obudainyar.hu\/2022\/wp-content\/uploads\/2022\/06\/ONY_event_cover_1200x628-px_-08.png\",\"width\":5001,\"height\":2617},{\"@type\":\"WebPage\",\"@id\":\"https:\/\/www.obudainyar.hu\/2022\/esemeny\/nemzetisegi-nap-braunhaxler-dalkor\/#webpage\",\"url\":\"https:\/\/www.obudainyar.hu\/2022\/esemeny\/nemzetisegi-nap-braunhaxler-dalkor\/\",\"name\":\"Nemzetis\\u00e9gi nap - N\\u00e9met Nemzetis\\u00e9gi \\u00d6nkorm\\u00e1nyzat - \\u00d3budai Ny\\u00e1r 2022 | obuda.hu\",\"isPartOf\":{\"@id\":\"https:\/\/www.obudainyar.hu\/2022\/#website\"},\"primaryImageOfPage\":{\"@id\":\"https:\/\/www.obudainyar.hu\/2022\/esemeny\/nemzetisegi-nap-braunhaxler-dalkor\/#primaryimage\"},\"datePublished\":\"2022-06-21T12:38:54+00:00\",\"dateModified\":\"2022-07-19T16:42:47+00:00\",\"breadcrumb\":{\"@id\":\"https:\/\/www.obudainyar.hu\/2022\/esemeny\/nemzetisegi-nap-braunhaxler-dalkor\/#breadcrumb\"},\"inLanguage\":\"hu\",\"potentialAction\":[{\"@type\":\"ReadAction\",\"target\":[\"https:\/\/www.obudainyar.hu\/2022\/esemeny\/nemzetisegi-nap-braunhaxler-dalkor\/\"]}]},{\"@type\":\"BreadcrumbList\",\"@id\":\"https:\/\/www.obudainyar.hu\/2022\/esemeny\/nemzetisegi-nap-braunhaxler-dalkor\/#breadcrumb\",\"itemListElement\":[{\"@type\":\"ListItem\",\"position\":1,\"name\":\"Kezd\\u0151lap\",\"item\":\"https:\/\/www.obudainyar.hu\/2022\/\"},{\"@type\":\"ListItem\",\"position\":2,\"name\":\"Esem\\u00e9nyek\",\"item\":\"https:\/\/www.obudainyar.hu\/2022\/esemenyek\/\"},{\"@type\":\"ListItem\",\"position\":3,\"name\":\"Nemzetis\\u00e9gi nap &#8211; N\\u00e9met Nemzetis\\u00e9gi \\u00d6nkorm\\u00e1nyzat\"}]}]}<\/script>\n<!-- \/ Yoast SEO plugin. -->","yoast_head_json":{"title":"Nemzetis\u00e9gi nap - N\u00e9met Nemzetis\u00e9gi \u00d6nkorm\u00e1nyzat - \u00d3budai Ny\u00e1r 2022 | obuda.hu","robots":{"index":"index","follow":"follow","max-snippet":"max-snippet:-1","max-image-preview":"max-image-preview:large","max-video-preview":"max-video-preview:-1"},"canonical":"https:\/\/www.obudainyar.hu\/2022\/esemeny\/nemzetisegi-nap-braunhaxler-dalkor\/","og_locale":"hu_HU","og_type":"article","og_title":"Nemzetis\u00e9gi nap - N\u00e9met Nemzetis\u00e9gi \u00d6nkorm\u00e1nyzat - \u00d3budai Ny\u00e1r 2022 | obuda.hu","og_description":"Braunhaxler Dalk\u00f6r","og_url":"https:\/\/www.obudainyar.hu\/2022\/esemeny\/nemzetisegi-nap-braunhaxler-dalkor\/","og_site_name":"\u00d3budai Ny\u00e1r 2022 | obuda.hu","article_modified_time":"2022-07-19T16:42:47+00:00","og_image":[{"width":5001,"height":2617,"url":"https:\/\/www.obudainyar.hu\/2022\/wp-content\/uploads\/2022\/06\/ONY_event_cover_1200x628-px_-08.png","type":"image\/png"}],"twitter_card":"summary_large_image","twitter_misc":{"Becs\u00fclt olvas\u00e1si id\u0151":"1 perc"},"schema":{"@context":"https:\/\/schema.org","@graph":[{"@type":"WebSite","@id":"https:\/\/www.obudainyar.hu\/2022\/#website","url":"https:\/\/www.obudainyar.hu\/2022\/","name":"\u00d3budai Ny\u00e1r 2022 | obuda.hu","description":"","potentialAction":[{"@type":"SearchAction","target":{"@type":"EntryPoint","urlTemplate":"https:\/\/www.obudainyar.hu\/2022\/?s={search_term_string}"},"query-input":"required name=search_term_string"}],"inLanguage":"hu"},{"@type":"ImageObject","@id":"https:\/\/www.obudainyar.hu\/2022\/esemeny\/nemzetisegi-nap-braunhaxler-dalkor\/#primaryimage","inLanguage":"hu","url":"https:\/\/www.obudainyar.hu\/2022\/wp-content\/uploads\/2022\/06\/ONY_event_cover_1200x628-px_-08.png","contentUrl":"https:\/\/www.obudainyar.hu\/2022\/wp-content\/uploads\/2022\/06\/ONY_event_cover_1200x628-px_-08.png","width":5001,"height":2617},{"@type":"WebPage","@id":"https:\/\/www.obudainyar.hu\/2022\/esemeny\/nemzetisegi-nap-braunhaxler-dalkor\/#webpage","url":"https:\/\/www.obudainyar.hu\/2022\/esemeny\/nemzetisegi-nap-braunhaxler-dalkor\/","name":"Nemzetis\u00e9gi nap - N\u00e9met Nemzetis\u00e9gi \u00d6nkorm\u00e1nyzat - \u00d3budai Ny\u00e1r 2022 | obuda.hu","isPartOf":{"@id":"https:\/\/www.obudainyar.hu\/2022\/#website"},"primaryImageOfPage":{"@id":"https:\/\/www.obudainyar.hu\/2022\/esemeny\/nemzetisegi-nap-braunhaxler-dalkor\/#primaryimage"},"datePublished":"2022-06-21T12:38:54+00:00","dateModified":"2022-07-19T16:42:47+00:00","breadcrumb":{"@id":"https:\/\/www.obudainyar.hu\/2022\/esemeny\/nemzetisegi-nap-braunhaxler-dalkor\/#breadcrumb"},"inLanguage":"hu","potentialAction":[{"@type":"ReadAction","target":["https:\/\/www.obudainyar.hu\/2022\/esemeny\/nemzetisegi-nap-braunhaxler-dalkor\/"]}]},{"@type":"BreadcrumbList","@id":"https:\/\/www.obudainyar.hu\/2022\/esemeny\/nemzetisegi-nap-braunhaxler-dalkor\/#breadcrumb","itemListElement":[{"@type":"ListItem","position":1,"name":"Kezd\u0151lap","item":"https:\/\/www.obudainyar.hu\/2022\/"},{"@type":"ListItem","position":2,"name":"Esem\u00e9nyek","item":"https:\/\/www.obudainyar.hu\/2022\/esemenyek\/"},{"@type":"ListItem","position":3,"name":"Nemzetis\u00e9gi nap &#8211; N\u00e9met Nemzetis\u00e9gi \u00d6nkorm\u00e1nyzat"}]}]}},"_links":{"self":[{"href":"https:\/\/www.obudainyar.hu\/2022\/wp-json\/wp\/v2\/tribe_events\/2893"}],"collection":[{"href":"https:\/\/www.obudainyar.hu\/2022\/wp-json\/wp\/v2\/tribe_events"}],"about":[{"href":"https:\/\/www.obudainyar.hu\/2022\/wp-json\/wp\/v2\/types\/tribe_events"}],"author":[{"embeddable":true,"href":"https:\/\/www.obudainyar.hu\/2022\/wp-json\/wp\/v2\/users\/7"}],"replies":[{"embeddable":true,"href":"https:\/\/www.obudainyar.hu\/2022\/wp-json\/wp\/v2\/comments?post=2893"}],"version-history":[{"count":4,"href":"https:\/\/www.obudainyar.hu\/2022\/wp-json\/wp\/v2\/tribe_events\/2893\/revisions"}],"predecessor-version":[{"id":2912,"href":"https:\/\/www.obudainyar.hu\/2022\/wp-json\/wp\/v2\/tribe_events\/2893\/revisions\/2912"}],"wp:featuredmedia":[{"embeddable":true,"href":"https:\/\/www.obudainyar.hu\/2022\/wp-json\/wp\/v2\/media\/3153"}],"wp:attachment":[{"href":"https:\/\/www.obudainyar.hu\/2022\/wp-json\/wp\/v2\/media?parent=2893"}],"wp:term":[{"taxonomy":"post_tag","embeddable":true,"href":"https:\/\/www.obudainyar.hu\/2022\/wp-json\/wp\/v2\/tags?post=2893"},{"taxonomy":"tribe_events_cat","embeddable":true,"href":"https:\/\/www.obudainyar.hu\/2022\/wp-json\/wp\/v2\/tribe_events_cat?post=2893"}],"curies":[{"name":"wp","href":"https:\/\/api.w.org\/{rel}","templated":true}]}}