{"id":2925,"date":"2022-06-21T15:40:09","date_gmt":"2022-06-21T13:40:09","guid":{"rendered":"https:\/\/www.obudainyar.hu\/2022\/?post_type=tribe_events&#038;p=2925"},"modified":"2022-07-19T19:10:18","modified_gmt":"2022-07-19T17:10:18","slug":"nemzetisegi-nap-ruszin-nemzetisegi-onkormanyzat","status":"publish","type":"tribe_events","link":"https:\/\/www.obudainyar.hu\/2022\/esemeny\/nemzetisegi-nap-ruszin-nemzetisegi-onkormanyzat\/","title":{"rendered":"Nemzetis\u00e9gi Nap &#8211; Ruszin Nemzetis\u00e9gi \u00d6nkorm\u00e1nyzat"},"content":{"rendered":"<p><span style=\"font-weight: 400;\">A ruszinok \u00e9let\u00e9ben a zen\u00e9nek mindig is nagy szerepe volt. A zenesz\u00f3 \u00e1tsz\u0151tte \u00e9let\u00fcket otthon, <\/span><span style=\"font-weight: 400;\">\u00fcnnepeken, \u00e9s az egyh\u00e1zi szertart\u00e1sokon egyar\u00e1nt. A \u00a0Ruszinok Folkl\u00f3r Egy\u00fcttes\u00a02011 ben alakult azzal a c\u00e9llal, \u00a0, hogy a ruszinok kultur\u00e1lis hagyat\u00e9k\u00e1t, a n\u00e9pzen\u00e9t \u00e9s a n\u00e9pt\u00e1ncot tov\u00e1bb \u0151rizze \u00e9s n\u00e9pszer\u0171s\u00edtse Magyarorsz\u00e1gon. Az egy\u00fcttes\u00fcnk nagy sikerrel szerepelt m\u00e1r Magyarorsz\u00e1gon, Szlov\u00e1ki\u00e1ban, \u00e9s Lengyelorsz\u00e1gban is. Budapesten a Stef\u00e1nia palot\u00e1ban megrendez\u00e9sre ker\u00fclt \u00a0\u201eA Ruszin M\u0171v\u00e9szet Remekei\u201e \u00a0c\u00edm\u0171 esten m\u00e1r h\u00e1rom alkalommal mutatkoztuk be sz\u00ednes m\u0171sorunkkal. Az egy\u00fcttes reperto\u00e1rj\u00e1ban az \u00a0autentikus ruszin n\u00e9pzene \u00e9s n\u00e9pt\u00e1nc egyszerre van jelen. Az egy\u00fcttes\u00a0teljes l\u00e9tsz\u00e1ma 12 f\u0151: 6 t\u00e1ncos , n\u00e9gy \u00e9nekes \u00e9s k\u00e9t zen\u00e9sz alkotj\u00e1k . Id\u00e9n hoztuk l\u00e9tre els\u0151 10 f\u0151s gyerek n\u00e9pt\u00e1ncegy\u00fcttes\u00fcnket is.\u00a0<\/span><\/p>\n<p><span style=\"font-weight: 400;\">Az \u00d3budai rendezv\u00e9nyen fell\u00e9p a 6 tag\u00fa n\u00e9pt\u00e1ncegy\u00fcttes , tang\u00f3harmonik\u00e1n k\u00eds\u00e9r: Demj\u00e9n Gergely<\/span><\/p>\n","protected":false},"excerpt":{"rendered":"<p>N\u00e9pt\u00e1ncegy\u00fcttes<\/p>\n","protected":false},"author":7,"featured_media":3156,"comment_status":"open","ping_status":"closed","template":"","meta":[],"tags":[402,354,398,408,62],"tribe_events_cat":[338],"yoast_head":"<!-- This site is optimized with the Yoast SEO plugin v17.5 - https:\/\/yoast.com\/wordpress\/plugins\/seo\/ -->\n<title>Nemzetis\u00e9gi Nap - Ruszin Nemzetis\u00e9gi \u00d6nkorm\u00e1nyzat - \u00d3budai Ny\u00e1r 2022 | obuda.hu<\/title>\n<meta name=\"robots\" content=\"index, follow, max-snippet:-1, max-image-preview:large, max-video-preview:-1\" \/>\n<link rel=\"canonical\" href=\"https:\/\/www.obudainyar.hu\/2022\/esemeny\/nemzetisegi-nap-ruszin-nemzetisegi-onkormanyzat\/\" \/>\n<meta property=\"og:locale\" content=\"hu_HU\" \/>\n<meta property=\"og:type\" content=\"article\" \/>\n<meta property=\"og:title\" content=\"Nemzetis\u00e9gi Nap - Ruszin Nemzetis\u00e9gi \u00d6nkorm\u00e1nyzat - \u00d3budai Ny\u00e1r 2022 | obuda.hu\" \/>\n<meta property=\"og:description\" content=\"N\u00e9pt\u00e1ncegy\u00fcttes\" \/>\n<meta property=\"og:url\" content=\"https:\/\/www.obudainyar.hu\/2022\/esemeny\/nemzetisegi-nap-ruszin-nemzetisegi-onkormanyzat\/\" \/>\n<meta property=\"og:site_name\" content=\"\u00d3budai Ny\u00e1r 2022 | obuda.hu\" \/>\n<meta property=\"article:modified_time\" content=\"2022-07-19T17:10:18+00:00\" \/>\n<meta property=\"og:image\" content=\"https:\/\/www.obudainyar.hu\/2022\/wp-content\/uploads\/2022\/06\/ONY_event_cover_1200x628-px_4-05.png\" \/>\n\t<meta property=\"og:image:width\" content=\"5000\" \/>\n\t<meta property=\"og:image:height\" content=\"2617\" \/>\n<meta name=\"twitter:card\" content=\"summary_large_image\" \/>\n<meta name=\"twitter:label1\" content=\"Becs\u00fclt olvas\u00e1si id\u0151\" \/>\n\t<meta name=\"twitter:data1\" content=\"1 perc\" \/>\n<script type=\"application\/ld+json\" class=\"yoast-schema-graph\">{\"@context\":\"https:\/\/schema.org\",\"@graph\":[{\"@type\":\"WebSite\",\"@id\":\"https:\/\/www.obudainyar.hu\/2022\/#website\",\"url\":\"https:\/\/www.obudainyar.hu\/2022\/\",\"name\":\"\\u00d3budai Ny\\u00e1r 2022 | obuda.hu\",\"description\":\"\",\"potentialAction\":[{\"@type\":\"SearchAction\",\"target\":{\"@type\":\"EntryPoint\",\"urlTemplate\":\"https:\/\/www.obudainyar.hu\/2022\/?s={search_term_string}\"},\"query-input\":\"required name=search_term_string\"}],\"inLanguage\":\"hu\"},{\"@type\":\"ImageObject\",\"@id\":\"https:\/\/www.obudainyar.hu\/2022\/esemeny\/nemzetisegi-nap-ruszin-nemzetisegi-onkormanyzat\/#primaryimage\",\"inLanguage\":\"hu\",\"url\":\"https:\/\/www.obudainyar.hu\/2022\/wp-content\/uploads\/2022\/06\/ONY_event_cover_1200x628-px_4-05.png\",\"contentUrl\":\"https:\/\/www.obudainyar.hu\/2022\/wp-content\/uploads\/2022\/06\/ONY_event_cover_1200x628-px_4-05.png\",\"width\":5000,\"height\":2617},{\"@type\":\"WebPage\",\"@id\":\"https:\/\/www.obudainyar.hu\/2022\/esemeny\/nemzetisegi-nap-ruszin-nemzetisegi-onkormanyzat\/#webpage\",\"url\":\"https:\/\/www.obudainyar.hu\/2022\/esemeny\/nemzetisegi-nap-ruszin-nemzetisegi-onkormanyzat\/\",\"name\":\"Nemzetis\\u00e9gi Nap - Ruszin Nemzetis\\u00e9gi \\u00d6nkorm\\u00e1nyzat - \\u00d3budai Ny\\u00e1r 2022 | obuda.hu\",\"isPartOf\":{\"@id\":\"https:\/\/www.obudainyar.hu\/2022\/#website\"},\"primaryImageOfPage\":{\"@id\":\"https:\/\/www.obudainyar.hu\/2022\/esemeny\/nemzetisegi-nap-ruszin-nemzetisegi-onkormanyzat\/#primaryimage\"},\"datePublished\":\"2022-06-21T13:40:09+00:00\",\"dateModified\":\"2022-07-19T17:10:18+00:00\",\"breadcrumb\":{\"@id\":\"https:\/\/www.obudainyar.hu\/2022\/esemeny\/nemzetisegi-nap-ruszin-nemzetisegi-onkormanyzat\/#breadcrumb\"},\"inLanguage\":\"hu\",\"potentialAction\":[{\"@type\":\"ReadAction\",\"target\":[\"https:\/\/www.obudainyar.hu\/2022\/esemeny\/nemzetisegi-nap-ruszin-nemzetisegi-onkormanyzat\/\"]}]},{\"@type\":\"BreadcrumbList\",\"@id\":\"https:\/\/www.obudainyar.hu\/2022\/esemeny\/nemzetisegi-nap-ruszin-nemzetisegi-onkormanyzat\/#breadcrumb\",\"itemListElement\":[{\"@type\":\"ListItem\",\"position\":1,\"name\":\"Kezd\\u0151lap\",\"item\":\"https:\/\/www.obudainyar.hu\/2022\/\"},{\"@type\":\"ListItem\",\"position\":2,\"name\":\"Esem\\u00e9nyek\",\"item\":\"https:\/\/www.obudainyar.hu\/2022\/esemenyek\/\"},{\"@type\":\"ListItem\",\"position\":3,\"name\":\"Nemzetis\\u00e9gi Nap &#8211; Ruszin Nemzetis\\u00e9gi \\u00d6nkorm\\u00e1nyzat\"}]}]}<\/script>\n<!-- \/ Yoast SEO plugin. -->","yoast_head_json":{"title":"Nemzetis\u00e9gi Nap - Ruszin Nemzetis\u00e9gi \u00d6nkorm\u00e1nyzat - \u00d3budai Ny\u00e1r 2022 | obuda.hu","robots":{"index":"index","follow":"follow","max-snippet":"max-snippet:-1","max-image-preview":"max-image-preview:large","max-video-preview":"max-video-preview:-1"},"canonical":"https:\/\/www.obudainyar.hu\/2022\/esemeny\/nemzetisegi-nap-ruszin-nemzetisegi-onkormanyzat\/","og_locale":"hu_HU","og_type":"article","og_title":"Nemzetis\u00e9gi Nap - Ruszin Nemzetis\u00e9gi \u00d6nkorm\u00e1nyzat - \u00d3budai Ny\u00e1r 2022 | obuda.hu","og_description":"N\u00e9pt\u00e1ncegy\u00fcttes","og_url":"https:\/\/www.obudainyar.hu\/2022\/esemeny\/nemzetisegi-nap-ruszin-nemzetisegi-onkormanyzat\/","og_site_name":"\u00d3budai Ny\u00e1r 2022 | obuda.hu","article_modified_time":"2022-07-19T17:10:18+00:00","og_image":[{"width":5000,"height":2617,"url":"https:\/\/www.obudainyar.hu\/2022\/wp-content\/uploads\/2022\/06\/ONY_event_cover_1200x628-px_4-05.png","type":"image\/png"}],"twitter_card":"summary_large_image","twitter_misc":{"Becs\u00fclt olvas\u00e1si id\u0151":"1 perc"},"schema":{"@context":"https:\/\/schema.org","@graph":[{"@type":"WebSite","@id":"https:\/\/www.obudainyar.hu\/2022\/#website","url":"https:\/\/www.obudainyar.hu\/2022\/","name":"\u00d3budai Ny\u00e1r 2022 | obuda.hu","description":"","potentialAction":[{"@type":"SearchAction","target":{"@type":"EntryPoint","urlTemplate":"https:\/\/www.obudainyar.hu\/2022\/?s={search_term_string}"},"query-input":"required name=search_term_string"}],"inLanguage":"hu"},{"@type":"ImageObject","@id":"https:\/\/www.obudainyar.hu\/2022\/esemeny\/nemzetisegi-nap-ruszin-nemzetisegi-onkormanyzat\/#primaryimage","inLanguage":"hu","url":"https:\/\/www.obudainyar.hu\/2022\/wp-content\/uploads\/2022\/06\/ONY_event_cover_1200x628-px_4-05.png","contentUrl":"https:\/\/www.obudainyar.hu\/2022\/wp-content\/uploads\/2022\/06\/ONY_event_cover_1200x628-px_4-05.png","width":5000,"height":2617},{"@type":"WebPage","@id":"https:\/\/www.obudainyar.hu\/2022\/esemeny\/nemzetisegi-nap-ruszin-nemzetisegi-onkormanyzat\/#webpage","url":"https:\/\/www.obudainyar.hu\/2022\/esemeny\/nemzetisegi-nap-ruszin-nemzetisegi-onkormanyzat\/","name":"Nemzetis\u00e9gi Nap - Ruszin Nemzetis\u00e9gi \u00d6nkorm\u00e1nyzat - \u00d3budai Ny\u00e1r 2022 | obuda.hu","isPartOf":{"@id":"https:\/\/www.obudainyar.hu\/2022\/#website"},"primaryImageOfPage":{"@id":"https:\/\/www.obudainyar.hu\/2022\/esemeny\/nemzetisegi-nap-ruszin-nemzetisegi-onkormanyzat\/#primaryimage"},"datePublished":"2022-06-21T13:40:09+00:00","dateModified":"2022-07-19T17:10:18+00:00","breadcrumb":{"@id":"https:\/\/www.obudainyar.hu\/2022\/esemeny\/nemzetisegi-nap-ruszin-nemzetisegi-onkormanyzat\/#breadcrumb"},"inLanguage":"hu","potentialAction":[{"@type":"ReadAction","target":["https:\/\/www.obudainyar.hu\/2022\/esemeny\/nemzetisegi-nap-ruszin-nemzetisegi-onkormanyzat\/"]}]},{"@type":"BreadcrumbList","@id":"https:\/\/www.obudainyar.hu\/2022\/esemeny\/nemzetisegi-nap-ruszin-nemzetisegi-onkormanyzat\/#breadcrumb","itemListElement":[{"@type":"ListItem","position":1,"name":"Kezd\u0151lap","item":"https:\/\/www.obudainyar.hu\/2022\/"},{"@type":"ListItem","position":2,"name":"Esem\u00e9nyek","item":"https:\/\/www.obudainyar.hu\/2022\/esemenyek\/"},{"@type":"ListItem","position":3,"name":"Nemzetis\u00e9gi Nap &#8211; Ruszin Nemzetis\u00e9gi \u00d6nkorm\u00e1nyzat"}]}]}},"_links":{"self":[{"href":"https:\/\/www.obudainyar.hu\/2022\/wp-json\/wp\/v2\/tribe_events\/2925"}],"collection":[{"href":"https:\/\/www.obudainyar.hu\/2022\/wp-json\/wp\/v2\/tribe_events"}],"about":[{"href":"https:\/\/www.obudainyar.hu\/2022\/wp-json\/wp\/v2\/types\/tribe_events"}],"author":[{"embeddable":true,"href":"https:\/\/www.obudainyar.hu\/2022\/wp-json\/wp\/v2\/users\/7"}],"replies":[{"embeddable":true,"href":"https:\/\/www.obudainyar.hu\/2022\/wp-json\/wp\/v2\/comments?post=2925"}],"version-history":[{"count":1,"href":"https:\/\/www.obudainyar.hu\/2022\/wp-json\/wp\/v2\/tribe_events\/2925\/revisions"}],"predecessor-version":[{"id":2927,"href":"https:\/\/www.obudainyar.hu\/2022\/wp-json\/wp\/v2\/tribe_events\/2925\/revisions\/2927"}],"wp:featuredmedia":[{"embeddable":true,"href":"https:\/\/www.obudainyar.hu\/2022\/wp-json\/wp\/v2\/media\/3156"}],"wp:attachment":[{"href":"https:\/\/www.obudainyar.hu\/2022\/wp-json\/wp\/v2\/media?parent=2925"}],"wp:term":[{"taxonomy":"post_tag","embeddable":true,"href":"https:\/\/www.obudainyar.hu\/2022\/wp-json\/wp\/v2\/tags?post=2925"},{"taxonomy":"tribe_events_cat","embeddable":true,"href":"https:\/\/www.obudainyar.hu\/2022\/wp-json\/wp\/v2\/tribe_events_cat?post=2925"}],"curies":[{"name":"wp","href":"https:\/\/api.w.org\/{rel}","templated":true}]}}