{"id":2946,"date":"2022-06-21T17:15:51","date_gmt":"2022-06-21T15:15:51","guid":{"rendered":"https:\/\/www.obudainyar.hu\/2022\/?post_type=tribe_events&#038;p=2946"},"modified":"2022-06-23T15:38:14","modified_gmt":"2022-06-23T13:38:14","slug":"a-tulipanos-to","status":"publish","type":"tribe_events","link":"https:\/\/www.obudainyar.hu\/2022\/esemeny\/a-tulipanos-to\/","title":{"rendered":"Helytelenek T\u00e1rsulat &#8211; A Tulip\u00e1nos t\u00f3"},"content":{"rendered":"<p>A Tulip\u00e1nos-t\u00f3 k\u00f6z\u00e9ppontj\u00e1ban Malacka kistestv\u00e9r\u00e9nek \u00e9rkez\u00e9se \u00e1ll, ami nagyon megv\u00e1ltoztatja az \u00e9let\u00e9t. Hogy hogyan \u00e9s kinek a seg\u00edts\u00e9g\u00e9vel birk\u00f3zik meg az akad\u00e1lyokkal? Mi\u00e9rt is j\u00f3 nagytestv\u00e9rnek lenni? Vajon rossz dolog az ut\u00e1nz\u00e1s? Malack\u00e1val egy\u00fctt megtanulhatjuk.<br \/>\nEl\u0151ad\u00e1sm\u00f3dunk hol front\u00e1lis, hol interakt\u00edv, ebben felt\u00e9tlen\u00fcl egyens\u00falyra t\u00f6reksz\u00fcnk. Szeretn\u00e9nk, hogy minden n\u00e9z\u0151 egyszerre \u00e9rezhesse mag\u00e1t az el\u0151ad\u00e1s r\u00e9sz\u00e9nek, de mindek\u00f6zben pihentet\u0151 programban legyen r\u00e9sze.<\/p>\n<p>Szerepl\u0151k:<br \/>\nN\u00e9meth Vikt\u00f3ria<br \/>\nV\u00e9kony Brigitta<\/p>\n","protected":false},"excerpt":{"rendered":"<p>A Helytelenek T\u00e1rsulat izgalmas, tanuls\u00e1gos b\u00e1bel\u0151ad\u00e1sa a legkisebbeknek.<\/p>\n","protected":false},"author":7,"featured_media":2947,"comment_status":"open","ping_status":"closed","template":"","meta":[],"tags":[49,50,413,53,398],"tribe_events_cat":[338],"yoast_head":"<!-- This site is optimized with the Yoast SEO plugin v17.5 - https:\/\/yoast.com\/wordpress\/plugins\/seo\/ -->\n<title>Helytelenek T\u00e1rsulat - A Tulip\u00e1nos t\u00f3 - \u00d3budai Ny\u00e1r 2022 | obuda.hu<\/title>\n<meta name=\"robots\" content=\"index, follow, max-snippet:-1, max-image-preview:large, max-video-preview:-1\" \/>\n<link rel=\"canonical\" href=\"https:\/\/www.obudainyar.hu\/2022\/esemeny\/a-tulipanos-to\/\" \/>\n<meta property=\"og:locale\" content=\"hu_HU\" \/>\n<meta property=\"og:type\" content=\"article\" \/>\n<meta property=\"og:title\" content=\"Helytelenek T\u00e1rsulat - A Tulip\u00e1nos t\u00f3 - \u00d3budai Ny\u00e1r 2022 | obuda.hu\" \/>\n<meta property=\"og:description\" content=\"A Helytelenek T\u00e1rsulat izgalmas, tanuls\u00e1gos b\u00e1bel\u0151ad\u00e1sa a legkisebbeknek.\" \/>\n<meta property=\"og:url\" content=\"https:\/\/www.obudainyar.hu\/2022\/esemeny\/a-tulipanos-to\/\" \/>\n<meta property=\"og:site_name\" content=\"\u00d3budai Ny\u00e1r 2022 | obuda.hu\" \/>\n<meta property=\"article:modified_time\" content=\"2022-06-23T13:38:14+00:00\" \/>\n<meta property=\"og:image\" content=\"https:\/\/www.obudainyar.hu\/2022\/wp-content\/uploads\/2022\/06\/IMG_1177-2-scaled.jpg\" \/>\n\t<meta property=\"og:image:width\" content=\"2560\" \/>\n\t<meta property=\"og:image:height\" content=\"1707\" \/>\n<meta name=\"twitter:card\" content=\"summary_large_image\" \/>\n<meta name=\"twitter:label1\" content=\"Becs\u00fclt olvas\u00e1si id\u0151\" \/>\n\t<meta name=\"twitter:data1\" content=\"1 perc\" \/>\n<script type=\"application\/ld+json\" class=\"yoast-schema-graph\">{\"@context\":\"https:\/\/schema.org\",\"@graph\":[{\"@type\":\"WebSite\",\"@id\":\"https:\/\/www.obudainyar.hu\/2022\/#website\",\"url\":\"https:\/\/www.obudainyar.hu\/2022\/\",\"name\":\"\\u00d3budai Ny\\u00e1r 2022 | obuda.hu\",\"description\":\"\",\"potentialAction\":[{\"@type\":\"SearchAction\",\"target\":{\"@type\":\"EntryPoint\",\"urlTemplate\":\"https:\/\/www.obudainyar.hu\/2022\/?s={search_term_string}\"},\"query-input\":\"required name=search_term_string\"}],\"inLanguage\":\"hu\"},{\"@type\":\"ImageObject\",\"@id\":\"https:\/\/www.obudainyar.hu\/2022\/esemeny\/a-tulipanos-to\/#primaryimage\",\"inLanguage\":\"hu\",\"url\":\"https:\/\/www.obudainyar.hu\/2022\/wp-content\/uploads\/2022\/06\/IMG_1177-2-scaled.jpg\",\"contentUrl\":\"https:\/\/www.obudainyar.hu\/2022\/wp-content\/uploads\/2022\/06\/IMG_1177-2-scaled.jpg\",\"width\":2560,\"height\":1707},{\"@type\":\"WebPage\",\"@id\":\"https:\/\/www.obudainyar.hu\/2022\/esemeny\/a-tulipanos-to\/#webpage\",\"url\":\"https:\/\/www.obudainyar.hu\/2022\/esemeny\/a-tulipanos-to\/\",\"name\":\"Helytelenek T\\u00e1rsulat - A Tulip\\u00e1nos t\\u00f3 - \\u00d3budai Ny\\u00e1r 2022 | obuda.hu\",\"isPartOf\":{\"@id\":\"https:\/\/www.obudainyar.hu\/2022\/#website\"},\"primaryImageOfPage\":{\"@id\":\"https:\/\/www.obudainyar.hu\/2022\/esemeny\/a-tulipanos-to\/#primaryimage\"},\"datePublished\":\"2022-06-21T15:15:51+00:00\",\"dateModified\":\"2022-06-23T13:38:14+00:00\",\"breadcrumb\":{\"@id\":\"https:\/\/www.obudainyar.hu\/2022\/esemeny\/a-tulipanos-to\/#breadcrumb\"},\"inLanguage\":\"hu\",\"potentialAction\":[{\"@type\":\"ReadAction\",\"target\":[\"https:\/\/www.obudainyar.hu\/2022\/esemeny\/a-tulipanos-to\/\"]}]},{\"@type\":\"BreadcrumbList\",\"@id\":\"https:\/\/www.obudainyar.hu\/2022\/esemeny\/a-tulipanos-to\/#breadcrumb\",\"itemListElement\":[{\"@type\":\"ListItem\",\"position\":1,\"name\":\"Kezd\\u0151lap\",\"item\":\"https:\/\/www.obudainyar.hu\/2022\/\"},{\"@type\":\"ListItem\",\"position\":2,\"name\":\"Esem\\u00e9nyek\",\"item\":\"https:\/\/www.obudainyar.hu\/2022\/esemenyek\/\"},{\"@type\":\"ListItem\",\"position\":3,\"name\":\"Helytelenek T\\u00e1rsulat &#8211; A Tulip\\u00e1nos t\\u00f3\"}]}]}<\/script>\n<!-- \/ Yoast SEO plugin. -->","yoast_head_json":{"title":"Helytelenek T\u00e1rsulat - A Tulip\u00e1nos t\u00f3 - \u00d3budai Ny\u00e1r 2022 | obuda.hu","robots":{"index":"index","follow":"follow","max-snippet":"max-snippet:-1","max-image-preview":"max-image-preview:large","max-video-preview":"max-video-preview:-1"},"canonical":"https:\/\/www.obudainyar.hu\/2022\/esemeny\/a-tulipanos-to\/","og_locale":"hu_HU","og_type":"article","og_title":"Helytelenek T\u00e1rsulat - A Tulip\u00e1nos t\u00f3 - \u00d3budai Ny\u00e1r 2022 | obuda.hu","og_description":"A Helytelenek T\u00e1rsulat izgalmas, tanuls\u00e1gos b\u00e1bel\u0151ad\u00e1sa a legkisebbeknek.","og_url":"https:\/\/www.obudainyar.hu\/2022\/esemeny\/a-tulipanos-to\/","og_site_name":"\u00d3budai Ny\u00e1r 2022 | obuda.hu","article_modified_time":"2022-06-23T13:38:14+00:00","og_image":[{"width":2560,"height":1707,"url":"https:\/\/www.obudainyar.hu\/2022\/wp-content\/uploads\/2022\/06\/IMG_1177-2-scaled.jpg","type":"image\/jpeg"}],"twitter_card":"summary_large_image","twitter_misc":{"Becs\u00fclt olvas\u00e1si id\u0151":"1 perc"},"schema":{"@context":"https:\/\/schema.org","@graph":[{"@type":"WebSite","@id":"https:\/\/www.obudainyar.hu\/2022\/#website","url":"https:\/\/www.obudainyar.hu\/2022\/","name":"\u00d3budai Ny\u00e1r 2022 | obuda.hu","description":"","potentialAction":[{"@type":"SearchAction","target":{"@type":"EntryPoint","urlTemplate":"https:\/\/www.obudainyar.hu\/2022\/?s={search_term_string}"},"query-input":"required name=search_term_string"}],"inLanguage":"hu"},{"@type":"ImageObject","@id":"https:\/\/www.obudainyar.hu\/2022\/esemeny\/a-tulipanos-to\/#primaryimage","inLanguage":"hu","url":"https:\/\/www.obudainyar.hu\/2022\/wp-content\/uploads\/2022\/06\/IMG_1177-2-scaled.jpg","contentUrl":"https:\/\/www.obudainyar.hu\/2022\/wp-content\/uploads\/2022\/06\/IMG_1177-2-scaled.jpg","width":2560,"height":1707},{"@type":"WebPage","@id":"https:\/\/www.obudainyar.hu\/2022\/esemeny\/a-tulipanos-to\/#webpage","url":"https:\/\/www.obudainyar.hu\/2022\/esemeny\/a-tulipanos-to\/","name":"Helytelenek T\u00e1rsulat - A Tulip\u00e1nos t\u00f3 - \u00d3budai Ny\u00e1r 2022 | obuda.hu","isPartOf":{"@id":"https:\/\/www.obudainyar.hu\/2022\/#website"},"primaryImageOfPage":{"@id":"https:\/\/www.obudainyar.hu\/2022\/esemeny\/a-tulipanos-to\/#primaryimage"},"datePublished":"2022-06-21T15:15:51+00:00","dateModified":"2022-06-23T13:38:14+00:00","breadcrumb":{"@id":"https:\/\/www.obudainyar.hu\/2022\/esemeny\/a-tulipanos-to\/#breadcrumb"},"inLanguage":"hu","potentialAction":[{"@type":"ReadAction","target":["https:\/\/www.obudainyar.hu\/2022\/esemeny\/a-tulipanos-to\/"]}]},{"@type":"BreadcrumbList","@id":"https:\/\/www.obudainyar.hu\/2022\/esemeny\/a-tulipanos-to\/#breadcrumb","itemListElement":[{"@type":"ListItem","position":1,"name":"Kezd\u0151lap","item":"https:\/\/www.obudainyar.hu\/2022\/"},{"@type":"ListItem","position":2,"name":"Esem\u00e9nyek","item":"https:\/\/www.obudainyar.hu\/2022\/esemenyek\/"},{"@type":"ListItem","position":3,"name":"Helytelenek T\u00e1rsulat &#8211; A Tulip\u00e1nos t\u00f3"}]}]}},"_links":{"self":[{"href":"https:\/\/www.obudainyar.hu\/2022\/wp-json\/wp\/v2\/tribe_events\/2946"}],"collection":[{"href":"https:\/\/www.obudainyar.hu\/2022\/wp-json\/wp\/v2\/tribe_events"}],"about":[{"href":"https:\/\/www.obudainyar.hu\/2022\/wp-json\/wp\/v2\/types\/tribe_events"}],"author":[{"embeddable":true,"href":"https:\/\/www.obudainyar.hu\/2022\/wp-json\/wp\/v2\/users\/7"}],"replies":[{"embeddable":true,"href":"https:\/\/www.obudainyar.hu\/2022\/wp-json\/wp\/v2\/comments?post=2946"}],"version-history":[{"count":3,"href":"https:\/\/www.obudainyar.hu\/2022\/wp-json\/wp\/v2\/tribe_events\/2946\/revisions"}],"predecessor-version":[{"id":3042,"href":"https:\/\/www.obudainyar.hu\/2022\/wp-json\/wp\/v2\/tribe_events\/2946\/revisions\/3042"}],"wp:featuredmedia":[{"embeddable":true,"href":"https:\/\/www.obudainyar.hu\/2022\/wp-json\/wp\/v2\/media\/2947"}],"wp:attachment":[{"href":"https:\/\/www.obudainyar.hu\/2022\/wp-json\/wp\/v2\/media?parent=2946"}],"wp:term":[{"taxonomy":"post_tag","embeddable":true,"href":"https:\/\/www.obudainyar.hu\/2022\/wp-json\/wp\/v2\/tags?post=2946"},{"taxonomy":"tribe_events_cat","embeddable":true,"href":"https:\/\/www.obudainyar.hu\/2022\/wp-json\/wp\/v2\/tribe_events_cat?post=2946"}],"curies":[{"name":"wp","href":"https:\/\/api.w.org\/{rel}","templated":true}]}}