{"id":3252,"date":"2022-08-16T15:02:19","date_gmt":"2022-08-16T13:02:19","guid":{"rendered":"https:\/\/www.obudainyar.hu\/2022\/?post_type=tribe_events&#038;p=3252"},"modified":"2022-08-16T15:02:19","modified_gmt":"2022-08-16T13:02:19","slug":"kisuzem-2022-obudai-kezmuves-sorok-fesztivalja","status":"publish","type":"tribe_events","link":"https:\/\/www.obudainyar.hu\/2022\/esemeny\/kisuzem-2022-obudai-kezmuves-sorok-fesztivalja\/","title":{"rendered":"Kis\u00fczem 2022 &#8211; \u00d3budai K\u00e9zm\u0171ves S\u00f6r\u00f6k Fesztiv\u00e1lja"},"content":{"rendered":"<div class=\"tribe-events-schedule tribe-clearfix\"><\/div>\n<div id=\"post-8163\" class=\"post-8163 tribe_events type-tribe_events status-publish has-post-thumbnail hentry tag-jatek tribe_events_cat-jatek tribe_events_cat-koncert tribe_events_cat-koncert-irodalom tribe_events_cat-koncert-kiallitas tribe_events_cat-muveszet cat_jatek cat_koncert cat_koncert-irodalom cat_koncert-kiallitas cat_muveszet\">\n<div class=\"tribe-events-single-event-description tribe-events-content\">\n<div class=\"kvgmc6g5 cxmmr5t8 oygrvhab hcukyx3x c1et5uql\">\n<div class=\"kvgmc6g5 cxmmr5t8 oygrvhab hcukyx3x c1et5uql\">\n<div class=\"kvgmc6g5 cxmmr5t8 oygrvhab hcukyx3x c1et5uql\">\n<h4>R\u00e9szletes program:<\/h4>\n<p>&nbsp;<\/p>\n<p><strong><u>Augusztus 26. p\u00e9ntek<\/u><\/strong><\/p>\n<p>&nbsp;<\/p>\n<p><strong>18:00-19:00 LOS ORANGUTANES<\/strong><\/p>\n<p>A Los Orangutanes 2017 \u00f3ta t\u00e1ncoltatja a magyar cumbia rajong\u00f3kat. Annak ellen\u00e9re, hogy D\u00e9l-Amerika legn\u00e9pszer\u0171bb st\u00edlusa a cumbia, ez a m\u0171faj m\u00e9ltatlanul kis figyelmet kapott eddig idehaza. Ezen szeretne v\u00e1ltoztatni a Los Orangutanes, melyet kipr\u00f3b\u00e1lt, veter\u00e1n zen\u00e9szek h\u00edvtak \u00e9letre. Az Irie Maffia, Zuboly, Paso, Besh o&#8217;drom, Anselmo Crew tagjaib\u00f3l verbuv\u00e1l\u00f3dott csapat r\u00f6vid id\u0151 alatt a t\u00e1ncolni v\u00e1gy\u00f3 magyarok kedvenc\u00e9v\u00e9 v\u00e1lt, telth\u00e1zas M\u00fcpa, Akv\u00e1rium \u00e9s Kobuci koncertek valamint sz\u00e1mtalan hazai fesztiv\u00e1l is a h\u00e1tuk m\u00f6g\u00f6tt van m\u00e1r. 2021-ben j\u00f6tt el az id\u0151 az \u00e9l\u0151 koncertek mellett a st\u00fadi\u00f3 lemezek kiad\u00e1s\u00e1ra is.<\/p>\n<p>Aki j\u00e1rt m\u00e1r Los Orangutanes koncerten, az tudja, hogy nem lehet \u00fclve v\u00e9gign\u00e9zni a csapatot, az ember l\u00e1ba automatikusan t\u00e1ncra perd\u00fcl.<\/p>\n<p><strong>19:00 K\u00d3COS CIRKUSZ<\/strong><\/p>\n<p>Az utcai mutatv\u00e1nyosok lend\u00fclete \u00e9s a v\u00e1ndorcirkuszok vil\u00e1ga.<\/p>\n<p><strong>20:00-21:30 FIRKIN<\/strong><\/p>\n<p>Olyan zen\u00e9t j\u00e1tszik a Firkin, ami szikr\u00e1t pattint a t\u00e9rdekbe \u00e9s a talpak al\u00e1, sikolyokat \u00e9s \u00fcv\u00f6lt\u00e9seket fakaszt a torkokb\u00f3l a nagysz\u00ednpadokt\u00f3l a kocsm\u00e1kig.<\/p>\n<p>Ahogy az angol mondan\u00e1: \u201efirkin is good, firkin\u2019 good!\u201d<\/p>\n<p>&nbsp;<\/p>\n<p><strong><u>Augusztus 27. szombat<\/u><\/strong><\/p>\n<p>&nbsp;<\/p>\n<p><strong>16:00-17:00 IVAN &amp; THE PARAZOL ACUSTIC DU\u00d3<\/strong><\/p>\n<p>Vit\u00e1ris Iv\u00e1n \u00e9s Balla M\u00e1t\u00e9 j\u00e1tssza el els\u0151 magyar nyelv\u0171 lemez\u00e9nek, a Budai Popnak a dalait. A lemezen hallhat\u00f3 sz\u00e1mok akusztikus form\u00e1ban sz\u00fclettek. A zenekar dalszerz\u0151 p\u00e1rosa, Balla M\u00e1t\u00e9 \u00e9s Vit\u00e1ris Iv\u00e1n, most visszany\u00falnak a gy\u00f6kerekhez \u00e9s ilyen form\u00e1ban fogj\u00e1k megmutatni \u0151ket, az album elej\u00e9t\u0151l a v\u00e9g\u00e9ig.<\/p>\n<p><strong>17:00 TAIKO HUNGARY<\/strong><\/p>\n<p>Jap\u00e1n dobos bemutat\u00f3.<\/p>\n<p><strong>18:00-19:00 RIPOFF RASKOLNIKOV DU\u00d3<\/strong><\/p>\n<p>Ripoff Raskolnikov szem\u00e9ly\u00e9ben a n\u00e9hai K&amp;K t\u00e9rs\u00e9g egyik legjobb dalszerz\u0151j\u00e9t tisztelhetj\u00fck. Partner\u00e9t Nagy Szabolcsot a legjobb hazai blues zongoristak\u00e9nt tartj\u00e1k sz\u00e1mon.<\/p>\n<p><strong>19:00 PYROTRIO<\/strong><\/p>\n<p>K\u00fcl\u00f6nleges t\u0171zsze\u00e1nsz.<\/p>\n<p><strong>20:00-21:30 SUPERNEM<\/strong><\/p>\n<p>A Supernem 2002-ben alakult magyar pop-rock egy\u00fcttes. M\u00e9g ebben az \u00e9vben megjelent els\u0151 kislemez\u00fck \u00e9s videoklipj\u00fck K-k-k\u00e9tszer c\u00edmmel, majd 2003. m\u00e1jus\u00e1ban els\u0151 nagylemez\u00fck is, Hangosabban! c\u00edmmel. Napjainkig hat nagylemezt adtak ki, t\u00f6bb dalukb\u00f3l is orsz\u00e1gszerte ismert sl\u00e1ger lett. Rendszeres fell\u00e9p\u0151i a magyarorsz\u00e1gi rockkluboknak \u00e9s fesztiv\u00e1loknak.<\/p>\n<p>&nbsp;<\/p>\n<p><strong><u>Augusztus 28. vas\u00e1rnap<\/u><\/strong><\/p>\n<p>&nbsp;<\/p>\n<p><strong>15:00-16:00 <\/strong><strong>GRANCANADA<\/strong><\/p>\n<p>Jazz-hop beatek + neo-soul \u00e9nek = Alternat\u00edv R&amp;B<\/p>\n<p>A GranCanada egy 2018. v\u00e9g\u00e9n alakult alternat\u00edv R&amp;B zenekar. \u00d6t f\u0151s fel\u00e1ll\u00e1s\u00e1ban a dob, basszus, git\u00e1r alap h\u00e1rmason t\u00fal trombita kap helyet, a hangszerel\u00e9sre pedig a soul l\u00e1gys\u00e1g\u00e1t n\u00e9hol a hip-hop kem\u00e9nys\u00e9g\u00e9vel \u00f6tv\u00f6z\u0151 \u00e9nek teszi fel a koron\u00e1t. Zen\u00e9j\u00fckben t\u00f6rekednek a hibrid megsz\u00f3lal\u00e1sra, billenty\u0171 \u00e9s elektromos dobhangok emelik el az akusztikus zenekari hangz\u00e1st\u00f3l koncertjeiket, \u00edgy t\u00e1ncoltatj\u00e1k meg az elektronikus zen\u00e9hez hasonl\u00f3an a k\u00f6z\u00f6ns\u00e9get.<\/p>\n<p><strong>16:00 ZENEI CSEMEGE \u00cdNYENCEKNEK<\/strong><\/p>\n<p>Az \u00d3budai Danubia Zenekar harsona kvartettje.<\/p>\n<p><strong>17:00-18:00 FRENK<\/strong><\/p>\n<p>A multiinstrumentalista zen\u00e9sz (\u00e9nek, dob, git\u00e1r, billenty\u0171k) zenekara mellett k\u00fcl\u00f6nleges alkalmakkor egysz\u00e1lgit\u00e1ros koncerteket is ad. Frenk a Hiperkarma tagjak\u00e9nt t\u0171nt fel, de emellett t\u00f6bb form\u00e1ci\u00f3ban is j\u00e1tszott, valamint a kezdetekt\u0151l fogva a Budapest B\u00e1r oszlopos tagja. Nagyv\u00e1rosi \u00e9jszak\u00e1k, David Bowie, Zappa, Elvis, kor\u00e1bbi saj\u00e1t dalok \u00e9s feldolgoz\u00e1sok is szerepelnek a koncert reperto\u00e1rj\u00e1n.<\/p>\n<p><strong>18:00 KLASSZIKUSOK KUKAFED\u0150N<\/strong><\/p>\n<p>Az \u00d3budai Danubia Zenekar \u00fct\u0151egy\u00fcttese.<\/p>\n<p><strong>19:00-20:30 L\u00d3CI J\u00c1TSZIK<\/strong><\/p>\n<p>A L\u00f3ci j\u00e1tszik zenekar \u0151szinte \u00e9letszeml\u00e9let\u00e9vel, \u00e9s energikus sz\u00ednpadi jelenl\u00e9t\u00e9vel ker\u00edti szinte azonnal a hatalm\u00e1ba a koncertre l\u00e1togat\u00f3kat.<\/p>\n<p>A zenekar n\u00e9hol balk\u00e1ni, n\u00e9hol pedig alternat\u00edv be\u00fct\u00e9s\u0171. Ez egy olyan k\u00fcl\u00f6nleges, csal\u00e1dias \u00e9s sz\u00f3rakoztat\u00f3 hangulatot hoz, am\u00edg sz\u00ednpadon vannak, hogy az ember r\u00f6gt\u00f6n \u00fagy \u00e9rzi, teljes m\u00e9rt\u00e9kben ellazulhat, \u00e9s \u00e1tadhatja mag\u00e1t a f\u00fav\u00f3sokkal tark\u00edtott funky sz\u00f3lamoknak. A vid\u00e1m hangulat ellen\u00e9re L\u00f3ci sz\u00f6vegeinek k\u00fcl\u00f6nlegess\u00e9ge, hogy mindegyik \u00e9let\u00e9nek egy fontos szakasz\u00e1t \u00f6r\u00f6k\u00edti meg, \u00edgy k\u00f6nnyen lehet vel\u00fck azonosulni.<\/p>\n<p>&nbsp;<\/p>\n<p><strong><u>K\u00eds\u00e9r\u0151programok p\u00e9ntek-szombat-vas\u00e1rnap <\/u><\/strong><\/p>\n<p>&nbsp;<\/p>\n<p><strong>Eserny\u0151s udvar<\/strong><\/p>\n<p>Gyereksarok j\u00e1t\u00e9kokkal, babzs\u00e1kokkal, mes\u00e9kkel.<\/p>\n<p>UPSZ \u00fajrahasznos\u00edt\u00f3 workshop (PET palack, tejf\u00f6l\u00f6s doboz).<\/p>\n<p>Ki\u00e1ll\u00edt\u00e1s a r\u00e9gm\u00falt id\u0151k s\u00f6rrekl\u00e1mjaib\u00f3l.<\/p>\n<p><strong>Szentl\u00e9lek t\u00e9r<\/strong><\/p>\n<p>S\u00f6r\u00f6srekesz \u00e9p\u00edt\u00e9s<\/p>\n<p>Csocs\u00f3<\/p>\n<p>Beer pong<\/p>\n<p>Zsongl\u0151r j\u00e1tsz\u00f3h\u00e1z (15:00-18:00)<\/p>\n<p>&nbsp;<\/p>\n<p><strong><u>MAL\u00c1TA \u2013 workshopok a s\u00f6rf\u0151z\u0151 mesters\u00e9gr\u0151l<\/u><\/strong><\/p>\n<p>&nbsp;<\/p>\n<p><strong>Kobuci kert<\/strong><\/p>\n<p>Ingyenes alkalmak, ahol a k\u00e9zm\u0171ves f\u0151zd\u00e9k szakembereinek bemutat\u00f3in b\u00e1rki betekint\u00e9st nyerhet a s\u00f6rf\u0151z\u00e9s rejtelmeibe.<\/p>\n<p>Bemutatkoz\u00f3 s\u00f6rf\u0151zd\u00e9k:<\/p>\n<p><strong>szombat (14:30-16:00)<\/strong><\/p>\n<p>Etyeki s\u00f6rf\u0151zde<\/p>\n<p>BAZ beer<\/p>\n<p>F\u00f3ti s\u00f6rf\u0151zde<\/p>\n<p>Kis\u00fczemi s\u00f6rf\u0151zd\u00e9k egyes\u00fclete<\/p>\n<p><strong>vas\u00e1rnap (14:30-16:00)<\/strong><\/p>\n<p>P\u00e9csi s\u00f6rf\u0151zde<\/p>\n<p>Kecskem\u00e9ti s\u00f6rmanufakt\u00fara<\/p>\n<p>Reketye Brewery<\/p>\n<p>Naponta t\u00f6bb alkalommal bemutatkoznak a s\u00f6rf\u0151zd\u00e9k, illetve el\u0151ad\u00e1sokat hallgathatnak meg l\u00e1togat\u00f3ink a s\u00f6rf\u0151z\u00e9s mesters\u00e9g\u00e9r\u0151l.<\/p>\n<p>&nbsp;<\/p>\n<p><strong><u>S\u00d6RT\u00c9R A F\u0150 T\u00c9REN<\/u><\/strong><\/p>\n<p>&nbsp;<\/p>\n<p>Id\u00e9n a hazai k\u00e9zm\u0171ves s\u00f6r\u00f6k \u00f3budai seregszeml\u00e9j\u00e9n tucatnyi magyar s\u00f6rf\u0151zde t\u00f6bb mit sz\u00e1z k\u00e9zm\u0171ves s\u00f6r\u00e9vel, bemutat\u00f3kkal \u00e9s s\u00f6rmester workshopokkal v\u00e1runk mindenkit az \u00f3budai F\u0151 t\u00e9ren.<\/p>\n<p>A k\u00e9zm\u0171ves s\u00f6r\u00f6k k\u00fcl\u00f6nlegess\u00e9ge els\u0151sorban sz\u00e9lesebb \u00edzsk\u00e1l\u00e1jukban \u00e9s natur\u00e1lis \u00f6sszetev\u0151ikben rejlik. A legjobb s\u00f6rmesterek ak\u00e1r sz\u00e1zf\u00e9le term\u00e9szetes alapanyag kombin\u00e1ci\u00f3ival keverik ki a k\u00fcl\u00f6nleges \u00edzeket. Hogy mindez pontosan hogyan is t\u00f6rt\u00e9nik, az \u00e9rdekl\u0151d\u0151k megtudhatj\u00e1k a rendezv\u00e9nyt k\u00eds\u00e9r\u0151 ingyenes s\u00f6rmester workshopokon. A legjobb hazai ned\u0171ket a r\u00e9sztvev\u0151 hazai s\u00f6rf\u0151zd\u00e9k szakemberei mutatj\u00e1k be.<\/p>\n<p>&nbsp;<\/p>\n<p><strong><u>FOOD TRUCK SHOW<\/u><\/strong><\/p>\n<p>&nbsp;<\/p>\n<p>A Food Truck Show t\u00f6bb mint 300 rendezv\u00e9nynapot tart \u00e9vente, aminek gerinc\u00e9t a Food Truck Show orsz\u00e1gj\u00e1r\u00f3 karav\u00e1nja jelenti. Az eg\u00e9sz orsz\u00e1got beh\u00e1l\u00f3zva hirdetik a \u201eGasztro-forradalmat\u201c, amely j\u00f3l l\u00e1that\u00f3 v\u00e1ltoz\u00e1st jelent a mai fesztiv\u00e1lok vil\u00e1g\u00e1ban.<\/p>\n<p>A Food Truck Show az orsz\u00e1g mozg\u00f3 \u00e9tterme: egy id\u0151ben \u00e9s helyen mutat be min\u0151s\u00e9gi \u00e9teleket \u00e9s italokat k\u00edn\u00e1l\u00f3, mozg\u00e1sra k\u00e9pes vend\u00e9gl\u00e1t\u00f3 j\u00e1rm\u0171veket. K\u00eds\u00e9r\u0151 \u00e9s \u00f6n\u00e1ll\u00f3 rendezv\u00e9nyk\u00e9nt j\u00e1rja az orsz\u00e1got \u00e9s sz\u00e1ll\u00edt egyed\u00fcl\u00e1ll\u00f3 gasztron\u00f3miai \u00e9lm\u00e9nyeket. R\u00e1ad\u00e1sul gyakran 10-15 k\u00fcl\u00f6nb\u00f6z\u0151 orsz\u00e1g \u00edzeib\u0151l v\u00e1logathatunk. Ennek k\u00f6sz\u00f6nhet\u0151en \u00e9vr\u0151l \u00e9vre b\u0151v\u00fcl, sz\u00ednesedik a k\u00edn\u00e1lat, hozz\u00e1juk a megszokott kedvencek mellett az \u00faj \u00edzek miatt is \u00e9rdemes visszaj\u00e1rni.<\/p>\n<p>A street food-osok maguk is tudj\u00e1k, hogy a gyors\u00e9telek csomagol\u00e1s\u00e1b\u00f3l nagyon sok szem\u00e9t gy\u0171lhet \u00f6ssze. Ez\u00e9rt minden egyes Food Truck Show a kezdetekt\u0151l m\u0171anyagmentes: az \u00e9tk\u00e9szlet f\u00e1b\u00f3l, a csomagol\u00e1s kartonb\u00f3l, a poharak leboml\u00f3 PLA-b\u00f3l k\u00e9sz\u00fclnek, amelyeket szelekt\u00edven gy\u0171jt \u00e9s sz\u00e1ll\u00edt a Z\u00f6ld \u00d6vezet T\u00e1rsul\u00e1s.<\/p>\n<p>&nbsp;<\/p>\n<p><strong>A s\u00f6rudvar \u00e9s a Food Truck Show nyitvatart\u00e1sa: <\/strong><\/p>\n<p>augusztus 26., p\u00e9ntek \u2013 16:00-23.00<\/p>\n<p>augusztus 27., szombat \u2013 13:00-23.00<\/p>\n<p>augusztus 28., vas\u00e1rnap \u2013 13:00-22.00<\/p>\n<p>&nbsp;<\/p>\n<\/div>\n<\/div>\n<\/div>\n<\/div>\n<\/div>\n","protected":false},"excerpt":{"rendered":"<p>H\u00e1rom \u00e9v kihagy\u00e1s ut\u00e1n \u00fajra Kis\u00fczem a F\u0151 t\u00e9ren! <\/p>\n","protected":false},"author":4,"featured_media":3248,"comment_status":"open","ping_status":"closed","template":"","meta":[],"tags":[372,461,463,82,398,357,462],"tribe_events_cat":[338],"yoast_head":"<!-- This site is optimized with the Yoast SEO plugin v17.5 - https:\/\/yoast.com\/wordpress\/plugins\/seo\/ -->\n<title>Kis\u00fczem 2022 - \u00d3budai K\u00e9zm\u0171ves S\u00f6r\u00f6k Fesztiv\u00e1lja - \u00d3budai Ny\u00e1r 2022 | obuda.hu<\/title>\n<meta name=\"robots\" content=\"index, follow, max-snippet:-1, max-image-preview:large, max-video-preview:-1\" \/>\n<link rel=\"canonical\" href=\"https:\/\/www.obudainyar.hu\/2022\/esemeny\/kisuzem-2022-obudai-kezmuves-sorok-fesztivalja\/\" \/>\n<meta property=\"og:locale\" content=\"hu_HU\" \/>\n<meta property=\"og:type\" content=\"article\" \/>\n<meta property=\"og:title\" content=\"Kis\u00fczem 2022 - \u00d3budai K\u00e9zm\u0171ves S\u00f6r\u00f6k Fesztiv\u00e1lja - \u00d3budai Ny\u00e1r 2022 | obuda.hu\" \/>\n<meta property=\"og:description\" content=\"H\u00e1rom \u00e9v kihagy\u00e1s ut\u00e1n \u00fajra Kis\u00fczem a F\u0151 t\u00e9ren!\" \/>\n<meta property=\"og:url\" content=\"https:\/\/www.obudainyar.hu\/2022\/esemeny\/kisuzem-2022-obudai-kezmuves-sorok-fesztivalja\/\" \/>\n<meta property=\"og:site_name\" content=\"\u00d3budai Ny\u00e1r 2022 | obuda.hu\" \/>\n<meta property=\"og:image\" content=\"https:\/\/www.obudainyar.hu\/2022\/wp-content\/uploads\/2022\/08\/292297035_3286754024928840_1396530351691928088_n.jpg\" \/>\n\t<meta property=\"og:image:width\" content=\"2048\" \/>\n\t<meta property=\"og:image:height\" content=\"1448\" \/>\n<meta name=\"twitter:card\" content=\"summary_large_image\" \/>\n<meta name=\"twitter:label1\" content=\"Becs\u00fclt olvas\u00e1si id\u0151\" \/>\n\t<meta name=\"twitter:data1\" content=\"7 perc\" \/>\n<script type=\"application\/ld+json\" class=\"yoast-schema-graph\">{\"@context\":\"https:\/\/schema.org\",\"@graph\":[{\"@type\":\"WebSite\",\"@id\":\"https:\/\/www.obudainyar.hu\/2022\/#website\",\"url\":\"https:\/\/www.obudainyar.hu\/2022\/\",\"name\":\"\\u00d3budai Ny\\u00e1r 2022 | obuda.hu\",\"description\":\"\",\"potentialAction\":[{\"@type\":\"SearchAction\",\"target\":{\"@type\":\"EntryPoint\",\"urlTemplate\":\"https:\/\/www.obudainyar.hu\/2022\/?s={search_term_string}\"},\"query-input\":\"required name=search_term_string\"}],\"inLanguage\":\"hu\"},{\"@type\":\"ImageObject\",\"@id\":\"https:\/\/www.obudainyar.hu\/2022\/esemeny\/kisuzem-2022-obudai-kezmuves-sorok-fesztivalja\/#primaryimage\",\"inLanguage\":\"hu\",\"url\":\"https:\/\/www.obudainyar.hu\/2022\/wp-content\/uploads\/2022\/08\/292297035_3286754024928840_1396530351691928088_n.jpg\",\"contentUrl\":\"https:\/\/www.obudainyar.hu\/2022\/wp-content\/uploads\/2022\/08\/292297035_3286754024928840_1396530351691928088_n.jpg\",\"width\":2048,\"height\":1448},{\"@type\":\"WebPage\",\"@id\":\"https:\/\/www.obudainyar.hu\/2022\/esemeny\/kisuzem-2022-obudai-kezmuves-sorok-fesztivalja\/#webpage\",\"url\":\"https:\/\/www.obudainyar.hu\/2022\/esemeny\/kisuzem-2022-obudai-kezmuves-sorok-fesztivalja\/\",\"name\":\"Kis\\u00fczem 2022 - \\u00d3budai K\\u00e9zm\\u0171ves S\\u00f6r\\u00f6k Fesztiv\\u00e1lja - \\u00d3budai Ny\\u00e1r 2022 | obuda.hu\",\"isPartOf\":{\"@id\":\"https:\/\/www.obudainyar.hu\/2022\/#website\"},\"primaryImageOfPage\":{\"@id\":\"https:\/\/www.obudainyar.hu\/2022\/esemeny\/kisuzem-2022-obudai-kezmuves-sorok-fesztivalja\/#primaryimage\"},\"datePublished\":\"2022-08-16T13:02:19+00:00\",\"dateModified\":\"2022-08-16T13:02:19+00:00\",\"breadcrumb\":{\"@id\":\"https:\/\/www.obudainyar.hu\/2022\/esemeny\/kisuzem-2022-obudai-kezmuves-sorok-fesztivalja\/#breadcrumb\"},\"inLanguage\":\"hu\",\"potentialAction\":[{\"@type\":\"ReadAction\",\"target\":[\"https:\/\/www.obudainyar.hu\/2022\/esemeny\/kisuzem-2022-obudai-kezmuves-sorok-fesztivalja\/\"]}]},{\"@type\":\"BreadcrumbList\",\"@id\":\"https:\/\/www.obudainyar.hu\/2022\/esemeny\/kisuzem-2022-obudai-kezmuves-sorok-fesztivalja\/#breadcrumb\",\"itemListElement\":[{\"@type\":\"ListItem\",\"position\":1,\"name\":\"Kezd\\u0151lap\",\"item\":\"https:\/\/www.obudainyar.hu\/2022\/\"},{\"@type\":\"ListItem\",\"position\":2,\"name\":\"Esem\\u00e9nyek\",\"item\":\"https:\/\/www.obudainyar.hu\/2022\/esemenyek\/\"},{\"@type\":\"ListItem\",\"position\":3,\"name\":\"Kis\\u00fczem 2022 &#8211; \\u00d3budai K\\u00e9zm\\u0171ves S\\u00f6r\\u00f6k Fesztiv\\u00e1lja\"}]}]}<\/script>\n<!-- \/ Yoast SEO plugin. -->","yoast_head_json":{"title":"Kis\u00fczem 2022 - \u00d3budai K\u00e9zm\u0171ves S\u00f6r\u00f6k Fesztiv\u00e1lja - \u00d3budai Ny\u00e1r 2022 | obuda.hu","robots":{"index":"index","follow":"follow","max-snippet":"max-snippet:-1","max-image-preview":"max-image-preview:large","max-video-preview":"max-video-preview:-1"},"canonical":"https:\/\/www.obudainyar.hu\/2022\/esemeny\/kisuzem-2022-obudai-kezmuves-sorok-fesztivalja\/","og_locale":"hu_HU","og_type":"article","og_title":"Kis\u00fczem 2022 - \u00d3budai K\u00e9zm\u0171ves S\u00f6r\u00f6k Fesztiv\u00e1lja - \u00d3budai Ny\u00e1r 2022 | obuda.hu","og_description":"H\u00e1rom \u00e9v kihagy\u00e1s ut\u00e1n \u00fajra Kis\u00fczem a F\u0151 t\u00e9ren!","og_url":"https:\/\/www.obudainyar.hu\/2022\/esemeny\/kisuzem-2022-obudai-kezmuves-sorok-fesztivalja\/","og_site_name":"\u00d3budai Ny\u00e1r 2022 | obuda.hu","og_image":[{"width":2048,"height":1448,"url":"https:\/\/www.obudainyar.hu\/2022\/wp-content\/uploads\/2022\/08\/292297035_3286754024928840_1396530351691928088_n.jpg","type":"image\/jpeg"}],"twitter_card":"summary_large_image","twitter_misc":{"Becs\u00fclt olvas\u00e1si id\u0151":"7 perc"},"schema":{"@context":"https:\/\/schema.org","@graph":[{"@type":"WebSite","@id":"https:\/\/www.obudainyar.hu\/2022\/#website","url":"https:\/\/www.obudainyar.hu\/2022\/","name":"\u00d3budai Ny\u00e1r 2022 | obuda.hu","description":"","potentialAction":[{"@type":"SearchAction","target":{"@type":"EntryPoint","urlTemplate":"https:\/\/www.obudainyar.hu\/2022\/?s={search_term_string}"},"query-input":"required name=search_term_string"}],"inLanguage":"hu"},{"@type":"ImageObject","@id":"https:\/\/www.obudainyar.hu\/2022\/esemeny\/kisuzem-2022-obudai-kezmuves-sorok-fesztivalja\/#primaryimage","inLanguage":"hu","url":"https:\/\/www.obudainyar.hu\/2022\/wp-content\/uploads\/2022\/08\/292297035_3286754024928840_1396530351691928088_n.jpg","contentUrl":"https:\/\/www.obudainyar.hu\/2022\/wp-content\/uploads\/2022\/08\/292297035_3286754024928840_1396530351691928088_n.jpg","width":2048,"height":1448},{"@type":"WebPage","@id":"https:\/\/www.obudainyar.hu\/2022\/esemeny\/kisuzem-2022-obudai-kezmuves-sorok-fesztivalja\/#webpage","url":"https:\/\/www.obudainyar.hu\/2022\/esemeny\/kisuzem-2022-obudai-kezmuves-sorok-fesztivalja\/","name":"Kis\u00fczem 2022 - \u00d3budai K\u00e9zm\u0171ves S\u00f6r\u00f6k Fesztiv\u00e1lja - \u00d3budai Ny\u00e1r 2022 | obuda.hu","isPartOf":{"@id":"https:\/\/www.obudainyar.hu\/2022\/#website"},"primaryImageOfPage":{"@id":"https:\/\/www.obudainyar.hu\/2022\/esemeny\/kisuzem-2022-obudai-kezmuves-sorok-fesztivalja\/#primaryimage"},"datePublished":"2022-08-16T13:02:19+00:00","dateModified":"2022-08-16T13:02:19+00:00","breadcrumb":{"@id":"https:\/\/www.obudainyar.hu\/2022\/esemeny\/kisuzem-2022-obudai-kezmuves-sorok-fesztivalja\/#breadcrumb"},"inLanguage":"hu","potentialAction":[{"@type":"ReadAction","target":["https:\/\/www.obudainyar.hu\/2022\/esemeny\/kisuzem-2022-obudai-kezmuves-sorok-fesztivalja\/"]}]},{"@type":"BreadcrumbList","@id":"https:\/\/www.obudainyar.hu\/2022\/esemeny\/kisuzem-2022-obudai-kezmuves-sorok-fesztivalja\/#breadcrumb","itemListElement":[{"@type":"ListItem","position":1,"name":"Kezd\u0151lap","item":"https:\/\/www.obudainyar.hu\/2022\/"},{"@type":"ListItem","position":2,"name":"Esem\u00e9nyek","item":"https:\/\/www.obudainyar.hu\/2022\/esemenyek\/"},{"@type":"ListItem","position":3,"name":"Kis\u00fczem 2022 &#8211; \u00d3budai K\u00e9zm\u0171ves S\u00f6r\u00f6k Fesztiv\u00e1lja"}]}]}},"_links":{"self":[{"href":"https:\/\/www.obudainyar.hu\/2022\/wp-json\/wp\/v2\/tribe_events\/3252"}],"collection":[{"href":"https:\/\/www.obudainyar.hu\/2022\/wp-json\/wp\/v2\/tribe_events"}],"about":[{"href":"https:\/\/www.obudainyar.hu\/2022\/wp-json\/wp\/v2\/types\/tribe_events"}],"author":[{"embeddable":true,"href":"https:\/\/www.obudainyar.hu\/2022\/wp-json\/wp\/v2\/users\/4"}],"replies":[{"embeddable":true,"href":"https:\/\/www.obudainyar.hu\/2022\/wp-json\/wp\/v2\/comments?post=3252"}],"version-history":[{"count":6,"href":"https:\/\/www.obudainyar.hu\/2022\/wp-json\/wp\/v2\/tribe_events\/3252\/revisions"}],"predecessor-version":[{"id":3258,"href":"https:\/\/www.obudainyar.hu\/2022\/wp-json\/wp\/v2\/tribe_events\/3252\/revisions\/3258"}],"wp:featuredmedia":[{"embeddable":true,"href":"https:\/\/www.obudainyar.hu\/2022\/wp-json\/wp\/v2\/media\/3248"}],"wp:attachment":[{"href":"https:\/\/www.obudainyar.hu\/2022\/wp-json\/wp\/v2\/media?parent=3252"}],"wp:term":[{"taxonomy":"post_tag","embeddable":true,"href":"https:\/\/www.obudainyar.hu\/2022\/wp-json\/wp\/v2\/tags?post=3252"},{"taxonomy":"tribe_events_cat","embeddable":true,"href":"https:\/\/www.obudainyar.hu\/2022\/wp-json\/wp\/v2\/tribe_events_cat?post=3252"}],"curies":[{"name":"wp","href":"https:\/\/api.w.org\/{rel}","templated":true}]}}