{"id":287,"date":"2021-11-12T11:52:02","date_gmt":"2021-11-12T10:52:02","guid":{"rendered":"https:\/\/www.obudainyar.hu\/2023\/?page_id=287"},"modified":"2023-06-29T15:54:38","modified_gmt":"2023-06-29T13:54:38","slug":"mainpage","status":"publish","type":"page","link":"https:\/\/www.obudainyar.hu\/2023\/","title":{"rendered":"Kezd\u0151lap"},"content":{"rendered":"\t\t<div data-elementor-type=\"wp-page\" data-elementor-id=\"287\" class=\"elementor elementor-287\" data-elementor-post-type=\"page\">\n\t\t\t\t\t\t<section class=\"elementor-section elementor-top-section elementor-element elementor-element-f295001 elementor-section-boxed elementor-section-height-default elementor-section-height-default\" data-id=\"f295001\" data-element_type=\"section\" data-settings=\"{&quot;background_background&quot;:&quot;gradient&quot;}\">\n\t\t\t\t\t\t\t<div class=\"elementor-background-overlay\"><\/div>\n\t\t\t\t\t\t\t<div class=\"elementor-container elementor-column-gap-default\">\n\t\t\t\t\t<div class=\"elementor-column elementor-col-50 elementor-top-column elementor-element elementor-element-0c2368a\" data-id=\"0c2368a\" data-element_type=\"column\">\n\t\t\t<div class=\"elementor-widget-wrap elementor-element-populated\">\n\t\t\t\t\t\t<div class=\"elementor-element elementor-element-77d609f elementor-widget elementor-widget-image\" data-id=\"77d609f\" data-element_type=\"widget\" data-widget_type=\"image.default\">\n\t\t\t\t<div class=\"elementor-widget-container\">\n\t\t\t\t\t\t\t\t\t\t\t\t\t<img fetchpriority=\"high\" decoding=\"async\" width=\"800\" height=\"792\" src=\"https:\/\/www.obudainyar.hu\/2023\/wp-content\/uploads\/2023\/06\/ony2023@3x-1024x1014.png\" class=\"attachment-large size-large wp-image-3642\" alt=\"\" srcset=\"https:\/\/www.obudainyar.hu\/2023\/wp-content\/uploads\/2023\/06\/ony2023@3x-1024x1014.png 1024w, https:\/\/www.obudainyar.hu\/2023\/wp-content\/uploads\/2023\/06\/ony2023@3x-300x297.png 300w, https:\/\/www.obudainyar.hu\/2023\/wp-content\/uploads\/2023\/06\/ony2023@3x-150x150.png 150w, https:\/\/www.obudainyar.hu\/2023\/wp-content\/uploads\/2023\/06\/ony2023@3x-768x760.png 768w, https:\/\/www.obudainyar.hu\/2023\/wp-content\/uploads\/2023\/06\/ony2023@3x.png 1109w\" sizes=\"(max-width: 800px) 100vw, 800px\" \/>\t\t\t\t\t\t\t\t\t\t\t\t\t<\/div>\n\t\t\t\t<\/div>\n\t\t\t\t\t<\/div>\n\t\t<\/div>\n\t\t\t\t<div class=\"elementor-column elementor-col-50 elementor-top-column elementor-element elementor-element-138b087\" data-id=\"138b087\" data-element_type=\"column\">\n\t\t\t<div class=\"elementor-widget-wrap elementor-element-populated\">\n\t\t\t\t\t\t<div class=\"elementor-element elementor-element-ee77fc6 elementor-widget elementor-widget-heading\" data-id=\"ee77fc6\" data-element_type=\"widget\" data-widget_type=\"heading.default\">\n\t\t\t\t<div class=\"elementor-widget-container\">\n\t\t\t<h2 class=\"elementor-heading-title elementor-size-default\">\u00dcnnepelj\u00fck egy\u00fctt a nyarat!<\/h2>\t\t<\/div>\n\t\t\t\t<\/div>\n\t\t\t\t<div class=\"elementor-element elementor-element-eca43f5 elementor-widget elementor-widget-text-editor\" data-id=\"eca43f5\" data-element_type=\"widget\" data-widget_type=\"text-editor.default\">\n\t\t\t\t<div class=\"elementor-widget-container\">\n\t\t\t\t\t\t\t<p>J\u00fanius 23-t\u00f3l szeptember 16-ig szt\u00e1rfell\u00e9p\u0151kkel, szuper koncertekkel, izgalmas filmekkel, k\u00e9zm\u0171ves s\u00f6rfesztiv\u00e1llal, csal\u00e1di \u00e9s gyerekprogramokkal \u00e9s egyed\u00fcl\u00e1ll\u00f3 strand-\u00e9lm\u00e9nyekkel v\u00e1rjuk \u00d6n\u00f6ket az \u00d3budai Ny\u00e1r rendezv\u00e9nyein.<\/p><p><strong>Szeretettel v\u00e1rjuk \u00d6n\u00f6ket, tartsanak vel\u00fcnk ingyenes programjainkon!<\/strong><\/p>\t\t\t\t\t\t<\/div>\n\t\t\t\t<\/div>\n\t\t\t\t<div class=\"elementor-element elementor-element-6c4c790 elementor-align-left elementor-mobile-align-center elementor-widget elementor-widget-button\" data-id=\"6c4c790\" data-element_type=\"widget\" data-widget_type=\"button.default\">\n\t\t\t\t<div class=\"elementor-widget-container\">\n\t\t\t\t\t<div class=\"elementor-button-wrapper\">\n\t\t\t<a class=\"elementor-button elementor-button-link elementor-size-lg\" href=\"https:\/\/www.obudainyar.hu\/2023\/programok\/\">\n\t\t\t\t\t\t<span class=\"elementor-button-content-wrapper\">\n\t\t\t\t\t\t\t\t\t<span class=\"elementor-button-text\">Programok<\/span>\n\t\t\t\t\t<\/span>\n\t\t\t\t\t<\/a>\n\t\t<\/div>\n\t\t\t\t<\/div>\n\t\t\t\t<\/div>\n\t\t\t\t\t<\/div>\n\t\t<\/div>\n\t\t\t\t\t<\/div>\n\t\t<\/section>\n\t\t\t\t<section class=\"elementor-section elementor-top-section elementor-element elementor-element-fad1d3c elementor-section-boxed elementor-section-height-default elementor-section-height-default\" data-id=\"fad1d3c\" data-element_type=\"section\" data-settings=\"{&quot;background_background&quot;:&quot;gradient&quot;}\">\n\t\t\t\t\t\t\t<div class=\"elementor-background-overlay\"><\/div>\n\t\t\t\t\t\t\t<div class=\"elementor-container elementor-column-gap-default\">\n\t\t\t\t\t<div class=\"elementor-column elementor-col-100 elementor-top-column elementor-element elementor-element-f2dc282\" data-id=\"f2dc282\" data-element_type=\"column\">\n\t\t\t<div class=\"elementor-widget-wrap elementor-element-populated\">\n\t\t\t\t\t\t<div class=\"elementor-element elementor-element-1974fcb elementor-widget elementor-widget-heading\" data-id=\"1974fcb\" data-element_type=\"widget\" data-widget_type=\"heading.default\">\n\t\t\t\t<div class=\"elementor-widget-container\">\n\t\t\t<h2 class=\"elementor-heading-title elementor-size-default\">H\u00edrek<\/h2>\t\t<\/div>\n\t\t\t\t<\/div>\n\t\t\t\t<div class=\"elementor-element elementor-element-09b7869 elementor-grid-3 elementor-grid-tablet-2 elementor-grid-mobile-1 elementor-posts--thumbnail-top elementor-posts__hover-gradient elementor-widget elementor-widget-posts\" data-id=\"09b7869\" data-element_type=\"widget\" data-settings=\"{&quot;cards_columns&quot;:&quot;3&quot;,&quot;cards_columns_tablet&quot;:&quot;2&quot;,&quot;cards_columns_mobile&quot;:&quot;1&quot;,&quot;cards_row_gap&quot;:{&quot;unit&quot;:&quot;px&quot;,&quot;size&quot;:35,&quot;sizes&quot;:[]},&quot;cards_row_gap_tablet&quot;:{&quot;unit&quot;:&quot;px&quot;,&quot;size&quot;:&quot;&quot;,&quot;sizes&quot;:[]},&quot;cards_row_gap_mobile&quot;:{&quot;unit&quot;:&quot;px&quot;,&quot;size&quot;:&quot;&quot;,&quot;sizes&quot;:[]}}\" data-widget_type=\"posts.cards\">\n\t\t\t\t<div class=\"elementor-widget-container\">\n\t\t\t\t\t<div class=\"elementor-posts-container elementor-posts elementor-posts--skin-cards elementor-grid\">\n\t\t\t\t<article class=\"elementor-post elementor-grid-item post-4505 post type-post status-publish format-standard has-post-thumbnail hentry category-obudai-nyar-hirek-2022 tag-berkesi-alex tag-csillaghegy-a-mi-kis-falunk tag-csillaghegy-tortaja tag-dj-randnai-es-a-midlife-crisis-showband tag-fenyo-miklos tag-fozoverseny tag-iszkiri tag-kiraly-viktor tag-obudai-nyar-2023 tag-sunny-side-up tag-torok-peter-es-az-icecream\">\n\t\t\t<div class=\"elementor-post__card\">\n\t\t\t\t<a class=\"elementor-post__thumbnail__link\" href=\"https:\/\/www.obudainyar.hu\/2023\/fantasztikus-bulival-zartuk-az-obudai-nyar-rendezvenysorozatot-csillaghegyen\/\" tabindex=\"-1\" ><div class=\"elementor-post__thumbnail\"><img decoding=\"async\" width=\"768\" height=\"512\" src=\"https:\/\/www.obudainyar.hu\/2023\/wp-content\/uploads\/2023\/09\/379449633_667184725548780_3448801452642721821_n-768x512.jpg\" class=\"attachment-medium_large size-medium_large wp-image-4519\" alt=\"\" srcset=\"https:\/\/www.obudainyar.hu\/2023\/wp-content\/uploads\/2023\/09\/379449633_667184725548780_3448801452642721821_n-768x512.jpg 768w, https:\/\/www.obudainyar.hu\/2023\/wp-content\/uploads\/2023\/09\/379449633_667184725548780_3448801452642721821_n-300x200.jpg 300w, https:\/\/www.obudainyar.hu\/2023\/wp-content\/uploads\/2023\/09\/379449633_667184725548780_3448801452642721821_n-1024x683.jpg 1024w, https:\/\/www.obudainyar.hu\/2023\/wp-content\/uploads\/2023\/09\/379449633_667184725548780_3448801452642721821_n-1536x1024.jpg 1536w, https:\/\/www.obudainyar.hu\/2023\/wp-content\/uploads\/2023\/09\/379449633_667184725548780_3448801452642721821_n.jpg 2048w\" sizes=\"(max-width: 768px) 100vw, 768px\" \/><\/div><\/a>\n\t\t\t\t<div class=\"elementor-post__text\">\n\t\t\t\t<h3 class=\"elementor-post__title\">\n\t\t\t<a href=\"https:\/\/www.obudainyar.hu\/2023\/fantasztikus-bulival-zartuk-az-obudai-nyar-rendezvenysorozatot-csillaghegyen\/\" >\n\t\t\t\tFantasztikus bulival z\u00e1rtuk az \u00d3budai Ny\u00e1r rendezv\u00e9nysorozatot Csillaghegyen\/ VIDE\u00d3S tartalom\t\t\t<\/a>\n\t\t<\/h3>\n\t\t\t\t<div class=\"elementor-post__excerpt\">\n\t\t\t<p>Hamis\u00edtatlan falunappal z\u00e1rtuk szeptember 16-\u00e1n, szombaton az \u00d3budai Ny\u00e1r rendezv\u00e9nyeit. A remek hangulatot, a reggelt\u0151l estig tart\u00f3 j\u00f3kedvet a gazdag programk\u00edn\u00e1lat mellettaz itt \u00e9l\u0151 \u00f6sszetart\u00f3 k\u00f6z\u00f6ss\u00e9g biztos\u00edtotta. K\u00f6sz\u00f6nj\u00fck, hogy vel\u00fcnk tartottak z\u00e1r\u00f3rendezv\u00e9ny\u00fcnk\u00f6n! <\/p>\n\t\t<\/div>\n\t\t\t\t<\/div>\n\t\t\t\t\t<\/div>\n\t\t<\/article>\n\t\t\t\t<article class=\"elementor-post elementor-grid-item post-4496 post type-post status-publish format-standard has-post-thumbnail hentry category-obudai-nyar-hirek-2022 tag-berkesi-alex tag-csillaghegy tag-csillaghegy-a-mi-kis-falunk tag-csillaghegy-tortaja tag-fenyo-miklos tag-fozoversesny tag-ice-cream tag-iszkiri tag-kiraly-viktor tag-radnai-peter tag-torok-peter\">\n\t\t\t<div class=\"elementor-post__card\">\n\t\t\t\t<a class=\"elementor-post__thumbnail__link\" href=\"https:\/\/www.obudainyar.hu\/2023\/csillaghegy-a-mi-kis-falunk-nyarzaro-fesztival-a-matyas-kiraly-uton\/\" tabindex=\"-1\" ><div class=\"elementor-post__thumbnail\"><img decoding=\"async\" width=\"768\" height=\"432\" src=\"https:\/\/www.obudainyar.hu\/2023\/wp-content\/uploads\/2023\/09\/ONY23_post_hero-csillaghegy2-1-midlife-768x432.png\" class=\"attachment-medium_large size-medium_large wp-image-4504\" alt=\"\" srcset=\"https:\/\/www.obudainyar.hu\/2023\/wp-content\/uploads\/2023\/09\/ONY23_post_hero-csillaghegy2-1-midlife-768x432.png 768w, https:\/\/www.obudainyar.hu\/2023\/wp-content\/uploads\/2023\/09\/ONY23_post_hero-csillaghegy2-1-midlife-300x169.png 300w, https:\/\/www.obudainyar.hu\/2023\/wp-content\/uploads\/2023\/09\/ONY23_post_hero-csillaghegy2-1-midlife-1024x576.png 1024w, https:\/\/www.obudainyar.hu\/2023\/wp-content\/uploads\/2023\/09\/ONY23_post_hero-csillaghegy2-1-midlife-1536x864.png 1536w, https:\/\/www.obudainyar.hu\/2023\/wp-content\/uploads\/2023\/09\/ONY23_post_hero-csillaghegy2-1-midlife.png 1600w\" sizes=\"(max-width: 768px) 100vw, 768px\" \/><\/div><\/a>\n\t\t\t\t<div class=\"elementor-post__text\">\n\t\t\t\t<h3 class=\"elementor-post__title\">\n\t\t\t<a href=\"https:\/\/www.obudainyar.hu\/2023\/csillaghegy-a-mi-kis-falunk-nyarzaro-fesztival-a-matyas-kiraly-uton\/\" >\n\t\t\t\tCsillaghegy a mi kis falunk &#8211; Ny\u00e1rz\u00e1r\u00f3 fesztiv\u00e1l a M\u00e1ty\u00e1s kir\u00e1ly \u00faton\t\t\t<\/a>\n\t\t<\/h3>\n\t\t\t\t<div class=\"elementor-post__excerpt\">\n\t\t\t<p>Tavaly \u00f3ri\u00e1si sikerrel deb\u00fct\u00e1lt fesztiv\u00e1lunk id\u00e9n m\u00e9g gazdagabb, sz\u00ednesebb programcsokorral jelentkezik, a M\u00e1ty\u00e1s kir\u00e1ly \u00fatra l\u00e1togat\u00f3knak eg\u00e9sz napra fantasztikus \u00e9lm\u00e9nyeket k\u00edn\u00e1lunk.  Szeretettel v\u00e1rjuk vend\u00e9geinket! <\/p>\n\t\t<\/div>\n\t\t\t\t<\/div>\n\t\t\t\t\t<\/div>\n\t\t<\/article>\n\t\t\t\t<article class=\"elementor-post elementor-grid-item post-4466 post type-post status-publish format-standard has-post-thumbnail hentry category-obudai-nyar-hirek-2022 tag-budapest-ragtime-band tag-hekas-bekas tag-janicsak-veca tag-kefir tag-kolompos tag-kozmix tag-obudai-nyar-2023\">\n\t\t\t<div class=\"elementor-post__card\">\n\t\t\t\t<a class=\"elementor-post__thumbnail__link\" href=\"https:\/\/www.obudainyar.hu\/2023\/hekas-bekas-a-szunido-utolso-hetvegejet-fergeteges-bulival-zartuk\/\" tabindex=\"-1\" ><div class=\"elementor-post__thumbnail\"><img loading=\"lazy\" decoding=\"async\" width=\"768\" height=\"511\" src=\"https:\/\/www.obudainyar.hu\/2023\/wp-content\/uploads\/2023\/09\/kozmixangyal-768x511.jpg\" class=\"attachment-medium_large size-medium_large wp-image-4493\" alt=\"\" srcset=\"https:\/\/www.obudainyar.hu\/2023\/wp-content\/uploads\/2023\/09\/kozmixangyal-768x511.jpg 768w, https:\/\/www.obudainyar.hu\/2023\/wp-content\/uploads\/2023\/09\/kozmixangyal-300x200.jpg 300w, https:\/\/www.obudainyar.hu\/2023\/wp-content\/uploads\/2023\/09\/kozmixangyal-1024x682.jpg 1024w, https:\/\/www.obudainyar.hu\/2023\/wp-content\/uploads\/2023\/09\/kozmixangyal-1536x1022.jpg 1536w, https:\/\/www.obudainyar.hu\/2023\/wp-content\/uploads\/2023\/09\/kozmixangyal.jpg 2048w\" sizes=\"(max-width: 768px) 100vw, 768px\" \/><\/div><\/a>\n\t\t\t\t<div class=\"elementor-post__text\">\n\t\t\t\t<h3 class=\"elementor-post__title\">\n\t\t\t<a href=\"https:\/\/www.obudainyar.hu\/2023\/hekas-bekas-a-szunido-utolso-hetvegejet-fergeteges-bulival-zartuk\/\" >\n\t\t\t\tH\u00e9k\u00e1s B\u00e9k\u00e1s &#8211; A sz\u00fcnid\u0151 utols\u00f3 h\u00e9tv\u00e9g\u00e9j\u00e9t fergeteges bulival z\u00e1rtuk!\t\t\t<\/a>\n\t\t<\/h3>\n\t\t\t\t<div class=\"elementor-post__excerpt\">\n\t\t\t<p>Szombaton eg\u00e9sz nap remek volt a hangulat B\u00e9k\u00e1son. A H\u00e9k\u00e1s B\u00e9k\u00e1s Csal\u00e1di Nap sz\u00ednes programjai \u00e9s attrakci\u00f3i k\u00f6z\u00f6tt mindenki megtal\u00e1lhatta a neki legkedvesebbet. <\/p>\n\t\t<\/div>\n\t\t\t\t<\/div>\n\t\t\t\t\t<\/div>\n\t\t<\/article>\n\t\t\t\t<article class=\"elementor-post elementor-grid-item post-4448 post type-post status-publish format-standard has-post-thumbnail hentry category-obudai-nyar-hirek-2022 tag-film tag-obudai-nyar-2023 tag-piknik-mozi tag-szabadter tag-vetites\">\n\t\t\t<div class=\"elementor-post__card\">\n\t\t\t\t<a class=\"elementor-post__thumbnail__link\" href=\"https:\/\/www.obudainyar.hu\/2023\/ezen-a-nyaron-minden-hetvegen-piknik-moziztunk\/\" tabindex=\"-1\" ><div class=\"elementor-post__thumbnail\"><img loading=\"lazy\" decoding=\"async\" width=\"768\" height=\"576\" src=\"https:\/\/www.obudainyar.hu\/2023\/wp-content\/uploads\/2023\/08\/dirty-dancing-768x576.jpg\" class=\"attachment-medium_large size-medium_large wp-image-4456\" alt=\"\" srcset=\"https:\/\/www.obudainyar.hu\/2023\/wp-content\/uploads\/2023\/08\/dirty-dancing-768x576.jpg 768w, https:\/\/www.obudainyar.hu\/2023\/wp-content\/uploads\/2023\/08\/dirty-dancing-300x225.jpg 300w, https:\/\/www.obudainyar.hu\/2023\/wp-content\/uploads\/2023\/08\/dirty-dancing-1024x768.jpg 1024w, https:\/\/www.obudainyar.hu\/2023\/wp-content\/uploads\/2023\/08\/dirty-dancing-1536x1152.jpg 1536w, https:\/\/www.obudainyar.hu\/2023\/wp-content\/uploads\/2023\/08\/dirty-dancing.jpg 2048w\" sizes=\"(max-width: 768px) 100vw, 768px\" \/><\/div><\/a>\n\t\t\t\t<div class=\"elementor-post__text\">\n\t\t\t\t<h3 class=\"elementor-post__title\">\n\t\t\t<a href=\"https:\/\/www.obudainyar.hu\/2023\/ezen-a-nyaron-minden-hetvegen-piknik-moziztunk\/\" >\n\t\t\t\tEzen a ny\u00e1ron minden h\u00e9tv\u00e9g\u00e9n PikNik moziztunk\t\t\t<\/a>\n\t\t<\/h3>\n\t\t\t\t<div class=\"elementor-post__excerpt\">\n\t\t\t<p>Ny\u00e1ri este a csillagok alatt \u00e9s egy j\u00f3 film. A szabadt\u00e9ri programok egyik legkedveltebbik\u00e9t id\u00e9n t\u00edz alkalommal hoztuk el \u00d6n\u00f6knek. <\/p>\n\t\t<\/div>\n\t\t\t\t<\/div>\n\t\t\t\t\t<\/div>\n\t\t<\/article>\n\t\t\t\t<article class=\"elementor-post elementor-grid-item post-4409 post type-post status-publish format-standard has-post-thumbnail hentry category-obudai-nyar-hirek-2022 tag-budapest-ragtime-band tag-csalad tag-gyerekprogram tag-hekas-bekas tag-janicsak-veca tag-kefir tag-kolompos-egyuttes tag-kozmix tag-obudai-nyar-2023\">\n\t\t\t<div class=\"elementor-post__card\">\n\t\t\t\t<a class=\"elementor-post__thumbnail__link\" href=\"https:\/\/www.obudainyar.hu\/2023\/a-csobanka-teren-folytatodik-az-obudai-nyar\/\" tabindex=\"-1\" ><div class=\"elementor-post__thumbnail\"><img loading=\"lazy\" decoding=\"async\" width=\"768\" height=\"432\" src=\"https:\/\/www.obudainyar.hu\/2023\/wp-content\/uploads\/2023\/08\/ONY23_hero-hekas2-768x432.png\" class=\"attachment-medium_large size-medium_large wp-image-4421\" alt=\"\" srcset=\"https:\/\/www.obudainyar.hu\/2023\/wp-content\/uploads\/2023\/08\/ONY23_hero-hekas2-768x432.png 768w, https:\/\/www.obudainyar.hu\/2023\/wp-content\/uploads\/2023\/08\/ONY23_hero-hekas2-300x169.png 300w, https:\/\/www.obudainyar.hu\/2023\/wp-content\/uploads\/2023\/08\/ONY23_hero-hekas2-1024x576.png 1024w, https:\/\/www.obudainyar.hu\/2023\/wp-content\/uploads\/2023\/08\/ONY23_hero-hekas2-1536x864.png 1536w, https:\/\/www.obudainyar.hu\/2023\/wp-content\/uploads\/2023\/08\/ONY23_hero-hekas2.png 1600w\" sizes=\"(max-width: 768px) 100vw, 768px\" \/><\/div><\/a>\n\t\t\t\t<div class=\"elementor-post__text\">\n\t\t\t\t<h3 class=\"elementor-post__title\">\n\t\t\t<a href=\"https:\/\/www.obudainyar.hu\/2023\/a-csobanka-teren-folytatodik-az-obudai-nyar\/\" >\n\t\t\t\tA Csob\u00e1nka t\u00e9ren folytat\u00f3dik az \u00d3budai Ny\u00e1r\t\t\t<\/a>\n\t\t<\/h3>\n\t\t\t\t<div class=\"elementor-post__excerpt\">\n\t\t\t<p>Egy h\u00f3nap m\u00falva a Csob\u00e1nka t\u00e9r lesz az \u00d3budai Ny\u00e1r k\u00f6zpontja! A H\u00e9k\u00e1s B\u00e9k\u00e1s Csal\u00e1di Nap id\u00e9n is remek sz\u00f3rakoz\u00e1st \u00edg\u00e9r, gyerekprogramokkal, szuper koncertekkel, szt\u00e1rfell\u00e9p\u0151kkel.<\/p>\n\t\t<\/div>\n\t\t\t\t<\/div>\n\t\t\t\t\t<\/div>\n\t\t<\/article>\n\t\t\t\t<article class=\"elementor-post elementor-grid-item post-4386 post type-post status-publish format-standard has-post-thumbnail hentry category-obudai-nyar-hirek-2022 tag-csgo tag-fifa tag-forma1 tag-gamerland tag-i-obudai-esport-bajnoksag\">\n\t\t\t<div class=\"elementor-post__card\">\n\t\t\t\t<a class=\"elementor-post__thumbnail__link\" href=\"https:\/\/www.obudainyar.hu\/2023\/i-obudai-esport-bajnoksag-nyilt-nap-a-gamerlandben\/\" tabindex=\"-1\" ><div class=\"elementor-post__thumbnail\"><img loading=\"lazy\" decoding=\"async\" width=\"768\" height=\"422\" src=\"https:\/\/www.obudainyar.hu\/2023\/wp-content\/uploads\/2023\/07\/IMG_9254-768x422.jpg\" class=\"attachment-medium_large size-medium_large wp-image-4388\" alt=\"\" srcset=\"https:\/\/www.obudainyar.hu\/2023\/wp-content\/uploads\/2023\/07\/IMG_9254-768x422.jpg 768w, https:\/\/www.obudainyar.hu\/2023\/wp-content\/uploads\/2023\/07\/IMG_9254-300x165.jpg 300w, https:\/\/www.obudainyar.hu\/2023\/wp-content\/uploads\/2023\/07\/IMG_9254-1024x563.jpg 1024w, https:\/\/www.obudainyar.hu\/2023\/wp-content\/uploads\/2023\/07\/IMG_9254-1536x844.jpg 1536w, https:\/\/www.obudainyar.hu\/2023\/wp-content\/uploads\/2023\/07\/IMG_9254.jpg 1880w\" sizes=\"(max-width: 768px) 100vw, 768px\" \/><\/div><\/a>\n\t\t\t\t<div class=\"elementor-post__text\">\n\t\t\t\t<h3 class=\"elementor-post__title\">\n\t\t\t<a href=\"https:\/\/www.obudainyar.hu\/2023\/i-obudai-esport-bajnoksag-nyilt-nap-a-gamerlandben\/\" >\n\t\t\t\tI. \u00d3budai Esport Bajnoks\u00e1g &#8211; Ny\u00edlt nap a Gamerlandben\t\t\t<\/a>\n\t\t<\/h3>\n\t\t\t\t<div class=\"elementor-post__excerpt\">\n\t\t\t<p>El\u00e9rkezett az I. \u00d3budai Esport Bajnoks\u00e1g d\u00f6nt\u0151je, amelyre nem csak a j\u00e1t\u00e9kosokat \u00e9s az esportok szerelmeseit v\u00e1rjuk. <\/p>\n\t\t<\/div>\n\t\t\t\t<\/div>\n\t\t\t\t\t<\/div>\n\t\t<\/article>\n\t\t\t\t<\/div>\n\t\t\n\t\t\t\t<\/div>\n\t\t\t\t<\/div>\n\t\t\t\t<div class=\"elementor-element elementor-element-b686abf elementor-align-center elementor-widget elementor-widget-button\" data-id=\"b686abf\" data-element_type=\"widget\" data-widget_type=\"button.default\">\n\t\t\t\t<div class=\"elementor-widget-container\">\n\t\t\t\t\t<div class=\"elementor-button-wrapper\">\n\t\t\t<a class=\"elementor-button elementor-button-link elementor-size-lg\" href=\"https:\/\/www.obudainyar.hu\/2023\/obudai-nyar-2022-hirek\/\">\n\t\t\t\t\t\t<span class=\"elementor-button-content-wrapper\">\n\t\t\t\t\t\t\t\t\t<span class=\"elementor-button-text\">Tov\u00e1bbi h\u00edrek<\/span>\n\t\t\t\t\t<\/span>\n\t\t\t\t\t<\/a>\n\t\t<\/div>\n\t\t\t\t<\/div>\n\t\t\t\t<\/div>\n\t\t\t\t\t<\/div>\n\t\t<\/div>\n\t\t\t\t\t<\/div>\n\t\t<\/section>\n\t\t\t\t<section class=\"elementor-section elementor-top-section elementor-element elementor-element-7e754ae elementor-hidden-desktop elementor-hidden-tablet elementor-hidden-mobile elementor-section-boxed elementor-section-height-default elementor-section-height-default\" data-id=\"7e754ae\" data-element_type=\"section\" data-settings=\"{&quot;background_background&quot;:&quot;classic&quot;}\">\n\t\t\t\t\t\t<div class=\"elementor-container elementor-column-gap-default\">\n\t\t\t\t\t<div class=\"elementor-column elementor-col-100 elementor-top-column elementor-element elementor-element-fd2d94e\" data-id=\"fd2d94e\" data-element_type=\"column\">\n\t\t\t<div class=\"elementor-widget-wrap elementor-element-populated\">\n\t\t\t\t\t\t<div class=\"elementor-element elementor-element-1127453 elementor-widget elementor-widget-heading\" data-id=\"1127453\" data-element_type=\"widget\" data-widget_type=\"heading.default\">\n\t\t\t\t<div class=\"elementor-widget-container\">\n\t\t\t<h2 class=\"elementor-heading-title elementor-size-default\">Progrmaok<\/h2>\t\t<\/div>\n\t\t\t\t<\/div>\n\t\t\t\t<div class=\"elementor-element elementor-element-846a279 elementor-grid-3 elementor-grid-tablet-2 elementor-grid-mobile-1 elementor-posts--thumbnail-top elementor-posts__hover-gradient elementor-widget elementor-widget-posts\" data-id=\"846a279\" data-element_type=\"widget\" data-settings=\"{&quot;cards_columns&quot;:&quot;3&quot;,&quot;cards_columns_tablet&quot;:&quot;2&quot;,&quot;cards_columns_mobile&quot;:&quot;1&quot;,&quot;cards_row_gap&quot;:{&quot;unit&quot;:&quot;px&quot;,&quot;size&quot;:35,&quot;sizes&quot;:[]},&quot;cards_row_gap_tablet&quot;:{&quot;unit&quot;:&quot;px&quot;,&quot;size&quot;:&quot;&quot;,&quot;sizes&quot;:[]},&quot;cards_row_gap_mobile&quot;:{&quot;unit&quot;:&quot;px&quot;,&quot;size&quot;:&quot;&quot;,&quot;sizes&quot;:[]}}\" data-widget_type=\"posts.cards\">\n\t\t\t\t<div class=\"elementor-widget-container\">\n\t\t\t\t\t<div class=\"elementor-posts-container elementor-posts elementor-posts--skin-cards elementor-grid\">\n\t\t\t\t<article class=\"elementor-post elementor-grid-item post-4440 tribe_events type-tribe_events status-publish has-post-thumbnail hentry tag-obudai-nyar-2023 tag-sunny-side-up tribe_events_cat-csillaghegy-a-mi-kis-falunk cat_csillaghegy-a-mi-kis-falunk\">\n\t\t\t<div class=\"elementor-post__card\">\n\t\t\t\t<a class=\"elementor-post__thumbnail__link\" href=\"https:\/\/www.obudainyar.hu\/2023\/esemeny\/sunny-side-up-zenekar\/\" tabindex=\"-1\" ><div class=\"elementor-post__thumbnail\"><img loading=\"lazy\" decoding=\"async\" width=\"300\" height=\"169\" src=\"https:\/\/www.obudainyar.hu\/2023\/wp-content\/uploads\/2023\/05\/ONY23_hero2-01-300x169.jpg\" class=\"attachment-medium size-medium wp-image-3473\" alt=\"\" srcset=\"https:\/\/www.obudainyar.hu\/2023\/wp-content\/uploads\/2023\/05\/ONY23_hero2-01-300x169.jpg 300w, https:\/\/www.obudainyar.hu\/2023\/wp-content\/uploads\/2023\/05\/ONY23_hero2-01-1024x576.jpg 1024w, https:\/\/www.obudainyar.hu\/2023\/wp-content\/uploads\/2023\/05\/ONY23_hero2-01-768x432.jpg 768w, https:\/\/www.obudainyar.hu\/2023\/wp-content\/uploads\/2023\/05\/ONY23_hero2-01-1536x864.jpg 1536w, https:\/\/www.obudainyar.hu\/2023\/wp-content\/uploads\/2023\/05\/ONY23_hero2-01-2048x1152.jpg 2048w\" sizes=\"(max-width: 300px) 100vw, 300px\" \/><\/div><\/a>\n\t\t\t\t<div class=\"elementor-post__text\">\n\t\t\t\t<h3 class=\"elementor-post__title\">\n\t\t\t<a href=\"https:\/\/www.obudainyar.hu\/2023\/esemeny\/sunny-side-up-zenekar\/\" >\n\t\t\t\tSunnySideUp Zenekar\t\t\t<\/a>\n\t\t<\/h3>\n\t\t\t\t<div class=\"elementor-post__excerpt\">\n\t\t\t\t\t<\/div>\n\t\t\t\t<\/div>\n\t\t\t\t\t<\/div>\n\t\t<\/article>\n\t\t\t\t<article class=\"elementor-post elementor-grid-item post-4352 tribe_events type-tribe_events status-publish has-post-thumbnail hentry tag-kocsmaseta tag-obudai-muzeum tag-obudai-nyar-2023 tag-varosi-seta\">\n\t\t\t<div class=\"elementor-post__card\">\n\t\t\t\t<a class=\"elementor-post__thumbnail__link\" href=\"https:\/\/www.obudainyar.hu\/2023\/esemeny\/isten-veletek-ti-boldog-vendelinek-kocsmaseta\/\" tabindex=\"-1\" ><div class=\"elementor-post__thumbnail\"><img loading=\"lazy\" decoding=\"async\" width=\"300\" height=\"218\" src=\"https:\/\/www.obudainyar.hu\/2023\/wp-content\/uploads\/2023\/07\/kocsmaseta-300x218.jpg\" class=\"attachment-medium size-medium wp-image-4350\" alt=\"\" srcset=\"https:\/\/www.obudainyar.hu\/2023\/wp-content\/uploads\/2023\/07\/kocsmaseta-300x218.jpg 300w, https:\/\/www.obudainyar.hu\/2023\/wp-content\/uploads\/2023\/07\/kocsmaseta-1024x745.jpg 1024w, https:\/\/www.obudainyar.hu\/2023\/wp-content\/uploads\/2023\/07\/kocsmaseta-768x559.jpg 768w, https:\/\/www.obudainyar.hu\/2023\/wp-content\/uploads\/2023\/07\/kocsmaseta.jpg 1252w\" sizes=\"(max-width: 300px) 100vw, 300px\" \/><\/div><\/a>\n\t\t\t\t<div class=\"elementor-post__text\">\n\t\t\t\t<h3 class=\"elementor-post__title\">\n\t\t\t<a href=\"https:\/\/www.obudainyar.hu\/2023\/esemeny\/isten-veletek-ti-boldog-vendelinek-kocsmaseta\/\" >\n\t\t\t\t\u201eIsten veletek, ti boldog Vendelinek!\u201d \u2013 Kocsmas\u00e9ta\t\t\t<\/a>\n\t\t<\/h3>\n\t\t\t\t<div class=\"elementor-post__excerpt\">\n\t\t\t<p>Kisp\u00e9nteken, m\u00e1r a h\u00e9tv\u00e9g\u00e9re k\u00e9sz\u00fcl\u0151dve, elmer\u00fcl\u00fcnk az \u00f3budai kiskocsm\u00e1k, vend\u00e9gl\u0151k, k\u00e1v\u00e9h\u00e1zak vil\u00e1g\u00e1ban.<\/p>\n\t\t<\/div>\n\t\t\t\t<\/div>\n\t\t\t\t\t<\/div>\n\t\t<\/article>\n\t\t\t\t<article class=\"elementor-post elementor-grid-item post-4346 tribe_events type-tribe_events status-publish has-post-thumbnail hentry tag-ipartortenet tag-obudai-muzeum tag-obudai-nyar-2023 tag-varosi-seta\">\n\t\t\t<div class=\"elementor-post__card\">\n\t\t\t\t<a class=\"elementor-post__thumbnail__link\" href=\"https:\/\/www.obudainyar.hu\/2023\/esemeny\/muhely-uzem-gyar-ii-ipartorteneti-barangolas-obudan\/\" tabindex=\"-1\" ><div class=\"elementor-post__thumbnail\"><img loading=\"lazy\" decoding=\"async\" width=\"300\" height=\"199\" src=\"https:\/\/www.obudainyar.hu\/2023\/wp-content\/uploads\/2023\/07\/DSC_4302-kicsi-300x199.jpg\" class=\"attachment-medium size-medium wp-image-4349\" alt=\"\" srcset=\"https:\/\/www.obudainyar.hu\/2023\/wp-content\/uploads\/2023\/07\/DSC_4302-kicsi-300x199.jpg 300w, https:\/\/www.obudainyar.hu\/2023\/wp-content\/uploads\/2023\/07\/DSC_4302-kicsi-1024x680.jpg 1024w, https:\/\/www.obudainyar.hu\/2023\/wp-content\/uploads\/2023\/07\/DSC_4302-kicsi-768x510.jpg 768w, https:\/\/www.obudainyar.hu\/2023\/wp-content\/uploads\/2023\/07\/DSC_4302-kicsi.jpg 1287w\" sizes=\"(max-width: 300px) 100vw, 300px\" \/><\/div><\/a>\n\t\t\t\t<div class=\"elementor-post__text\">\n\t\t\t\t<h3 class=\"elementor-post__title\">\n\t\t\t<a href=\"https:\/\/www.obudainyar.hu\/2023\/esemeny\/muhely-uzem-gyar-ii-ipartorteneti-barangolas-obudan\/\" >\n\t\t\t\tM\u0171hely, \u00fczem, gy\u00e1r II. \u2013 Ipart\u00f6rt\u00e9neti barangol\u00e1s \u00d3bud\u00e1n\t\t\t<\/a>\n\t\t<\/h3>\n\t\t\t\t<div class=\"elementor-post__excerpt\">\n\t\t\t<p>Folytat\u00f3dik a n\u00e9pszer\u0171 ipart\u00f6rt\u00e9neti barangol\u00e1s, ez\u00fattal \u201ea m\u00e1sik oldalon\u201d. <\/p>\n\t\t<\/div>\n\t\t\t\t<\/div>\n\t\t\t\t\t<\/div>\n\t\t<\/article>\n\t\t\t\t<\/div>\n\t\t\n\t\t\t\t<\/div>\n\t\t\t\t<\/div>\n\t\t\t\t<div class=\"elementor-element elementor-element-d9eaadc elementor-align-center elementor-widget elementor-widget-button\" data-id=\"d9eaadc\" data-element_type=\"widget\" data-widget_type=\"button.default\">\n\t\t\t\t<div class=\"elementor-widget-container\">\n\t\t\t\t\t<div class=\"elementor-button-wrapper\">\n\t\t\t<a class=\"elementor-button elementor-button-link elementor-size-lg\" href=\"https:\/\/www.obudainyar.hu\/2023\/programok\/\">\n\t\t\t\t\t\t<span class=\"elementor-button-content-wrapper\">\n\t\t\t\t\t\t\t\t\t<span class=\"elementor-button-text\">Tov\u00e1bbi programok<\/span>\n\t\t\t\t\t<\/span>\n\t\t\t\t\t<\/a>\n\t\t<\/div>\n\t\t\t\t<\/div>\n\t\t\t\t<\/div>\n\t\t\t\t\t<\/div>\n\t\t<\/div>\n\t\t\t\t\t<\/div>\n\t\t<\/section>\n\t\t\t\t<\/div>\n\t\t","protected":false},"excerpt":{"rendered":"<p>\u00dcnnepelj\u00fck egy\u00fctt a nyarat! J\u00fanius 23-t\u00f3l szeptember 16-ig szt\u00e1rfell\u00e9p\u0151kkel, szuper koncertekkel, izgalmas filmekkel, k\u00e9zm\u0171ves s\u00f6rfesztiv\u00e1llal, csal\u00e1di \u00e9s gyerekprogramokkal \u00e9s egyed\u00fcl\u00e1ll\u00f3 strand-\u00e9lm\u00e9nyekkel v\u00e1rjuk \u00d6n\u00f6ket az \u00d3budai Ny\u00e1r rendezv\u00e9nyein. Szeretettel v\u00e1rjuk \u00d6n\u00f6ket, [&hellip;]<\/p>\n","protected":false},"author":1,"featured_media":0,"parent":0,"menu_order":0,"comment_status":"closed","ping_status":"closed","template":"elementor_header_footer","meta":{"footnotes":""},"yoast_head":"<!-- This site is optimized with the Yoast SEO plugin v17.5 - https:\/\/yoast.com\/wordpress\/plugins\/seo\/ -->\n<title>Kezd\u0151lap - \u00d3budai Ny\u00e1r 2023 | obuda.hu<\/title>\n<meta name=\"robots\" content=\"index, follow, max-snippet:-1, max-image-preview:large, max-video-preview:-1\" \/>\n<link rel=\"canonical\" href=\"https:\/\/www.obudainyar.hu\/2023\/\" \/>\n<meta property=\"og:locale\" content=\"hu_HU\" \/>\n<meta property=\"og:type\" content=\"article\" \/>\n<meta property=\"og:title\" content=\"Kezd\u0151lap - \u00d3budai Ny\u00e1r 2023 | obuda.hu\" \/>\n<meta property=\"og:description\" content=\"\u00dcnnepelj\u00fck egy\u00fctt a nyarat! J\u00fanius 23-t\u00f3l szeptember 16-ig szt\u00e1rfell\u00e9p\u0151kkel, szuper koncertekkel, izgalmas filmekkel, k\u00e9zm\u0171ves s\u00f6rfesztiv\u00e1llal, csal\u00e1di \u00e9s gyerekprogramokkal \u00e9s egyed\u00fcl\u00e1ll\u00f3 strand-\u00e9lm\u00e9nyekkel v\u00e1rjuk \u00d6n\u00f6ket az \u00d3budai Ny\u00e1r rendezv\u00e9nyein. Szeretettel v\u00e1rjuk \u00d6n\u00f6ket, [&hellip;]\" \/>\n<meta property=\"og:url\" content=\"https:\/\/www.obudainyar.hu\/2023\/\" \/>\n<meta property=\"og:site_name\" content=\"\u00d3budai Ny\u00e1r 2023 | obuda.hu\" \/>\n<meta property=\"article:modified_time\" content=\"2023-06-29T13:54:38+00:00\" \/>\n<meta property=\"og:image\" content=\"https:\/\/www.obudainyar.hu\/2023\/wp-content\/uploads\/2023\/05\/ONY23_hero2-01-scaled.jpg\" \/>\n\t<meta property=\"og:image:width\" content=\"2560\" \/>\n\t<meta property=\"og:image:height\" content=\"1440\" \/>\n<meta name=\"twitter:card\" content=\"summary_large_image\" \/>\n<meta name=\"twitter:label1\" content=\"Becs\u00fclt olvas\u00e1si id\u0151\" \/>\n\t<meta name=\"twitter:data1\" content=\"4 perc\" \/>\n<script type=\"application\/ld+json\" class=\"yoast-schema-graph\">{\"@context\":\"https:\/\/schema.org\",\"@graph\":[{\"@type\":\"WebSite\",\"@id\":\"https:\/\/www.obudainyar.hu\/2023\/#website\",\"url\":\"https:\/\/www.obudainyar.hu\/2023\/\",\"name\":\"\\u00d3budai Ny\\u00e1r 2023 | obuda.hu\",\"description\":\"\",\"potentialAction\":[{\"@type\":\"SearchAction\",\"target\":{\"@type\":\"EntryPoint\",\"urlTemplate\":\"https:\/\/www.obudainyar.hu\/2023\/?s={search_term_string}\"},\"query-input\":\"required name=search_term_string\"}],\"inLanguage\":\"hu\"},{\"@type\":\"ImageObject\",\"@id\":\"https:\/\/www.obudainyar.hu\/2023\/#primaryimage\",\"inLanguage\":\"hu\",\"url\":\"https:\/\/www.obudainyar.hu\/2023\/wp-content\/uploads\/2023\/05\/ONY23_hero2-01-scaled.jpg\",\"contentUrl\":\"https:\/\/www.obudainyar.hu\/2023\/wp-content\/uploads\/2023\/05\/ONY23_hero2-01-scaled.jpg\",\"width\":2560,\"height\":1440},{\"@type\":\"WebPage\",\"@id\":\"https:\/\/www.obudainyar.hu\/2023\/#webpage\",\"url\":\"https:\/\/www.obudainyar.hu\/2023\/\",\"name\":\"Kezd\\u0151lap - \\u00d3budai Ny\\u00e1r 2023 | obuda.hu\",\"isPartOf\":{\"@id\":\"https:\/\/www.obudainyar.hu\/2023\/#website\"},\"primaryImageOfPage\":{\"@id\":\"https:\/\/www.obudainyar.hu\/2023\/#primaryimage\"},\"datePublished\":\"2021-11-12T10:52:02+00:00\",\"dateModified\":\"2023-06-29T13:54:38+00:00\",\"breadcrumb\":{\"@id\":\"https:\/\/www.obudainyar.hu\/2023\/#breadcrumb\"},\"inLanguage\":\"hu\",\"potentialAction\":[{\"@type\":\"ReadAction\",\"target\":[\"https:\/\/www.obudainyar.hu\/2023\/\"]}]},{\"@type\":\"BreadcrumbList\",\"@id\":\"https:\/\/www.obudainyar.hu\/2023\/#breadcrumb\",\"itemListElement\":[{\"@type\":\"ListItem\",\"position\":1,\"name\":\"Kezd\\u0151lap\",\"item\":\"https:\/\/www.obudainyar.hu\/2023\/\"},{\"@type\":\"ListItem\",\"position\":2,\"name\":\"Kezd\\u0151lap\"}]}]}<\/script>\n<!-- \/ Yoast SEO plugin. -->","yoast_head_json":{"title":"Kezd\u0151lap - \u00d3budai Ny\u00e1r 2023 | obuda.hu","robots":{"index":"index","follow":"follow","max-snippet":"max-snippet:-1","max-image-preview":"max-image-preview:large","max-video-preview":"max-video-preview:-1"},"canonical":"https:\/\/www.obudainyar.hu\/2023\/","og_locale":"hu_HU","og_type":"article","og_title":"Kezd\u0151lap - \u00d3budai Ny\u00e1r 2023 | obuda.hu","og_description":"\u00dcnnepelj\u00fck egy\u00fctt a nyarat! J\u00fanius 23-t\u00f3l szeptember 16-ig szt\u00e1rfell\u00e9p\u0151kkel, szuper koncertekkel, izgalmas filmekkel, k\u00e9zm\u0171ves s\u00f6rfesztiv\u00e1llal, csal\u00e1di \u00e9s gyerekprogramokkal \u00e9s egyed\u00fcl\u00e1ll\u00f3 strand-\u00e9lm\u00e9nyekkel v\u00e1rjuk \u00d6n\u00f6ket az \u00d3budai Ny\u00e1r rendezv\u00e9nyein. Szeretettel v\u00e1rjuk \u00d6n\u00f6ket, [&hellip;]","og_url":"https:\/\/www.obudainyar.hu\/2023\/","og_site_name":"\u00d3budai Ny\u00e1r 2023 | obuda.hu","article_modified_time":"2023-06-29T13:54:38+00:00","og_image":[{"width":2560,"height":1440,"url":"https:\/\/www.obudainyar.hu\/2023\/wp-content\/uploads\/2023\/05\/ONY23_hero2-01-scaled.jpg","type":"image\/jpeg"}],"twitter_card":"summary_large_image","twitter_misc":{"Becs\u00fclt olvas\u00e1si id\u0151":"4 perc"},"schema":{"@context":"https:\/\/schema.org","@graph":[{"@type":"WebSite","@id":"https:\/\/www.obudainyar.hu\/2023\/#website","url":"https:\/\/www.obudainyar.hu\/2023\/","name":"\u00d3budai Ny\u00e1r 2023 | obuda.hu","description":"","potentialAction":[{"@type":"SearchAction","target":{"@type":"EntryPoint","urlTemplate":"https:\/\/www.obudainyar.hu\/2023\/?s={search_term_string}"},"query-input":"required name=search_term_string"}],"inLanguage":"hu"},{"@type":"ImageObject","@id":"https:\/\/www.obudainyar.hu\/2023\/#primaryimage","inLanguage":"hu","url":"https:\/\/www.obudainyar.hu\/2023\/wp-content\/uploads\/2023\/05\/ONY23_hero2-01-scaled.jpg","contentUrl":"https:\/\/www.obudainyar.hu\/2023\/wp-content\/uploads\/2023\/05\/ONY23_hero2-01-scaled.jpg","width":2560,"height":1440},{"@type":"WebPage","@id":"https:\/\/www.obudainyar.hu\/2023\/#webpage","url":"https:\/\/www.obudainyar.hu\/2023\/","name":"Kezd\u0151lap - \u00d3budai Ny\u00e1r 2023 | obuda.hu","isPartOf":{"@id":"https:\/\/www.obudainyar.hu\/2023\/#website"},"primaryImageOfPage":{"@id":"https:\/\/www.obudainyar.hu\/2023\/#primaryimage"},"datePublished":"2021-11-12T10:52:02+00:00","dateModified":"2023-06-29T13:54:38+00:00","breadcrumb":{"@id":"https:\/\/www.obudainyar.hu\/2023\/#breadcrumb"},"inLanguage":"hu","potentialAction":[{"@type":"ReadAction","target":["https:\/\/www.obudainyar.hu\/2023\/"]}]},{"@type":"BreadcrumbList","@id":"https:\/\/www.obudainyar.hu\/2023\/#breadcrumb","itemListElement":[{"@type":"ListItem","position":1,"name":"Kezd\u0151lap","item":"https:\/\/www.obudainyar.hu\/2023\/"},{"@type":"ListItem","position":2,"name":"Kezd\u0151lap"}]}]}},"_links":{"self":[{"href":"https:\/\/www.obudainyar.hu\/2023\/wp-json\/wp\/v2\/pages\/287"}],"collection":[{"href":"https:\/\/www.obudainyar.hu\/2023\/wp-json\/wp\/v2\/pages"}],"about":[{"href":"https:\/\/www.obudainyar.hu\/2023\/wp-json\/wp\/v2\/types\/page"}],"author":[{"embeddable":true,"href":"https:\/\/www.obudainyar.hu\/2023\/wp-json\/wp\/v2\/users\/1"}],"replies":[{"embeddable":true,"href":"https:\/\/www.obudainyar.hu\/2023\/wp-json\/wp\/v2\/comments?post=287"}],"version-history":[{"count":117,"href":"https:\/\/www.obudainyar.hu\/2023\/wp-json\/wp\/v2\/pages\/287\/revisions"}],"predecessor-version":[{"id":4171,"href":"https:\/\/www.obudainyar.hu\/2023\/wp-json\/wp\/v2\/pages\/287\/revisions\/4171"}],"wp:attachment":[{"href":"https:\/\/www.obudainyar.hu\/2023\/wp-json\/wp\/v2\/media?parent=287"}],"curies":[{"name":"wp","href":"https:\/\/api.w.org\/{rel}","templated":true}]}}